{"id":1451,"date":"2015-04-14T16:05:39","date_gmt":"2015-04-14T16:05:39","guid":{"rendered":"https:\/\/femivoz.es\/metodo-astudillo-feminizacion-voz\/?lang=fr"},"modified":"2026-08-15T15:58:14","modified_gmt":"2026-08-15T15:58:14","slug":"methode-astudillo-feminisation-de-la-voix","status":"publish","type":"page","link":"https:\/\/femivoz.es\/fr\/methode-astudillo-feminisation-de-la-voix\/","title":{"rendered":"La M\u00e9thode Astudillo"},"content":{"rendered":"\t\t<div data-elementor-type=\"wp-page\" data-elementor-id=\"1451\" class=\"elementor elementor-1451 elementor-44\" data-elementor-settings=\"{&quot;ha_cmc_init_switcher&quot;:&quot;no&quot;}\" data-elementor-post-type=\"page\">\n\t\t\t\t\t\t<section class=\"elementor-section elementor-top-section elementor-element elementor-element-ff9a606 elementor-section-height-min-height elementor-section-boxed elementor-section-height-default elementor-section-items-middle\" data-id=\"ff9a606\" data-element_type=\"section\" data-e-type=\"section\" data-settings=\"{&quot;jet_parallax_layout_list&quot;:[{&quot;jet_parallax_layout_image&quot;:{&quot;url&quot;:&quot;&quot;,&quot;id&quot;:&quot;&quot;,&quot;size&quot;:&quot;&quot;},&quot;_id&quot;:&quot;7873f9a&quot;,&quot;jet_parallax_layout_image_tablet&quot;:{&quot;url&quot;:&quot;&quot;,&quot;id&quot;:&quot;&quot;,&quot;size&quot;:&quot;&quot;},&quot;jet_parallax_layout_image_mobile&quot;:{&quot;url&quot;:&quot;&quot;,&quot;id&quot;:&quot;&quot;,&quot;size&quot;:&quot;&quot;},&quot;jet_parallax_layout_speed&quot;:{&quot;unit&quot;:&quot;%&quot;,&quot;size&quot;:50,&quot;sizes&quot;:[]},&quot;jet_parallax_layout_type&quot;:&quot;scroll&quot;,&quot;jet_parallax_layout_direction&quot;:&quot;1&quot;,&quot;jet_parallax_layout_fx_direction&quot;:null,&quot;jet_parallax_layout_z_index&quot;:&quot;&quot;,&quot;jet_parallax_layout_bg_x&quot;:50,&quot;jet_parallax_layout_bg_x_tablet&quot;:&quot;&quot;,&quot;jet_parallax_layout_bg_x_mobile&quot;:&quot;&quot;,&quot;jet_parallax_layout_bg_y&quot;:50,&quot;jet_parallax_layout_bg_y_tablet&quot;:&quot;&quot;,&quot;jet_parallax_layout_bg_y_mobile&quot;:&quot;&quot;,&quot;jet_parallax_layout_bg_size&quot;:&quot;auto&quot;,&quot;jet_parallax_layout_bg_size_tablet&quot;:&quot;&quot;,&quot;jet_parallax_layout_bg_size_mobile&quot;:&quot;&quot;,&quot;jet_parallax_layout_animation_prop&quot;:&quot;transform&quot;,&quot;jet_parallax_layout_on&quot;:[&quot;desktop&quot;,&quot;tablet&quot;]}],&quot;background_background&quot;:&quot;classic&quot;,&quot;_ha_eqh_enable&quot;:false}\">\n\t\t\t\t\t\t<div class=\"elementor-container elementor-column-gap-default\">\n\t\t\t\t\t<div class=\"elementor-column elementor-col-100 elementor-top-column elementor-element elementor-element-61d7a04\" data-id=\"61d7a04\" data-element_type=\"column\" data-e-type=\"column\">\n\t\t\t<div class=\"elementor-widget-wrap elementor-element-populated\">\n\t\t\t\t\t\t<div class=\"elementor-element elementor-element-6d8ff6f elementor-widget elementor-widget-heading\" data-id=\"6d8ff6f\" data-element_type=\"widget\" data-e-type=\"widget\" data-widget_type=\"heading.default\">\n\t\t\t\t\t<h2 class=\"elementor-heading-title elementor-size-default\">La M\u00e9thode Astudillo<\/h2>\t\t\t\t<\/div>\n\t\t\t\t<div class=\"elementor-element elementor-element-f2b7f84 elementor-widget elementor-widget-text-editor\" data-id=\"f2b7f84\" data-element_type=\"widget\" data-e-type=\"widget\" data-widget_type=\"text-editor.default\">\n\t\t\t\t\t\t\t\t\t<p>20 ans au service de la voix, de l\u2019identit\u00e9 et de l\u2019humain.<\/p>\t\t\t\t\t\t\t\t<\/div>\n\t\t\t\t\t<\/div>\n\t\t<\/div>\n\t\t\t\t\t<\/div>\n\t\t<\/section>\n\t\t<div class=\"elementor-element elementor-element-b0f581c e-flex e-con-boxed e-con e-parent\" data-id=\"b0f581c\" data-element_type=\"container\" data-e-type=\"container\" data-settings=\"{&quot;jet_parallax_layout_list&quot;:[],&quot;_ha_eqh_enable&quot;:false}\">\n\t\t\t\t\t<div class=\"e-con-inner\">\n\t\t<div class=\"elementor-element elementor-element-b7c0083 e-con-full e-flex e-con e-child\" data-id=\"b7c0083\" data-element_type=\"container\" data-e-type=\"container\" data-settings=\"{&quot;jet_parallax_layout_list&quot;:[],&quot;_ha_eqh_enable&quot;:false}\">\n\t\t\t\t<div class=\"elementor-element elementor-element-a24c8b1 elementor-widget elementor-widget-heading\" data-id=\"a24c8b1\" data-element_type=\"widget\" data-e-type=\"widget\" data-widget_type=\"heading.default\">\n\t\t\t\t\t<h2 class=\"elementor-heading-title elementor-size-default\">UNE M\u00c9THODE <strong>HUMAINE<\/strong> POUR TOUTES LES IDENTIT\u00c9S \ud83c\udff3\ufe0f\u200d\ud83c\udf08<\/h2>\t\t\t\t<\/div>\n\t\t\t\t<div class=\"elementor-element elementor-element-e51e228 elementor-widget elementor-widget-text-editor\" data-id=\"e51e228\" data-element_type=\"widget\" data-e-type=\"widget\" data-widget_type=\"text-editor.default\">\n\t\t\t\t\t\t\t\t\t<p>La M\u00e9thode Astudillo a \u00e9t\u00e9 cr\u00e9\u00e9e en 2005 par Mariela Astudillo, vocal trainer et vocologiste dipl\u00f4m\u00e9e en logop\u00e9die, \u00e0 partir de son travail de fin d\u2019\u00e9tudes intitul\u00e9 <em>\u00ab La f\u00e9minisation de la voix de la patiente transsexuelle \u00bb<\/em>, pr\u00e9sent\u00e9 en 2006 \u00e0 la Haute \u00c9cole de la Ville de Li\u00e8ge (Belgique).<\/p><p>D\u00e8s l\u2019origine, l\u2019objectif n\u2019\u00e9tait pas seulement de d\u00e9velopper une s\u00e9rie d\u2019exercices, mais de construire une <strong>m\u00e9thodologie efficace, progressive et adaptable<\/strong>, capable d\u2019\u00e9voluer avec les identit\u00e9s et les besoins propres \u00e0 chaque personne.<\/p><p>Au cours de plus de 20 ann\u00e9es, la m\u00e9thode a \u00e9t\u00e9 continuellement perfectionn\u00e9e gr\u00e2ce \u00e0 l\u2019int\u00e9gration de nouvelles approches, \u00e0 l\u2019affinement des exercices et \u00e0 l\u2019\u00e9largissement de son champ d\u2019application, tout en pla\u00e7ant toujours l\u2019\u00eatre humain au c\u0153ur du processus.<\/p>\t\t\t\t\t\t\t\t<\/div>\n\t\t\t\t<div class=\"elementor-element elementor-element-c970a4d elementor-widget elementor-widget-text-editor\" data-id=\"c970a4d\" data-element_type=\"widget\" data-e-type=\"widget\" data-widget_type=\"text-editor.default\">\n\t\t\t\t\t\t\t\t\t<p style=\"text-align: center;\">\u00ab La <strong>voix<\/strong> est une fen\u00eatre ouverte sur <span style=\"color: #f70a75;\"><strong>la plus haute expression de l\u2019\u00eatre humain<\/strong><\/span>, et la M\u00e9thode Astudillo, <strong>la main bienveillante<\/strong> qui aide \u00e0 franchir ce seuil. \u00bb<\/p>\t\t\t\t\t\t\t\t<\/div>\n\t\t\t\t<div class=\"elementor-element elementor-element-1fae19d elementor-widget elementor-widget-text-editor\" data-id=\"1fae19d\" data-element_type=\"widget\" data-e-type=\"widget\" data-widget_type=\"text-editor.default\">\n\t\t\t\t\t\t\t\t\t<p style=\"text-align: right;\"><strong>MARIELA ASTUDILLO \u00b7 <\/strong>Vocologiste<\/p>\t\t\t\t\t\t\t\t<\/div>\n\t\t\t\t<\/div>\n\t\t<div class=\"elementor-element elementor-element-afa7dae e-con-full e-flex e-con e-child\" data-id=\"afa7dae\" data-element_type=\"container\" data-e-type=\"container\" data-settings=\"{&quot;jet_parallax_layout_list&quot;:[],&quot;_ha_eqh_enable&quot;:false}\">\n\t\t<div class=\"elementor-element elementor-element-bf4849a e-con-full e-flex e-con e-child\" data-id=\"bf4849a\" data-element_type=\"container\" data-e-type=\"container\" data-settings=\"{&quot;jet_parallax_layout_list&quot;:[],&quot;_ha_eqh_enable&quot;:false}\">\n\t\t\t\t<div class=\"elementor-element elementor-element-a123fa7 elementor-widget elementor-widget-image\" data-id=\"a123fa7\" data-element_type=\"widget\" data-e-type=\"widget\" data-widget_type=\"image.default\">\n\t\t\t\t\t\t\t\t\t\t\t\t\t\t\t<img fetchpriority=\"high\" decoding=\"async\" width=\"682\" height=\"796\" src=\"https:\/\/femivoz.es\/wp-content\/uploads\/2021\/06\/2a9bb7b4-199b-479e-bcd9-23d48418e520-2.jpg\" class=\"attachment-large size-large wp-image-19498\" alt=\"Mariela Astudillo voz transg\u00e9nero\" srcset=\"https:\/\/femivoz.es\/wp-content\/uploads\/2021\/06\/2a9bb7b4-199b-479e-bcd9-23d48418e520-2.jpg 682w, https:\/\/femivoz.es\/wp-content\/uploads\/2021\/06\/2a9bb7b4-199b-479e-bcd9-23d48418e520-2-510x595.jpg 510w, https:\/\/femivoz.es\/wp-content\/uploads\/2021\/06\/2a9bb7b4-199b-479e-bcd9-23d48418e520-2-257x300.jpg 257w, https:\/\/femivoz.es\/wp-content\/uploads\/2021\/06\/2a9bb7b4-199b-479e-bcd9-23d48418e520-2-480x560.jpg 480w\" sizes=\"(max-width: 682px) 100vw, 682px\" \/>\t\t\t\t\t\t\t\t\t\t\t\t\t\t\t<\/div>\n\t\t\t\t<\/div>\n\t\t\t\t<\/div>\n\t\t\t\t\t<\/div>\n\t\t\t\t<\/div>\n\t\t<div class=\"elementor-element elementor-element-2316d47 e-flex e-con-boxed e-con e-parent\" data-id=\"2316d47\" data-element_type=\"container\" data-e-type=\"container\" data-settings=\"{&quot;jet_parallax_layout_list&quot;:[],&quot;_ha_eqh_enable&quot;:false}\">\n\t\t\t\t\t<div class=\"e-con-inner\">\n\t\t<div class=\"elementor-element elementor-element-96babbe e-con-full e-flex e-con e-child\" data-id=\"96babbe\" data-element_type=\"container\" data-e-type=\"container\" data-settings=\"{&quot;jet_parallax_layout_list&quot;:[],&quot;_ha_eqh_enable&quot;:false}\">\n\t\t\t\t<div class=\"elementor-element elementor-element-c91b918 elementor-widget elementor-widget-heading\" data-id=\"c91b918\" data-element_type=\"widget\" data-e-type=\"widget\" data-widget_type=\"heading.default\">\n\t\t\t\t\t<h2 class=\"elementor-heading-title elementor-size-default\">LA VOIX COMME <strong>EXPRESSION DE L\u2019IDENTIT\u00c9<\/strong> \ud83c\udff3\ufe0f\u200d\ud83c\udf08<\/h2>\t\t\t\t<\/div>\n\t\t\t\t<div class=\"elementor-element elementor-element-248d29f elementor-widget elementor-widget-text-editor\" data-id=\"248d29f\" data-element_type=\"widget\" data-e-type=\"widget\" data-widget_type=\"text-editor.default\">\n\t\t\t\t\t\t\t\t\t<p>La M\u00e9thode Astudillo consid\u00e8re la voix comme un \u00e9l\u00e9ment central de l\u2019identit\u00e9.<\/p> <p>\ud83d\udfea Il ne s\u2019agit pas seulement de modifier un son, mais de d\u00e9velopper un mode d\u2019expression coh\u00e9rent, stable et authentique.<\/p> <p>Son objectif est clair :<br \/><strong>apporter \u00e9quilibre, coh\u00e9rence et bien-\u00eatre sur les plans vocal, expressif et communicationnel.<\/strong><\/p>\t\t\t\t\t\t\t\t<\/div>\n\t\t\t\t<\/div>\n\t\t<div class=\"elementor-element elementor-element-3c340a3 e-con-full e-flex e-con e-child\" data-id=\"3c340a3\" data-element_type=\"container\" data-e-type=\"container\" data-settings=\"{&quot;background_background&quot;:&quot;classic&quot;,&quot;jet_parallax_layout_list&quot;:[],&quot;_ha_eqh_enable&quot;:false}\">\n\t\t\t\t<div class=\"elementor-element elementor-element-10c95be elementor-widget elementor-widget-heading\" data-id=\"10c95be\" data-element_type=\"widget\" data-e-type=\"widget\" data-widget_type=\"heading.default\">\n\t\t\t\t\t<h2 class=\"elementor-heading-title elementor-size-default\">UNE ALTERNATIVE <strong>NON CHIRURGICALE<\/strong><\/h2>\t\t\t\t<\/div>\n\t\t\t\t<div class=\"elementor-element elementor-element-cef9a4a elementor-widget elementor-widget-text-editor\" data-id=\"cef9a4a\" data-element_type=\"widget\" data-e-type=\"widget\" data-widget_type=\"text-editor.default\">\n\t\t\t\t\t\t\t\t\t<p>La M\u00e9thode Astudillo d\u00e9fend la possibilit\u00e9 de f\u00e9miniser la voix sans recourir \u00e0 des techniques chirurgicales visant \u00e0 augmenter la hauteur vocale, telles que la glottoplastie.<\/p> <p>\ud83d\udfea Gr\u00e2ce \u00e0 un entra\u00eenement sp\u00e9cifique et progressif, il est possible de modifier naturellement la perception de la voix, dans le respect de la physiologie vocale et sans recourir \u00e0 des interventions invasives.<\/p>\t\t\t\t\t\t\t\t<\/div>\n\t\t\t\t<\/div>\n\t\t<div class=\"elementor-element elementor-element-a80beb7 e-con-full e-flex e-con e-child\" data-id=\"a80beb7\" data-element_type=\"container\" data-e-type=\"container\" data-settings=\"{&quot;jet_parallax_layout_list&quot;:[],&quot;_ha_eqh_enable&quot;:false}\">\n\t\t\t\t<div class=\"elementor-element elementor-element-0521872 elementor-widget elementor-widget-heading\" data-id=\"0521872\" data-element_type=\"widget\" data-e-type=\"widget\" data-widget_type=\"heading.default\">\n\t\t\t\t\t<h2 class=\"elementor-heading-title elementor-size-default\">UNE M\u00c9THODOLOGIE FOND\u00c9E SUR LA <strong>COH\u00c9RENCE<\/strong><\/h2>\t\t\t\t<\/div>\n\t\t\t\t<div class=\"elementor-element elementor-element-b94544b elementor-widget elementor-widget-text-editor\" data-id=\"b94544b\" data-element_type=\"widget\" data-e-type=\"widget\" data-widget_type=\"text-editor.default\">\n\t\t\t\t\t\t\t\t\t<p>La M\u00e9thode Astudillo repose sur la fusion et la coh\u00e9rence entre les \u00e9l\u00e9ments suivants :<\/p><ul><li>l\u2019<strong>identit\u00e9<\/strong><\/li><li>la <strong>dimension \u00e9motionnelle<\/strong><\/li><li>la <strong>personnalit\u00e9<\/strong><\/li><\/ul><p>\u00a0<\/p><p>\ud83d\udfea L\u2019objectif est d\u2019accompagner chaque personne dans le d\u00e9veloppement d\u2019une voix en accord avec son identit\u00e9, sa dimension \u00e9motionnelle et sa personnalit\u00e9, quel que soit son genre.<\/p><p>Contrairement aux approches exclusivement centr\u00e9es sur la hauteur vocale, <strong>la m\u00e9thode travaille la voix dans sa globalit\u00e9<\/strong>, en int\u00e9grant les diff\u00e9rents param\u00e8tres qui interviennent dans la perception de la voix.<\/p>\t\t\t\t\t\t\t\t<\/div>\n\t\t\t\t<\/div>\n\t\t\t\t\t<\/div>\n\t\t\t\t<\/div>\n\t\t\t\t<\/div>\n\t\t","protected":false},"excerpt":{"rendered":"<p>La M\u00e9thode Astudillo 20 ans au service de la voix, de l\u2019identit\u00e9 et de l\u2019humain. UNE M\u00c9THODE HUMAINE POUR TOUTES LES IDENTIT\u00c9S &#x1f3f3;&#xfe0f;&#x200d;&#x1f308; La M\u00e9thode Astudillo a \u00e9t\u00e9 cr\u00e9\u00e9e en 2005 par Mariela Astudillo, vocal trainer et vocologiste dipl\u00f4m\u00e9e en logop\u00e9die, \u00e0 partir de son travail de fin d\u2019\u00e9tudes intitul\u00e9 \u00ab La f\u00e9minisation de la [&hellip;]<\/p>\n","protected":false},"author":3,"featured_media":0,"parent":0,"menu_order":0,"comment_status":"open","ping_status":"closed","template":"elementor_header_footer","meta":{"_acf_changed":false,"footnotes":""},"class_list":["post-1451","page","type-page","status-publish","hentry"],"acf":[],"yoast_head":"<!-- This site is optimized with the Yoast SEO Premium plugin v19.6 (Yoast SEO v28.2) - https:\/\/yoast.com\/product\/yoast-seo-premium-wordpress\/ -->\n<title>M\u00e9thode Astudillo | F\u00e9minisation de la voix | FEMIVOZ<\/title>\n<meta name=\"description\" content=\"La M\u00e9thode Astudillo est sp\u00e9cialis\u00e9e dans le d\u00e9veloppement de la voix au niveau identitaire et \u00e9motionnel cr\u00e9\u00e9e par Mariela Astudillo. F\u00e9minisation de la voix.\" \/>\n<meta name=\"robots\" content=\"index, follow, max-snippet:-1, max-image-preview:large, max-video-preview:-1\" \/>\n<link rel=\"canonical\" href=\"https:\/\/femivoz.es\/fr\/methode-astudillo-feminisation-de-la-voix\/\" \/>\n<meta property=\"og:locale\" content=\"fr_FR\" \/>\n<meta property=\"og:type\" content=\"article\" \/>\n<meta property=\"og:title\" content=\"La M\u00e9thode Astudillo\" \/>\n<meta property=\"og:description\" content=\"La M\u00e9thode Astudillo est sp\u00e9cialis\u00e9e dans le d\u00e9veloppement de la voix au niveau identitaire et \u00e9motionnel cr\u00e9\u00e9e par Mariela Astudillo. F\u00e9minisation de la voix.\" \/>\n<meta property=\"og:url\" content=\"https:\/\/femivoz.es\/fr\/methode-astudillo-feminisation-de-la-voix\/\" \/>\n<meta property=\"og:site_name\" content=\"FEMIVOZ | Mariela Astudillo | Vocologiste &amp; Vocal Trainer\" \/>\n<meta property=\"article:publisher\" content=\"https:\/\/www.facebook.com\/femivoz\" \/>\n<meta property=\"article:modified_time\" content=\"2026-08-15T15:58:14+00:00\" \/>\n<meta property=\"og:image\" content=\"https:\/\/femivoz.es\/wp-content\/uploads\/2021\/06\/2a9bb7b4-199b-479e-bcd9-23d48418e520-2.jpg\" \/>\n\t<meta property=\"og:image:width\" content=\"682\" \/>\n\t<meta property=\"og:image:height\" content=\"796\" \/>\n\t<meta property=\"og:image:type\" content=\"image\/jpeg\" \/>\n<meta name=\"twitter:card\" content=\"summary_large_image\" \/>\n<meta name=\"twitter:site\" content=\"@femivoz\" \/>\n<meta name=\"twitter:label1\" content=\"Dur\u00e9e de lecture estim\u00e9e\" \/>\n\t<meta name=\"twitter:data1\" content=\"3 minutes\" \/>\n<script type=\"application\/ld+json\" class=\"yoast-schema-graph\">{\"@context\":\"https:\\\/\\\/schema.org\",\"@graph\":[{\"@type\":\"WebPage\",\"@id\":\"https:\\\/\\\/femivoz.es\\\/fr\\\/methode-astudillo-feminisation-de-la-voix\\\/\",\"url\":\"https:\\\/\\\/femivoz.es\\\/fr\\\/methode-astudillo-feminisation-de-la-voix\\\/\",\"name\":\"M\u00e9thode Astudillo | F\u00e9minisation de la voix | FEMIVOZ\",\"isPartOf\":{\"@id\":\"https:\\\/\\\/femivoz.es\\\/fr\\\/#website\"},\"primaryImageOfPage\":{\"@id\":\"https:\\\/\\\/femivoz.es\\\/fr\\\/methode-astudillo-feminisation-de-la-voix\\\/#primaryimage\"},\"image\":{\"@id\":\"https:\\\/\\\/femivoz.es\\\/fr\\\/methode-astudillo-feminisation-de-la-voix\\\/#primaryimage\"},\"thumbnailUrl\":\"https:\\\/\\\/femivoz.es\\\/wp-content\\\/uploads\\\/2021\\\/06\\\/2a9bb7b4-199b-479e-bcd9-23d48418e520-2.jpg\",\"datePublished\":\"2015-04-14T16:05:39+00:00\",\"dateModified\":\"2026-08-15T15:58:14+00:00\",\"description\":\"La M\u00e9thode Astudillo est sp\u00e9cialis\u00e9e dans le d\u00e9veloppement de la voix au niveau identitaire et \u00e9motionnel cr\u00e9\u00e9e par Mariela Astudillo. F\u00e9minisation de la voix.\",\"breadcrumb\":{\"@id\":\"https:\\\/\\\/femivoz.es\\\/fr\\\/methode-astudillo-feminisation-de-la-voix\\\/#breadcrumb\"},\"inLanguage\":\"fr-FR\",\"potentialAction\":[{\"@type\":\"ReadAction\",\"target\":[\"https:\\\/\\\/femivoz.es\\\/fr\\\/methode-astudillo-feminisation-de-la-voix\\\/\"]}]},{\"@type\":\"ImageObject\",\"inLanguage\":\"fr-FR\",\"@id\":\"https:\\\/\\\/femivoz.es\\\/fr\\\/methode-astudillo-feminisation-de-la-voix\\\/#primaryimage\",\"url\":\"https:\\\/\\\/femivoz.es\\\/wp-content\\\/uploads\\\/2021\\\/06\\\/2a9bb7b4-199b-479e-bcd9-23d48418e520-2.jpg\",\"contentUrl\":\"https:\\\/\\\/femivoz.es\\\/wp-content\\\/uploads\\\/2021\\\/06\\\/2a9bb7b4-199b-479e-bcd9-23d48418e520-2.jpg\"},{\"@type\":\"BreadcrumbList\",\"@id\":\"https:\\\/\\\/femivoz.es\\\/fr\\\/methode-astudillo-feminisation-de-la-voix\\\/#breadcrumb\",\"itemListElement\":[{\"@type\":\"ListItem\",\"position\":1,\"name\":\"Portada\",\"item\":\"https:\\\/\\\/femivoz.es\\\/fr\\\/\"},{\"@type\":\"ListItem\",\"position\":2,\"name\":\"La M\u00e9thode Astudillo\"}]},{\"@type\":\"WebSite\",\"@id\":\"https:\\\/\\\/femivoz.es\\\/fr\\\/#website\",\"url\":\"https:\\\/\\\/femivoz.es\\\/fr\\\/\",\"name\":\"FEMIVOZ | Mariela Astudillo | Vocologiste &amp; Vocal Trainer\",\"description\":\"F\u00e9minisation de la voix et autres entra\u00eenements vocaux LGBTQIA+\",\"publisher\":{\"@id\":\"https:\\\/\\\/femivoz.es\\\/fr\\\/#organization\"},\"potentialAction\":[{\"@type\":\"SearchAction\",\"target\":{\"@type\":\"EntryPoint\",\"urlTemplate\":\"https:\\\/\\\/femivoz.es\\\/fr\\\/?s={search_term_string}\"},\"query-input\":{\"@type\":\"PropertyValueSpecification\",\"valueRequired\":true,\"valueName\":\"search_term_string\"}}],\"inLanguage\":\"fr-FR\"},{\"@type\":\"Organization\",\"@id\":\"https:\\\/\\\/femivoz.es\\\/fr\\\/#organization\",\"name\":\"FEMIVOZ\",\"url\":\"https:\\\/\\\/femivoz.es\\\/fr\\\/\",\"logo\":{\"@type\":\"ImageObject\",\"inLanguage\":\"fr-FR\",\"@id\":\"https:\\\/\\\/femivoz.es\\\/fr\\\/#\\\/schema\\\/logo\\\/image\\\/\",\"url\":\"https:\\\/\\\/femivoz.es\\\/wp-content\\\/uploads\\\/2018\\\/05\\\/Logo-femivoz-2018-HD-B.png\",\"contentUrl\":\"https:\\\/\\\/femivoz.es\\\/wp-content\\\/uploads\\\/2018\\\/05\\\/Logo-femivoz-2018-HD-B.png\",\"width\":2210,\"height\":658,\"caption\":\"FEMIVOZ\"},\"image\":{\"@id\":\"https:\\\/\\\/femivoz.es\\\/fr\\\/#\\\/schema\\\/logo\\\/image\\\/\"},\"sameAs\":[\"https:\\\/\\\/www.facebook.com\\\/femivoz\",\"https:\\\/\\\/x.com\\\/femivoz\",\"https:\\\/\\\/www.instagram.com\\\/femivoz\\\/\",\"https:\\\/\\\/www.linkedin.com\\\/in\\\/femivoz-mariela-astudillo-1401ab21a\\\/\",\"https:\\\/\\\/www.youtube.com\\\/channel\\\/UC33Zf-WKvD_Gd_tosA47SFw\"]}]}<\/script>\n<!-- \/ Yoast SEO Premium plugin. -->","yoast_head_json":{"title":"M\u00e9thode Astudillo | F\u00e9minisation de la voix | FEMIVOZ","description":"La M\u00e9thode Astudillo est sp\u00e9cialis\u00e9e dans le d\u00e9veloppement de la voix au niveau identitaire et \u00e9motionnel cr\u00e9\u00e9e par Mariela Astudillo. F\u00e9minisation de la voix.","robots":{"index":"index","follow":"follow","max-snippet":"max-snippet:-1","max-image-preview":"max-image-preview:large","max-video-preview":"max-video-preview:-1"},"canonical":"https:\/\/femivoz.es\/fr\/methode-astudillo-feminisation-de-la-voix\/","og_locale":"fr_FR","og_type":"article","og_title":"La M\u00e9thode Astudillo","og_description":"La M\u00e9thode Astudillo est sp\u00e9cialis\u00e9e dans le d\u00e9veloppement de la voix au niveau identitaire et \u00e9motionnel cr\u00e9\u00e9e par Mariela Astudillo. F\u00e9minisation de la voix.","og_url":"https:\/\/femivoz.es\/fr\/methode-astudillo-feminisation-de-la-voix\/","og_site_name":"FEMIVOZ | Mariela Astudillo | Vocologiste &amp; Vocal Trainer","article_publisher":"https:\/\/www.facebook.com\/femivoz","article_modified_time":"2026-08-15T15:58:14+00:00","og_image":[{"width":682,"height":796,"url":"https:\/\/femivoz.es\/wp-content\/uploads\/2021\/06\/2a9bb7b4-199b-479e-bcd9-23d48418e520-2.jpg","type":"image\/jpeg"}],"twitter_card":"summary_large_image","twitter_site":"@femivoz","twitter_misc":{"Dur\u00e9e de lecture estim\u00e9e":"3 minutes"},"schema":{"@context":"https:\/\/schema.org","@graph":[{"@type":"WebPage","@id":"https:\/\/femivoz.es\/fr\/methode-astudillo-feminisation-de-la-voix\/","url":"https:\/\/femivoz.es\/fr\/methode-astudillo-feminisation-de-la-voix\/","name":"M\u00e9thode Astudillo | F\u00e9minisation de la voix | FEMIVOZ","isPartOf":{"@id":"https:\/\/femivoz.es\/fr\/#website"},"primaryImageOfPage":{"@id":"https:\/\/femivoz.es\/fr\/methode-astudillo-feminisation-de-la-voix\/#primaryimage"},"image":{"@id":"https:\/\/femivoz.es\/fr\/methode-astudillo-feminisation-de-la-voix\/#primaryimage"},"thumbnailUrl":"https:\/\/femivoz.es\/wp-content\/uploads\/2021\/06\/2a9bb7b4-199b-479e-bcd9-23d48418e520-2.jpg","datePublished":"2015-04-14T16:05:39+00:00","dateModified":"2026-08-15T15:58:14+00:00","description":"La M\u00e9thode Astudillo est sp\u00e9cialis\u00e9e dans le d\u00e9veloppement de la voix au niveau identitaire et \u00e9motionnel cr\u00e9\u00e9e par Mariela Astudillo. F\u00e9minisation de la voix.","breadcrumb":{"@id":"https:\/\/femivoz.es\/fr\/methode-astudillo-feminisation-de-la-voix\/#breadcrumb"},"inLanguage":"fr-FR","potentialAction":[{"@type":"ReadAction","target":["https:\/\/femivoz.es\/fr\/methode-astudillo-feminisation-de-la-voix\/"]}]},{"@type":"ImageObject","inLanguage":"fr-FR","@id":"https:\/\/femivoz.es\/fr\/methode-astudillo-feminisation-de-la-voix\/#primaryimage","url":"https:\/\/femivoz.es\/wp-content\/uploads\/2021\/06\/2a9bb7b4-199b-479e-bcd9-23d48418e520-2.jpg","contentUrl":"https:\/\/femivoz.es\/wp-content\/uploads\/2021\/06\/2a9bb7b4-199b-479e-bcd9-23d48418e520-2.jpg"},{"@type":"BreadcrumbList","@id":"https:\/\/femivoz.es\/fr\/methode-astudillo-feminisation-de-la-voix\/#breadcrumb","itemListElement":[{"@type":"ListItem","position":1,"name":"Portada","item":"https:\/\/femivoz.es\/fr\/"},{"@type":"ListItem","position":2,"name":"La M\u00e9thode Astudillo"}]},{"@type":"WebSite","@id":"https:\/\/femivoz.es\/fr\/#website","url":"https:\/\/femivoz.es\/fr\/","name":"FEMIVOZ | Mariela Astudillo | Vocologiste &amp; Vocal Trainer","description":"F\u00e9minisation de la voix et autres entra\u00eenements vocaux LGBTQIA+","publisher":{"@id":"https:\/\/femivoz.es\/fr\/#organization"},"potentialAction":[{"@type":"SearchAction","target":{"@type":"EntryPoint","urlTemplate":"https:\/\/femivoz.es\/fr\/?s={search_term_string}"},"query-input":{"@type":"PropertyValueSpecification","valueRequired":true,"valueName":"search_term_string"}}],"inLanguage":"fr-FR"},{"@type":"Organization","@id":"https:\/\/femivoz.es\/fr\/#organization","name":"FEMIVOZ","url":"https:\/\/femivoz.es\/fr\/","logo":{"@type":"ImageObject","inLanguage":"fr-FR","@id":"https:\/\/femivoz.es\/fr\/#\/schema\/logo\/image\/","url":"https:\/\/femivoz.es\/wp-content\/uploads\/2018\/05\/Logo-femivoz-2018-HD-B.png","contentUrl":"https:\/\/femivoz.es\/wp-content\/uploads\/2018\/05\/Logo-femivoz-2018-HD-B.png","width":2210,"height":658,"caption":"FEMIVOZ"},"image":{"@id":"https:\/\/femivoz.es\/fr\/#\/schema\/logo\/image\/"},"sameAs":["https:\/\/www.facebook.com\/femivoz","https:\/\/x.com\/femivoz","https:\/\/www.instagram.com\/femivoz\/","https:\/\/www.linkedin.com\/in\/femivoz-mariela-astudillo-1401ab21a\/","https:\/\/www.youtube.com\/channel\/UC33Zf-WKvD_Gd_tosA47SFw"]}]}},"_links":{"self":[{"href":"https:\/\/femivoz.es\/fr\/wp-json\/wp\/v2\/pages\/1451","targetHints":{"allow":["GET"]}}],"collection":[{"href":"https:\/\/femivoz.es\/fr\/wp-json\/wp\/v2\/pages"}],"about":[{"href":"https:\/\/femivoz.es\/fr\/wp-json\/wp\/v2\/types\/page"}],"author":[{"embeddable":true,"href":"https:\/\/femivoz.es\/fr\/wp-json\/wp\/v2\/users\/3"}],"replies":[{"embeddable":true,"href":"https:\/\/femivoz.es\/fr\/wp-json\/wp\/v2\/comments?post=1451"}],"version-history":[{"count":12,"href":"https:\/\/femivoz.es\/fr\/wp-json\/wp\/v2\/pages\/1451\/revisions"}],"predecessor-version":[{"id":62290,"href":"https:\/\/femivoz.es\/fr\/wp-json\/wp\/v2\/pages\/1451\/revisions\/62290"}],"wp:attachment":[{"href":"https:\/\/femivoz.es\/fr\/wp-json\/wp\/v2\/media?parent=1451"}],"curies":[{"name":"wp","href":"https:\/\/api.w.org\/{rel}","templated":true}]}}