{"id":4071,"date":"2018-09-17T14:02:59","date_gmt":"2018-09-17T14:02:59","guid":{"rendered":"https:\/\/femivoz.es\/formaciones\/"},"modified":"2026-04-13T13:12:25","modified_gmt":"2026-04-13T13:12:25","slug":"masterclass-feminisation-de-la-voix","status":"publish","type":"page","link":"https:\/\/femivoz.es\/fr\/masterclass-feminisation-de-la-voix\/","title":{"rendered":"Masterclass F\u00e9minisation de la voix"},"content":{"rendered":"\t\t<div data-elementor-type=\"wp-page\" data-elementor-id=\"4071\" class=\"elementor elementor-4071 elementor-4047\" data-elementor-settings=\"{&quot;ha_cmc_init_switcher&quot;:&quot;no&quot;}\" data-elementor-post-type=\"page\">\n\t\t\t\t\t\t<section class=\"elementor-section elementor-top-section elementor-element elementor-element-923ebf2 elementor-section-height-min-height elementor-section-boxed elementor-section-height-default elementor-section-items-middle\" data-id=\"923ebf2\" data-element_type=\"section\" data-settings=\"{&quot;jet_parallax_layout_list&quot;:[{&quot;jet_parallax_layout_image&quot;:{&quot;url&quot;:&quot;&quot;,&quot;id&quot;:&quot;&quot;,&quot;size&quot;:&quot;&quot;},&quot;_id&quot;:&quot;8aecfe9&quot;,&quot;jet_parallax_layout_image_tablet&quot;:{&quot;url&quot;:&quot;&quot;,&quot;id&quot;:&quot;&quot;,&quot;size&quot;:&quot;&quot;},&quot;jet_parallax_layout_image_mobile&quot;:{&quot;url&quot;:&quot;&quot;,&quot;id&quot;:&quot;&quot;,&quot;size&quot;:&quot;&quot;},&quot;jet_parallax_layout_speed&quot;:{&quot;unit&quot;:&quot;%&quot;,&quot;size&quot;:50,&quot;sizes&quot;:[]},&quot;jet_parallax_layout_type&quot;:&quot;scroll&quot;,&quot;jet_parallax_layout_direction&quot;:&quot;1&quot;,&quot;jet_parallax_layout_fx_direction&quot;:null,&quot;jet_parallax_layout_z_index&quot;:&quot;&quot;,&quot;jet_parallax_layout_bg_x&quot;:50,&quot;jet_parallax_layout_bg_x_tablet&quot;:&quot;&quot;,&quot;jet_parallax_layout_bg_x_mobile&quot;:&quot;&quot;,&quot;jet_parallax_layout_bg_y&quot;:50,&quot;jet_parallax_layout_bg_y_tablet&quot;:&quot;&quot;,&quot;jet_parallax_layout_bg_y_mobile&quot;:&quot;&quot;,&quot;jet_parallax_layout_bg_size&quot;:&quot;auto&quot;,&quot;jet_parallax_layout_bg_size_tablet&quot;:&quot;&quot;,&quot;jet_parallax_layout_bg_size_mobile&quot;:&quot;&quot;,&quot;jet_parallax_layout_animation_prop&quot;:&quot;transform&quot;,&quot;jet_parallax_layout_on&quot;:[&quot;desktop&quot;,&quot;tablet&quot;]}],&quot;background_background&quot;:&quot;classic&quot;,&quot;_ha_eqh_enable&quot;:false}\">\n\t\t\t\t\t\t<div class=\"elementor-container elementor-column-gap-default\">\n\t\t\t\t\t<div class=\"elementor-column elementor-col-100 elementor-top-column elementor-element elementor-element-34a7394\" data-id=\"34a7394\" data-element_type=\"column\">\n\t\t\t<div class=\"elementor-widget-wrap elementor-element-populated\">\n\t\t\t\t\t\t<div class=\"elementor-element elementor-element-35421b2 elementor-widget elementor-widget-heading\" data-id=\"35421b2\" data-element_type=\"widget\" data-widget_type=\"heading.default\">\n\t\t\t\t\t<h2 class=\"elementor-heading-title elementor-size-default\">MASTER CLASS<\/h2>\t\t\t\t<\/div>\n\t\t\t\t<div class=\"elementor-element elementor-element-ff3a1df elementor-widget elementor-widget-heading\" data-id=\"ff3a1df\" data-element_type=\"widget\" data-widget_type=\"heading.default\">\n\t\t\t\t\t<h2 class=\"elementor-heading-title elementor-size-default\">F\u00c9MINISATION DE LA VOIX<\/h2>\t\t\t\t<\/div>\n\t\t\t\t<div class=\"elementor-element elementor-element-74bee77 elementor-widget elementor-widget-heading\" data-id=\"74bee77\" data-element_type=\"widget\" data-widget_type=\"heading.default\">\n\t\t\t\t\t<h2 class=\"elementor-heading-title elementor-size-default\">Formation individuelle en ligne avec Mariela Astudillo, Logop\u00e8de et Vocologiste LGBTQIA+ <\/h2>\t\t\t\t<\/div>\n\t\t\t\t\t<\/div>\n\t\t<\/div>\n\t\t\t\t\t<\/div>\n\t\t<\/section>\n\t\t\t\t<section class=\"elementor-section elementor-top-section elementor-element elementor-element-3ee8777 elementor-section-boxed elementor-section-height-default elementor-section-height-default\" data-id=\"3ee8777\" data-element_type=\"section\" data-settings=\"{&quot;jet_parallax_layout_list&quot;:[{&quot;jet_parallax_layout_image&quot;:{&quot;url&quot;:&quot;&quot;,&quot;id&quot;:&quot;&quot;,&quot;size&quot;:&quot;&quot;},&quot;_id&quot;:&quot;e9b5057&quot;,&quot;jet_parallax_layout_image_tablet&quot;:{&quot;url&quot;:&quot;&quot;,&quot;id&quot;:&quot;&quot;,&quot;size&quot;:&quot;&quot;},&quot;jet_parallax_layout_image_mobile&quot;:{&quot;url&quot;:&quot;&quot;,&quot;id&quot;:&quot;&quot;,&quot;size&quot;:&quot;&quot;},&quot;jet_parallax_layout_speed&quot;:{&quot;unit&quot;:&quot;%&quot;,&quot;size&quot;:50,&quot;sizes&quot;:[]},&quot;jet_parallax_layout_type&quot;:&quot;scroll&quot;,&quot;jet_parallax_layout_direction&quot;:&quot;1&quot;,&quot;jet_parallax_layout_fx_direction&quot;:null,&quot;jet_parallax_layout_z_index&quot;:&quot;&quot;,&quot;jet_parallax_layout_bg_x&quot;:50,&quot;jet_parallax_layout_bg_x_tablet&quot;:&quot;&quot;,&quot;jet_parallax_layout_bg_x_mobile&quot;:&quot;&quot;,&quot;jet_parallax_layout_bg_y&quot;:50,&quot;jet_parallax_layout_bg_y_tablet&quot;:&quot;&quot;,&quot;jet_parallax_layout_bg_y_mobile&quot;:&quot;&quot;,&quot;jet_parallax_layout_bg_size&quot;:&quot;auto&quot;,&quot;jet_parallax_layout_bg_size_tablet&quot;:&quot;&quot;,&quot;jet_parallax_layout_bg_size_mobile&quot;:&quot;&quot;,&quot;jet_parallax_layout_animation_prop&quot;:&quot;transform&quot;,&quot;jet_parallax_layout_on&quot;:[&quot;desktop&quot;,&quot;tablet&quot;]}],&quot;_ha_eqh_enable&quot;:false}\">\n\t\t\t\t\t\t<div class=\"elementor-container elementor-column-gap-wider\">\n\t\t\t\t\t<div class=\"elementor-column elementor-col-33 elementor-top-column elementor-element elementor-element-6ff8343\" data-id=\"6ff8343\" data-element_type=\"column\">\n\t\t\t<div class=\"elementor-widget-wrap elementor-element-populated\">\n\t\t\t\t\t\t<div class=\"elementor-element elementor-element-8d3a47d elementor-grid-1 elementor-grid-mobile-1 elementor-grid-tablet-3 elementor-products-grid elementor-wc-products elementor-widget elementor-widget-woocommerce-products\" data-id=\"8d3a47d\" data-element_type=\"widget\" data-widget_type=\"woocommerce-products.default\">\n\t\t\t\t<div class=\"elementor-widget-container\">\n\t\t\t\t\t<div class=\"woocommerce columns-1 \"><ul class=\"products elementor-grid columns-1\">\n<li class=\"product type-product post-39161 status-publish first instock product_cat-femivoz-academy-fr product_cat-master-class-fr product_tag-professeure-mariela-astudillo-fr has-post-thumbnail virtual purchasable product-type-simple\">\n\t<a href=\"https:\/\/femivoz.es\/fr\/producto\/master-class-la-feminisation-de-la-voix\/\" class=\"woocommerce-LoopProduct-link woocommerce-loop-product__link\"><img fetchpriority=\"high\" decoding=\"async\" width=\"400\" height=\"400\" src=\"https:\/\/femivoz.es\/wp-content\/uploads\/2022\/04\/46-400x400.png\" class=\"attachment-woocommerce_thumbnail size-woocommerce_thumbnail\" alt=\"Master Class f\u00e9minisation de la voix avec Mariela Astudillo\" srcset=\"https:\/\/femivoz.es\/wp-content\/uploads\/2022\/04\/46-400x400.png 400w, https:\/\/femivoz.es\/wp-content\/uploads\/2022\/04\/46-100x100.png 100w, https:\/\/femivoz.es\/wp-content\/uploads\/2022\/04\/46-300x300.png 300w, https:\/\/femivoz.es\/wp-content\/uploads\/2022\/04\/46-150x150.png 150w, https:\/\/femivoz.es\/wp-content\/uploads\/2022\/04\/46.png 500w\" sizes=\"(max-width: 400px) 100vw, 400px\" \/><h2 class=\"woocommerce-loop-product__title\">MASTER CLASS : LA F\u00c9MINISATION DE LA VOIX<\/h2>\n\t<span class=\"price\"><span class=\"woocommerce-Price-amount amount\"><bdi>550.00<span class=\"woocommerce-Price-currencySymbol\">&euro;<\/span><\/bdi><\/span><\/span>\n<\/a><a href=\"\/fr\/wp-json\/wp\/v2\/pages\/4071?add-to-cart=39161\" aria-describedby=\"woocommerce_loop_add_to_cart_link_describedby_39161\" data-quantity=\"1\" class=\"button product_type_simple add_to_cart_button ajax_add_to_cart\" data-product_id=\"39161\" data-product_sku=\"\" aria-label=\"Ajouter au panier\u00a0: &ldquo;MASTER CLASS : LA F\u00c9MINISATION DE LA VOIX&rdquo;\" rel=\"nofollow\" data-success_message=\"\u00ab\u00a0MASTER CLASS : LA F\u00c9MINISATION DE LA VOIX\u00a0\u00bb a \u00e9t\u00e9 ajout\u00e9 \u00e0 votre panier\" role=\"button\">Ajouter au panier<\/a>\t<span id=\"woocommerce_loop_add_to_cart_link_describedby_39161\" class=\"screen-reader-text\">\n\t\t\t<\/span>\n<\/li>\n<\/ul>\n<\/div>\t\t\t\t<\/div>\n\t\t\t\t<\/div>\n\t\t\t\t\t<\/div>\n\t\t<\/div>\n\t\t\t\t<div class=\"elementor-column elementor-col-66 elementor-top-column elementor-element elementor-element-42a0455\" data-id=\"42a0455\" data-element_type=\"column\">\n\t\t\t<div class=\"elementor-widget-wrap elementor-element-populated\">\n\t\t\t\t\t\t<div class=\"elementor-element elementor-element-66f0c0e elementor-widget elementor-widget-heading\" data-id=\"66f0c0e\" data-element_type=\"widget\" data-widget_type=\"heading.default\">\n\t\t\t\t\t<h2 class=\"elementor-heading-title elementor-size-default\">FORMEZ-VOUS AVEC MARIELA ASTUDILLO<\/h2>\t\t\t\t<\/div>\n\t\t\t\t<div class=\"elementor-element elementor-element-e20a01f elementor-widget elementor-widget-heading\" data-id=\"e20a01f\" data-element_type=\"widget\" data-widget_type=\"heading.default\">\n\t\t\t\t\t<h2 class=\"elementor-heading-title elementor-size-default\">5 heures de formation en ligne<\/h2>\t\t\t\t<\/div>\n\t\t\t\t<div class=\"elementor-element elementor-element-5fc5629 elementor-widget elementor-widget-heading\" data-id=\"5fc5629\" data-element_type=\"widget\" data-widget_type=\"heading.default\">\n\t\t\t\t\t<h2 class=\"elementor-heading-title elementor-size-default\">MASTER CLASS EXCLUSIVE<\/h2>\t\t\t\t<\/div>\n\t\t\t\t<div class=\"elementor-element elementor-element-ffebe2e elementor-widget elementor-widget-text-editor\" data-id=\"ffebe2e\" data-element_type=\"widget\" data-widget_type=\"text-editor.default\">\n\t\t\t\t\t\t\t\t\t<p>Formez-vous directement avec Mariela Astudillo, auteure de la <a href=\"https:\/\/femivoz.es\/fr\/methode-astudillo-feminisation-de-la-voix\/\"><strong>m\u00e9thode Astudillo<\/strong><\/a>, logop\u00e8de sp\u00e9cialis\u00e9e dans la f\u00e9minisation et l\u2019harmonisation de la voix et de la parole depuis 20 ans et vocologiste LGBTQIA+.<\/p><p>Il s\u2019agit d\u2019une <strong>formation compl\u00e8te individuelle de 5 heures en ligne par visioconf\u00e9rence<\/strong>\u00a0destin\u00e9e aux logop\u00e8des, orthophonistes et logop\u00e9distes, ainsi qu\u2019aux \u00e9tudiant.e.x.s. L\u2019objectif de cette formation est de former les professionnel.le.x.s de la voix dans l\u2019application de la m\u00e9thode Astudillo pour r\u00e9ussir \u00e0 obtenir des r\u00e9sultats en 10 s\u00e9ances avec des apprenti.e.x.s de toutes les identit\u00e9s et obtenir une harmonisation de la voix en coh\u00e9rence directe avec l\u2019identit\u00e9 et la personnalit\u00e9.<\/p><p>Le contenu de la formation inclut des notions importantes allant de l\u2019\u00e9tude des <strong>concepts fondamentaux li\u00e9s \u00e0 la transidentit\u00e9, le genre, le sexe, l\u2019identit\u00e9\u2026<\/strong>\u00a0\u00e0 l\u2019\u00e9tude de cas pratiques. Il s\u2019agit d\u2019une <strong>formation interactive<\/strong>. Le calendrier de formation sera d\u00e9termin\u00e9 en fonction des disponibilit\u00e9s des deux parties.<\/p><p><a href=\"https:\/\/femivoz.es\/fr\/conditions-generales\/\">Conditions g\u00e9n\u00e9rales de vente<\/a><\/p>\t\t\t\t\t\t\t\t<\/div>\n\t\t\t\t\t<\/div>\n\t\t<\/div>\n\t\t\t\t\t<\/div>\n\t\t<\/section>\n\t\t\t\t<section class=\"elementor-section elementor-top-section elementor-element elementor-element-2a3f65f elementor-section-boxed elementor-section-height-default elementor-section-height-default\" data-id=\"2a3f65f\" data-element_type=\"section\" data-settings=\"{&quot;jet_parallax_layout_list&quot;:[{&quot;jet_parallax_layout_image&quot;:{&quot;url&quot;:&quot;&quot;,&quot;id&quot;:&quot;&quot;,&quot;size&quot;:&quot;&quot;},&quot;_id&quot;:&quot;404d8ea&quot;,&quot;jet_parallax_layout_image_tablet&quot;:{&quot;url&quot;:&quot;&quot;,&quot;id&quot;:&quot;&quot;,&quot;size&quot;:&quot;&quot;},&quot;jet_parallax_layout_image_mobile&quot;:{&quot;url&quot;:&quot;&quot;,&quot;id&quot;:&quot;&quot;,&quot;size&quot;:&quot;&quot;},&quot;jet_parallax_layout_speed&quot;:{&quot;unit&quot;:&quot;%&quot;,&quot;size&quot;:50,&quot;sizes&quot;:[]},&quot;jet_parallax_layout_type&quot;:&quot;scroll&quot;,&quot;jet_parallax_layout_direction&quot;:&quot;1&quot;,&quot;jet_parallax_layout_fx_direction&quot;:null,&quot;jet_parallax_layout_z_index&quot;:&quot;&quot;,&quot;jet_parallax_layout_bg_x&quot;:50,&quot;jet_parallax_layout_bg_x_tablet&quot;:&quot;&quot;,&quot;jet_parallax_layout_bg_x_mobile&quot;:&quot;&quot;,&quot;jet_parallax_layout_bg_y&quot;:50,&quot;jet_parallax_layout_bg_y_tablet&quot;:&quot;&quot;,&quot;jet_parallax_layout_bg_y_mobile&quot;:&quot;&quot;,&quot;jet_parallax_layout_bg_size&quot;:&quot;auto&quot;,&quot;jet_parallax_layout_bg_size_tablet&quot;:&quot;&quot;,&quot;jet_parallax_layout_bg_size_mobile&quot;:&quot;&quot;,&quot;jet_parallax_layout_animation_prop&quot;:&quot;transform&quot;,&quot;jet_parallax_layout_on&quot;:[&quot;desktop&quot;,&quot;tablet&quot;]}],&quot;_ha_eqh_enable&quot;:false}\">\n\t\t\t\t\t\t<div class=\"elementor-container elementor-column-gap-wider\">\n\t\t\t\t\t<div class=\"elementor-column elementor-col-100 elementor-top-column elementor-element elementor-element-79eb498\" data-id=\"79eb498\" data-element_type=\"column\">\n\t\t\t<div class=\"elementor-widget-wrap elementor-element-populated\">\n\t\t\t\t\t\t<div class=\"elementor-element elementor-element-8088371 elementor-widget elementor-widget-heading\" data-id=\"8088371\" data-element_type=\"widget\" data-widget_type=\"heading.default\">\n\t\t\t\t\t<h2 class=\"elementor-heading-title elementor-size-default\">CONTENU<\/h2>\t\t\t\t<\/div>\n\t\t\t\t<div class=\"elementor-element elementor-element-ceaed0d elementor-widget-divider--view-line elementor-widget elementor-widget-divider\" data-id=\"ceaed0d\" data-element_type=\"widget\" data-widget_type=\"divider.default\">\n\t\t\t\t\t\t\t<div class=\"elementor-divider\">\n\t\t\t<span class=\"elementor-divider-separator\">\n\t\t\t\t\t\t<\/span>\n\t\t<\/div>\n\t\t\t\t\t\t<\/div>\n\t\t\t\t<div class=\"elementor-element elementor-element-dd76f02 elementor-widget elementor-widget-text-editor\" data-id=\"dd76f02\" data-element_type=\"widget\" data-widget_type=\"text-editor.default\">\n\t\t\t\t\t\t\t\t\t<ul><li>Introduction \u00e0 la diversit\u00e9 identitaire et \u00e0 la LOGOP\u00c9DIE LGBTQIA+ : concepts pr\u00e9liminaires et terminologie<\/li><li>F\u00e9minit\u00e9 et voix f\u00e9minine : st\u00e9r\u00e9otypes et binarisme<\/li><li>La logop\u00e9die (orthophonie) en tant qu\u2019entra\u00eenement de f\u00e9minisation et harmonisation de la voix<\/li><li>La M\u00e9thode Astudillo : fondements, piliers et m\u00e9thodologie<\/li><li>Voix \u00e9motionnelle: f\u00e9minisation de l\u2019expression faciale et d\u00e9veloppement de l\u2019expressivit\u00e9<\/li><li>La logop\u00e9die LGBTQIA+ : diversit\u00e9 de profils et demandes (personnes transformistes, non-binaires, bigenres, intersexu\u00e9es&#8230;)<\/li><li>L\u2019intervention logop\u00e9dique chez les enfants, pr\u00e9pub\u00e8res et adolescentes transgenres<\/li><li><b><\/b>Les interventions chirurgicales d\u2019augmentation tonale<\/li><li>R\u00e9sultats et \u00e9tude de cas<\/li><li>Masculinisation de la voix<\/li><li>Anamn\u00e8se, organisation des s\u00e9ances et mat\u00e9riel<\/li><\/ul><p>\u00a0<\/p><p><strong>MASTERCLASS PERSONNALIS\u00c9E<\/strong><\/p><p>Possibilit\u00e9 de personnaliser le contenu de la Masterclass en fonction des connaissances et exp\u00e9rience de la personne int\u00e9ress\u00e9e. Merci de contacter par WhatsApp au 0034 625 14 46 47.<\/p>\t\t\t\t\t\t\t\t<\/div>\n\t\t\t\t\t<\/div>\n\t\t<\/div>\n\t\t\t\t\t<\/div>\n\t\t<\/section>\n\t\t\t\t<section class=\"elementor-section elementor-top-section elementor-element elementor-element-57ee181 elementor-section-height-min-height elementor-section-boxed elementor-section-height-default elementor-section-items-middle\" data-id=\"57ee181\" data-element_type=\"section\" data-settings=\"{&quot;jet_parallax_layout_list&quot;:[{&quot;jet_parallax_layout_image&quot;:{&quot;url&quot;:&quot;&quot;,&quot;id&quot;:&quot;&quot;,&quot;size&quot;:&quot;&quot;},&quot;_id&quot;:&quot;5eb50a6&quot;,&quot;jet_parallax_layout_image_tablet&quot;:{&quot;url&quot;:&quot;&quot;,&quot;id&quot;:&quot;&quot;,&quot;size&quot;:&quot;&quot;},&quot;jet_parallax_layout_image_mobile&quot;:{&quot;url&quot;:&quot;&quot;,&quot;id&quot;:&quot;&quot;,&quot;size&quot;:&quot;&quot;},&quot;jet_parallax_layout_speed&quot;:{&quot;unit&quot;:&quot;%&quot;,&quot;size&quot;:50,&quot;sizes&quot;:[]},&quot;jet_parallax_layout_type&quot;:&quot;scroll&quot;,&quot;jet_parallax_layout_direction&quot;:&quot;1&quot;,&quot;jet_parallax_layout_fx_direction&quot;:null,&quot;jet_parallax_layout_z_index&quot;:&quot;&quot;,&quot;jet_parallax_layout_bg_x&quot;:50,&quot;jet_parallax_layout_bg_x_tablet&quot;:&quot;&quot;,&quot;jet_parallax_layout_bg_x_mobile&quot;:&quot;&quot;,&quot;jet_parallax_layout_bg_y&quot;:50,&quot;jet_parallax_layout_bg_y_tablet&quot;:&quot;&quot;,&quot;jet_parallax_layout_bg_y_mobile&quot;:&quot;&quot;,&quot;jet_parallax_layout_bg_size&quot;:&quot;auto&quot;,&quot;jet_parallax_layout_bg_size_tablet&quot;:&quot;&quot;,&quot;jet_parallax_layout_bg_size_mobile&quot;:&quot;&quot;,&quot;jet_parallax_layout_animation_prop&quot;:&quot;transform&quot;,&quot;jet_parallax_layout_on&quot;:[&quot;desktop&quot;,&quot;tablet&quot;]}],&quot;background_background&quot;:&quot;classic&quot;,&quot;_ha_eqh_enable&quot;:false}\">\n\t\t\t\t\t\t<div class=\"elementor-container elementor-column-gap-wider\">\n\t\t\t\t\t<div class=\"elementor-column elementor-col-100 elementor-top-column elementor-element elementor-element-0fe792a\" data-id=\"0fe792a\" data-element_type=\"column\">\n\t\t\t<div class=\"elementor-widget-wrap elementor-element-populated\">\n\t\t\t\t\t\t<div class=\"elementor-element elementor-element-fc429dd elementor-widget elementor-widget-text-editor\" data-id=\"fc429dd\" data-element_type=\"widget\" data-widget_type=\"text-editor.default\">\n\t\t\t\t\t\t\t\t\t<h2 class=\"et_pb_module_header\"><span style=\"color: #ffffff;\">Nous r\u00e9pondons \u00e0 toutes vos questions<\/span><\/h2><div><h3><span style=\"color: #ffffff;\">Besoin d\u2019aide pour choisir votre formation ?<\/span><\/h3><\/div>\t\t\t\t\t\t\t\t<\/div>\n\t\t\t\t<div class=\"elementor-element elementor-element-a9c9e7f elementor-align-center elementor-widget elementor-widget-button\" data-id=\"a9c9e7f\" data-element_type=\"widget\" data-widget_type=\"button.default\">\n\t\t\t\t\t\t\t\t\t\t<a class=\"elementor-button elementor-button-link elementor-size-sm\" href=\"https:\/\/femivoz.es\/contacto-citas\/\">\n\t\t\t\t\t\t<span class=\"elementor-button-content-wrapper\">\n\t\t\t\t\t\t\t\t\t<span class=\"elementor-button-text\">Contactez-nous<\/span>\n\t\t\t\t\t<\/span>\n\t\t\t\t\t<\/a>\n\t\t\t\t\t\t\t\t<\/div>\n\t\t\t\t\t<\/div>\n\t\t<\/div>\n\t\t\t\t\t<\/div>\n\t\t<\/section>\n\t\t\t\t<\/div>\n\t\t","protected":false},"excerpt":{"rendered":"<p>MASTER CLASS F\u00c9MINISATION DE LA VOIX Formation individuelle en ligne avec Mariela Astudillo, Logop\u00e8de et Vocologiste LGBTQIA+ FORMEZ-VOUS AVEC MARIELA ASTUDILLO 5 heures de formation en ligne MASTER CLASS EXCLUSIVE Formez-vous directement avec Mariela Astudillo, auteure de la m\u00e9thode Astudillo, logop\u00e8de sp\u00e9cialis\u00e9e dans la f\u00e9minisation et l\u2019harmonisation de la voix et de la parole depuis [&hellip;]<\/p>\n","protected":false},"author":3,"featured_media":45084,"parent":0,"menu_order":0,"comment_status":"closed","ping_status":"closed","template":"","meta":{"_acf_changed":false,"footnotes":""},"class_list":["post-4071","page","type-page","status-publish","has-post-thumbnail","hentry"],"acf":[],"yoast_head":"<!-- This site is optimized with the Yoast SEO Premium plugin v19.6 (Yoast SEO v26.7) - https:\/\/yoast.com\/wordpress\/plugins\/seo\/ -->\n<title>MASTERCLASS F\u00e9minisation de la Voix | Formation en Ligne<\/title>\n<meta name=\"description\" content=\"Master Class F\u00e9minisation de la voix pour orthophonistes, logop\u00e8des, \u00e9tudiants. Formation individuelle en ligne avec Mariela Astudillo.\" \/>\n<meta name=\"robots\" content=\"index, follow, max-snippet:-1, max-image-preview:large, max-video-preview:-1\" \/>\n<link rel=\"canonical\" href=\"https:\/\/femivoz.es\/fr\/masterclass-feminisation-de-la-voix\/\" \/>\n<meta property=\"og:locale\" content=\"fr_FR\" \/>\n<meta property=\"og:type\" content=\"article\" \/>\n<meta property=\"og:title\" content=\"Masterclass F\u00e9minisation de la voix\" \/>\n<meta property=\"og:description\" content=\"Master Class F\u00e9minisation de la voix pour orthophonistes, logop\u00e8des, \u00e9tudiants. Formation individuelle en ligne avec Mariela Astudillo.\" \/>\n<meta property=\"og:url\" content=\"https:\/\/femivoz.es\/fr\/masterclass-feminisation-de-la-voix\/\" \/>\n<meta property=\"og:site_name\" content=\"Femivoz\" \/>\n<meta property=\"article:publisher\" content=\"https:\/\/www.facebook.com\/femivoz\" \/>\n<meta property=\"article:modified_time\" content=\"2026-04-13T13:12:25+00:00\" \/>\n<meta property=\"og:image\" content=\"https:\/\/femivoz.es\/wp-content\/uploads\/Copie-de-MARY-LIBRO.png\" \/>\n\t<meta property=\"og:image:width\" content=\"930\" \/>\n\t<meta property=\"og:image:height\" content=\"1100\" \/>\n\t<meta property=\"og:image:type\" content=\"image\/png\" \/>\n<meta name=\"twitter:card\" content=\"summary_large_image\" \/>\n<meta name=\"twitter:site\" content=\"@femivoz\" \/>\n<meta name=\"twitter:label1\" content=\"Dur\u00e9e de lecture estim\u00e9e\" \/>\n\t<meta name=\"twitter:data1\" content=\"2 minutes\" \/>\n<script type=\"application\/ld+json\" class=\"yoast-schema-graph\">{\"@context\":\"https:\/\/schema.org\",\"@graph\":[{\"@type\":\"WebPage\",\"@id\":\"https:\/\/femivoz.es\/fr\/masterclass-feminisation-de-la-voix\/\",\"url\":\"https:\/\/femivoz.es\/fr\/masterclass-feminisation-de-la-voix\/\",\"name\":\"MASTERCLASS F\u00e9minisation de la Voix | Formation en Ligne\",\"isPartOf\":{\"@id\":\"https:\/\/femivoz.es\/fr\/#website\"},\"primaryImageOfPage\":{\"@id\":\"https:\/\/femivoz.es\/fr\/masterclass-feminisation-de-la-voix\/#primaryimage\"},\"image\":{\"@id\":\"https:\/\/femivoz.es\/fr\/masterclass-feminisation-de-la-voix\/#primaryimage\"},\"thumbnailUrl\":\"https:\/\/femivoz.es\/wp-content\/uploads\/Copie-de-MARY-LIBRO.png\",\"datePublished\":\"2018-09-17T14:02:59+00:00\",\"dateModified\":\"2026-04-13T13:12:25+00:00\",\"description\":\"Master Class F\u00e9minisation de la voix pour orthophonistes, logop\u00e8des, \u00e9tudiants. Formation individuelle en ligne avec Mariela Astudillo.\",\"breadcrumb\":{\"@id\":\"https:\/\/femivoz.es\/fr\/masterclass-feminisation-de-la-voix\/#breadcrumb\"},\"inLanguage\":\"fr-FR\",\"potentialAction\":[{\"@type\":\"ReadAction\",\"target\":[\"https:\/\/femivoz.es\/fr\/masterclass-feminisation-de-la-voix\/\"]}]},{\"@type\":\"ImageObject\",\"inLanguage\":\"fr-FR\",\"@id\":\"https:\/\/femivoz.es\/fr\/masterclass-feminisation-de-la-voix\/#primaryimage\",\"url\":\"https:\/\/femivoz.es\/wp-content\/uploads\/Copie-de-MARY-LIBRO.png\",\"contentUrl\":\"https:\/\/femivoz.es\/wp-content\/uploads\/Copie-de-MARY-LIBRO.png\",\"width\":930,\"height\":1100,\"caption\":\"Voc\u00f3loga Mariela ASTUDILLO RAM\u00cdREZ\"},{\"@type\":\"BreadcrumbList\",\"@id\":\"https:\/\/femivoz.es\/fr\/masterclass-feminisation-de-la-voix\/#breadcrumb\",\"itemListElement\":[{\"@type\":\"ListItem\",\"position\":1,\"name\":\"Portada\",\"item\":\"https:\/\/femivoz.es\/\"},{\"@type\":\"ListItem\",\"position\":2,\"name\":\"Masterclass F\u00e9minisation de la voix\"}]},{\"@type\":\"WebSite\",\"@id\":\"https:\/\/femivoz.es\/fr\/#website\",\"url\":\"https:\/\/femivoz.es\/fr\/\",\"name\":\"Femivoz\",\"description\":\"F\u00e9minisation de la voix en ligne avec la logop\u00e8de Mariela Astudillo. S\u00e9ances en ligne. 1\u00ba RDV Gratuit.\",\"publisher\":{\"@id\":\"https:\/\/femivoz.es\/fr\/#organization\"},\"potentialAction\":[{\"@type\":\"SearchAction\",\"target\":{\"@type\":\"EntryPoint\",\"urlTemplate\":\"https:\/\/femivoz.es\/fr\/?s={search_term_string}\"},\"query-input\":{\"@type\":\"PropertyValueSpecification\",\"valueRequired\":true,\"valueName\":\"search_term_string\"}}],\"inLanguage\":\"fr-FR\"},{\"@type\":\"Organization\",\"@id\":\"https:\/\/femivoz.es\/fr\/#organization\",\"name\":\"FEMIVOZ\",\"url\":\"https:\/\/femivoz.es\/fr\/\",\"logo\":{\"@type\":\"ImageObject\",\"inLanguage\":\"fr-FR\",\"@id\":\"https:\/\/femivoz.es\/fr\/#\/schema\/logo\/image\/\",\"url\":\"https:\/\/femivoz.es\/wp-content\/uploads\/2018\/05\/Logo-femivoz-2018-HD-B.png\",\"contentUrl\":\"https:\/\/femivoz.es\/wp-content\/uploads\/2018\/05\/Logo-femivoz-2018-HD-B.png\",\"width\":2210,\"height\":658,\"caption\":\"FEMIVOZ\"},\"image\":{\"@id\":\"https:\/\/femivoz.es\/fr\/#\/schema\/logo\/image\/\"},\"sameAs\":[\"https:\/\/www.facebook.com\/femivoz\",\"https:\/\/x.com\/femivoz\",\"https:\/\/www.instagram.com\/femivoz\/\",\"https:\/\/www.linkedin.com\/in\/femivoz-mariela-astudillo-1401ab21a\/\",\"https:\/\/www.youtube.com\/channel\/UC33Zf-WKvD_Gd_tosA47SFw\"]}]}<\/script>\n<!-- \/ Yoast SEO Premium plugin. -->","yoast_head_json":{"title":"MASTERCLASS F\u00e9minisation de la Voix | Formation en Ligne","description":"Master Class F\u00e9minisation de la voix pour orthophonistes, logop\u00e8des, \u00e9tudiants. Formation individuelle en ligne avec Mariela Astudillo.","robots":{"index":"index","follow":"follow","max-snippet":"max-snippet:-1","max-image-preview":"max-image-preview:large","max-video-preview":"max-video-preview:-1"},"canonical":"https:\/\/femivoz.es\/fr\/masterclass-feminisation-de-la-voix\/","og_locale":"fr_FR","og_type":"article","og_title":"Masterclass F\u00e9minisation de la voix","og_description":"Master Class F\u00e9minisation de la voix pour orthophonistes, logop\u00e8des, \u00e9tudiants. Formation individuelle en ligne avec Mariela Astudillo.","og_url":"https:\/\/femivoz.es\/fr\/masterclass-feminisation-de-la-voix\/","og_site_name":"Femivoz","article_publisher":"https:\/\/www.facebook.com\/femivoz","article_modified_time":"2026-04-13T13:12:25+00:00","og_image":[{"width":930,"height":1100,"url":"https:\/\/femivoz.es\/wp-content\/uploads\/Copie-de-MARY-LIBRO.png","type":"image\/png"}],"twitter_card":"summary_large_image","twitter_site":"@femivoz","twitter_misc":{"Dur\u00e9e de lecture estim\u00e9e":"2 minutes"},"schema":{"@context":"https:\/\/schema.org","@graph":[{"@type":"WebPage","@id":"https:\/\/femivoz.es\/fr\/masterclass-feminisation-de-la-voix\/","url":"https:\/\/femivoz.es\/fr\/masterclass-feminisation-de-la-voix\/","name":"MASTERCLASS F\u00e9minisation de la Voix | Formation en Ligne","isPartOf":{"@id":"https:\/\/femivoz.es\/fr\/#website"},"primaryImageOfPage":{"@id":"https:\/\/femivoz.es\/fr\/masterclass-feminisation-de-la-voix\/#primaryimage"},"image":{"@id":"https:\/\/femivoz.es\/fr\/masterclass-feminisation-de-la-voix\/#primaryimage"},"thumbnailUrl":"https:\/\/femivoz.es\/wp-content\/uploads\/Copie-de-MARY-LIBRO.png","datePublished":"2018-09-17T14:02:59+00:00","dateModified":"2026-04-13T13:12:25+00:00","description":"Master Class F\u00e9minisation de la voix pour orthophonistes, logop\u00e8des, \u00e9tudiants. Formation individuelle en ligne avec Mariela Astudillo.","breadcrumb":{"@id":"https:\/\/femivoz.es\/fr\/masterclass-feminisation-de-la-voix\/#breadcrumb"},"inLanguage":"fr-FR","potentialAction":[{"@type":"ReadAction","target":["https:\/\/femivoz.es\/fr\/masterclass-feminisation-de-la-voix\/"]}]},{"@type":"ImageObject","inLanguage":"fr-FR","@id":"https:\/\/femivoz.es\/fr\/masterclass-feminisation-de-la-voix\/#primaryimage","url":"https:\/\/femivoz.es\/wp-content\/uploads\/Copie-de-MARY-LIBRO.png","contentUrl":"https:\/\/femivoz.es\/wp-content\/uploads\/Copie-de-MARY-LIBRO.png","width":930,"height":1100,"caption":"Voc\u00f3loga Mariela ASTUDILLO RAM\u00cdREZ"},{"@type":"BreadcrumbList","@id":"https:\/\/femivoz.es\/fr\/masterclass-feminisation-de-la-voix\/#breadcrumb","itemListElement":[{"@type":"ListItem","position":1,"name":"Portada","item":"https:\/\/femivoz.es\/"},{"@type":"ListItem","position":2,"name":"Masterclass F\u00e9minisation de la voix"}]},{"@type":"WebSite","@id":"https:\/\/femivoz.es\/fr\/#website","url":"https:\/\/femivoz.es\/fr\/","name":"Femivoz","description":"F\u00e9minisation de la voix en ligne avec la logop\u00e8de Mariela Astudillo. S\u00e9ances en ligne. 1\u00ba RDV Gratuit.","publisher":{"@id":"https:\/\/femivoz.es\/fr\/#organization"},"potentialAction":[{"@type":"SearchAction","target":{"@type":"EntryPoint","urlTemplate":"https:\/\/femivoz.es\/fr\/?s={search_term_string}"},"query-input":{"@type":"PropertyValueSpecification","valueRequired":true,"valueName":"search_term_string"}}],"inLanguage":"fr-FR"},{"@type":"Organization","@id":"https:\/\/femivoz.es\/fr\/#organization","name":"FEMIVOZ","url":"https:\/\/femivoz.es\/fr\/","logo":{"@type":"ImageObject","inLanguage":"fr-FR","@id":"https:\/\/femivoz.es\/fr\/#\/schema\/logo\/image\/","url":"https:\/\/femivoz.es\/wp-content\/uploads\/2018\/05\/Logo-femivoz-2018-HD-B.png","contentUrl":"https:\/\/femivoz.es\/wp-content\/uploads\/2018\/05\/Logo-femivoz-2018-HD-B.png","width":2210,"height":658,"caption":"FEMIVOZ"},"image":{"@id":"https:\/\/femivoz.es\/fr\/#\/schema\/logo\/image\/"},"sameAs":["https:\/\/www.facebook.com\/femivoz","https:\/\/x.com\/femivoz","https:\/\/www.instagram.com\/femivoz\/","https:\/\/www.linkedin.com\/in\/femivoz-mariela-astudillo-1401ab21a\/","https:\/\/www.youtube.com\/channel\/UC33Zf-WKvD_Gd_tosA47SFw"]}]}},"_links":{"self":[{"href":"https:\/\/femivoz.es\/fr\/wp-json\/wp\/v2\/pages\/4071","targetHints":{"allow":["GET"]}}],"collection":[{"href":"https:\/\/femivoz.es\/fr\/wp-json\/wp\/v2\/pages"}],"about":[{"href":"https:\/\/femivoz.es\/fr\/wp-json\/wp\/v2\/types\/page"}],"author":[{"embeddable":true,"href":"https:\/\/femivoz.es\/fr\/wp-json\/wp\/v2\/users\/3"}],"replies":[{"embeddable":true,"href":"https:\/\/femivoz.es\/fr\/wp-json\/wp\/v2\/comments?post=4071"}],"version-history":[{"count":47,"href":"https:\/\/femivoz.es\/fr\/wp-json\/wp\/v2\/pages\/4071\/revisions"}],"predecessor-version":[{"id":59884,"href":"https:\/\/femivoz.es\/fr\/wp-json\/wp\/v2\/pages\/4071\/revisions\/59884"}],"wp:featuredmedia":[{"embeddable":true,"href":"https:\/\/femivoz.es\/fr\/wp-json\/wp\/v2\/media\/45084"}],"wp:attachment":[{"href":"https:\/\/femivoz.es\/fr\/wp-json\/wp\/v2\/media?parent=4071"}],"curies":[{"name":"wp","href":"https:\/\/api.w.org\/{rel}","templated":true}]}}