{"id":4248,"date":"2018-12-02T17:05:10","date_gmt":"2018-12-02T17:05:10","guid":{"rendered":"https:\/\/femivoz.es\/?page_id=4248"},"modified":"2025-03-21T18:26:59","modified_gmt":"2025-03-21T18:26:59","slug":"blog","status":"publish","type":"page","link":"https:\/\/femivoz.es\/fr\/blog\/","title":{"rendered":"BLOG"},"content":{"rendered":"\t\t<div data-elementor-type=\"wp-page\" data-elementor-id=\"4248\" class=\"elementor elementor-4248\" data-elementor-settings=\"{&quot;ha_cmc_init_switcher&quot;:&quot;no&quot;}\" data-elementor-post-type=\"page\">\n\t\t\t\t\t\t<section class=\"elementor-section elementor-top-section elementor-element elementor-element-a52c791 elementor-section-boxed elementor-section-height-default elementor-section-height-default\" data-id=\"a52c791\" data-element_type=\"section\" data-settings=\"{&quot;jet_parallax_layout_list&quot;:[{&quot;jet_parallax_layout_image&quot;:{&quot;url&quot;:&quot;&quot;,&quot;id&quot;:&quot;&quot;,&quot;size&quot;:&quot;&quot;},&quot;_id&quot;:&quot;7389799&quot;,&quot;jet_parallax_layout_image_tablet&quot;:{&quot;url&quot;:&quot;&quot;,&quot;id&quot;:&quot;&quot;,&quot;size&quot;:&quot;&quot;},&quot;jet_parallax_layout_image_mobile&quot;:{&quot;url&quot;:&quot;&quot;,&quot;id&quot;:&quot;&quot;,&quot;size&quot;:&quot;&quot;},&quot;jet_parallax_layout_speed&quot;:{&quot;unit&quot;:&quot;%&quot;,&quot;size&quot;:50,&quot;sizes&quot;:[]},&quot;jet_parallax_layout_type&quot;:&quot;scroll&quot;,&quot;jet_parallax_layout_direction&quot;:&quot;1&quot;,&quot;jet_parallax_layout_fx_direction&quot;:null,&quot;jet_parallax_layout_z_index&quot;:&quot;&quot;,&quot;jet_parallax_layout_bg_x&quot;:50,&quot;jet_parallax_layout_bg_x_tablet&quot;:&quot;&quot;,&quot;jet_parallax_layout_bg_x_mobile&quot;:&quot;&quot;,&quot;jet_parallax_layout_bg_y&quot;:50,&quot;jet_parallax_layout_bg_y_tablet&quot;:&quot;&quot;,&quot;jet_parallax_layout_bg_y_mobile&quot;:&quot;&quot;,&quot;jet_parallax_layout_bg_size&quot;:&quot;auto&quot;,&quot;jet_parallax_layout_bg_size_tablet&quot;:&quot;&quot;,&quot;jet_parallax_layout_bg_size_mobile&quot;:&quot;&quot;,&quot;jet_parallax_layout_animation_prop&quot;:&quot;transform&quot;,&quot;jet_parallax_layout_on&quot;:[&quot;desktop&quot;,&quot;tablet&quot;]}],&quot;background_background&quot;:&quot;classic&quot;,&quot;_ha_eqh_enable&quot;:false}\">\n\t\t\t\t\t\t<div class=\"elementor-container elementor-column-gap-default\">\n\t\t\t\t\t<div class=\"elementor-column elementor-col-100 elementor-top-column elementor-element elementor-element-a8fa983\" data-id=\"a8fa983\" data-element_type=\"column\">\n\t\t\t<div class=\"elementor-widget-wrap elementor-element-populated\">\n\t\t\t\t\t\t<div class=\"elementor-element elementor-element-72e5518 elementor-widget elementor-widget-spacer\" data-id=\"72e5518\" data-element_type=\"widget\" data-widget_type=\"spacer.default\">\n\t\t\t\t\t\t\t<div class=\"elementor-spacer\">\n\t\t\t<div class=\"elementor-spacer-inner\"><\/div>\n\t\t<\/div>\n\t\t\t\t\t\t<\/div>\n\t\t\t\t\t<\/div>\n\t\t<\/div>\n\t\t\t\t\t<\/div>\n\t\t<\/section>\n\t\t\t\t<section class=\"elementor-section elementor-top-section elementor-element elementor-element-595a021a elementor-section-full_width elementor-section-height-default elementor-section-height-default\" data-id=\"595a021a\" data-element_type=\"section\" data-settings=\"{&quot;jet_parallax_layout_list&quot;:[{&quot;jet_parallax_layout_image&quot;:{&quot;url&quot;:&quot;&quot;,&quot;id&quot;:&quot;&quot;,&quot;size&quot;:&quot;&quot;},&quot;_id&quot;:&quot;1a97a9f&quot;,&quot;jet_parallax_layout_image_tablet&quot;:{&quot;url&quot;:&quot;&quot;,&quot;id&quot;:&quot;&quot;,&quot;size&quot;:&quot;&quot;},&quot;jet_parallax_layout_image_mobile&quot;:{&quot;url&quot;:&quot;&quot;,&quot;id&quot;:&quot;&quot;,&quot;size&quot;:&quot;&quot;},&quot;jet_parallax_layout_speed&quot;:{&quot;unit&quot;:&quot;%&quot;,&quot;size&quot;:50,&quot;sizes&quot;:[]},&quot;jet_parallax_layout_type&quot;:&quot;scroll&quot;,&quot;jet_parallax_layout_direction&quot;:&quot;1&quot;,&quot;jet_parallax_layout_fx_direction&quot;:null,&quot;jet_parallax_layout_z_index&quot;:&quot;&quot;,&quot;jet_parallax_layout_bg_x&quot;:50,&quot;jet_parallax_layout_bg_x_tablet&quot;:&quot;&quot;,&quot;jet_parallax_layout_bg_x_mobile&quot;:&quot;&quot;,&quot;jet_parallax_layout_bg_y&quot;:50,&quot;jet_parallax_layout_bg_y_tablet&quot;:&quot;&quot;,&quot;jet_parallax_layout_bg_y_mobile&quot;:&quot;&quot;,&quot;jet_parallax_layout_bg_size&quot;:&quot;auto&quot;,&quot;jet_parallax_layout_bg_size_tablet&quot;:&quot;&quot;,&quot;jet_parallax_layout_bg_size_mobile&quot;:&quot;&quot;,&quot;jet_parallax_layout_animation_prop&quot;:&quot;transform&quot;,&quot;jet_parallax_layout_on&quot;:[&quot;desktop&quot;,&quot;tablet&quot;]}],&quot;_ha_eqh_enable&quot;:false}\">\n\t\t\t\t\t\t<div class=\"elementor-container elementor-column-gap-default\">\n\t\t\t\t\t<div class=\"elementor-column elementor-col-16 elementor-top-column elementor-element elementor-element-2b518a72\" data-id=\"2b518a72\" data-element_type=\"column\">\n\t\t\t<div class=\"elementor-widget-wrap elementor-element-populated\">\n\t\t\t\t\t\t<div class=\"elementor-element elementor-element-2a84dd07 elementor-invisible elementor-widget elementor-widget-image\" data-id=\"2a84dd07\" data-element_type=\"widget\" data-settings=\"{&quot;_animation&quot;:&quot;jello&quot;}\" data-widget_type=\"image.default\">\n\t\t\t\t\t\t\t\t\t\t\t\t\t\t\t\t<a href=\"https:\/\/femivoz.es\/fr\/emotus-revue-digitale-femivoz\/\">\n\t\t\t\t\t\t\t<img fetchpriority=\"high\" decoding=\"async\" width=\"800\" height=\"207\" src=\"https:\/\/femivoz.es\/wp-content\/uploads\/2021\/12\/EMOTUS-1024x265.png\" class=\"attachment-large size-large wp-image-34429\" alt=\"\u00c9motus revue digitale Femivoz\" srcset=\"https:\/\/femivoz.es\/wp-content\/uploads\/2021\/12\/EMOTUS-1024x265.png 1024w, https:\/\/femivoz.es\/wp-content\/uploads\/2021\/12\/EMOTUS-510x132.png 510w, https:\/\/femivoz.es\/wp-content\/uploads\/2021\/12\/EMOTUS-300x78.png 300w, https:\/\/femivoz.es\/wp-content\/uploads\/2021\/12\/EMOTUS-768x199.png 768w, https:\/\/femivoz.es\/wp-content\/uploads\/2021\/12\/EMOTUS-1536x397.png 1536w, https:\/\/femivoz.es\/wp-content\/uploads\/2021\/12\/EMOTUS.png 1640w\" sizes=\"(max-width: 800px) 100vw, 800px\" \/>\t\t\t\t\t\t\t\t<\/a>\n\t\t\t\t\t\t\t\t\t\t\t\t\t\t\t<\/div>\n\t\t\t\t\t<\/div>\n\t\t<\/div>\n\t\t\t\t<div class=\"elementor-column elementor-col-16 elementor-top-column elementor-element elementor-element-e481425\" data-id=\"e481425\" data-element_type=\"column\">\n\t\t\t<div class=\"elementor-widget-wrap elementor-element-populated\">\n\t\t\t\t\t\t<div class=\"elementor-element elementor-element-5c625529 elementor-widget elementor-widget-spacer\" data-id=\"5c625529\" data-element_type=\"widget\" data-widget_type=\"spacer.default\">\n\t\t\t\t\t\t\t<div class=\"elementor-spacer\">\n\t\t\t<div class=\"elementor-spacer-inner\"><\/div>\n\t\t<\/div>\n\t\t\t\t\t\t<\/div>\n\t\t\t\t\t<\/div>\n\t\t<\/div>\n\t\t\t\t<div class=\"elementor-column elementor-col-16 elementor-top-column elementor-element elementor-element-6daf0327 elementor-invisible\" data-id=\"6daf0327\" data-element_type=\"column\" data-settings=\"{&quot;animation&quot;:&quot;slideInUp&quot;,&quot;animation_delay&quot;:100}\">\n\t\t\t<div class=\"elementor-widget-wrap elementor-element-populated\">\n\t\t\t\t\t\t<div class=\"elementor-element elementor-element-7d4d664 elementor-widget elementor-widget-text-editor\" data-id=\"7d4d664\" data-element_type=\"widget\" data-widget_type=\"text-editor.default\">\n\t\t\t\t\t\t\t\t\t<p><strong>ACTUALIT\u00c9S 2025<\/strong><\/p>\t\t\t\t\t\t\t\t<\/div>\n\t\t\t\t<div class=\"elementor-element elementor-element-5e099f47 elementor-widget elementor-widget-text-editor\" data-id=\"5e099f47\" data-element_type=\"widget\" data-widget_type=\"text-editor.default\">\n\t\t\t\t\t\t\t\t\t<p>\u00c0 ne pas manquer chaque mois de nouveaux articles et th\u00e9matiques.<\/p>\t\t\t\t\t\t\t\t<\/div>\n\t\t\t\t\t<\/div>\n\t\t<\/div>\n\t\t\t\t<div class=\"elementor-column elementor-col-16 elementor-top-column elementor-element elementor-element-715c38d7 elementor-invisible\" data-id=\"715c38d7\" data-element_type=\"column\" data-settings=\"{&quot;animation&quot;:&quot;slideInUp&quot;,&quot;animation_delay&quot;:200}\">\n\t\t\t<div class=\"elementor-widget-wrap elementor-element-populated\">\n\t\t\t\t\t\t<div class=\"elementor-element elementor-element-31653d elementor-widget elementor-widget-text-editor\" data-id=\"31653d\" data-element_type=\"widget\" data-widget_type=\"text-editor.default\">\n\t\t\t\t\t\t\t\t\t<p><strong>20 ANS AVEC VOUS<\/strong><\/p>\t\t\t\t\t\t\t\t<\/div>\n\t\t\t\t<div class=\"elementor-element elementor-element-7f3604a6 elementor-widget elementor-widget-text-editor\" data-id=\"7f3604a6\" data-element_type=\"widget\" data-widget_type=\"text-editor.default\">\n\t\t\t\t\t\t\t\t\t<p>Nous militons chaque jour pour la lib\u00e9ration de la voix et de l\u2019identit\u00e9. Ainsi est n\u00e9 <a href=\"https:\/\/femivoz.es\/fr\/a-propos-de-femivoz\/\" target=\"_blank\" rel=\"noopener\">FEMIVOZ<\/a><\/p>\t\t\t\t\t\t\t\t<\/div>\n\t\t\t\t\t<\/div>\n\t\t<\/div>\n\t\t\t\t<div class=\"elementor-column elementor-col-16 elementor-top-column elementor-element elementor-element-4d891ec1 elementor-invisible\" data-id=\"4d891ec1\" data-element_type=\"column\" data-settings=\"{&quot;animation&quot;:&quot;slideInUp&quot;,&quot;animation_delay&quot;:300}\">\n\t\t\t<div class=\"elementor-widget-wrap elementor-element-populated\">\n\t\t\t\t\t\t<div class=\"elementor-element elementor-element-391d6b28 elementor-widget elementor-widget-text-editor\" data-id=\"391d6b28\" data-element_type=\"widget\" data-widget_type=\"text-editor.default\">\n\t\t\t\t\t\t\t\t\t<p><strong>POUR LES VOIX LGTBQIA+ \ud83c\udff3\ufe0f\u200d\ud83c\udf08<\/strong><\/p>\t\t\t\t\t\t\t\t<\/div>\n\t\t\t\t<div class=\"elementor-element elementor-element-6f2cf6ef elementor-widget elementor-widget-text-editor\" data-id=\"6f2cf6ef\" data-element_type=\"widget\" data-widget_type=\"text-editor.default\">\n\t\t\t\t\t\t\t\t\t<p>Accompagnement et entra\u00eenement sp\u00e9cialis\u00e9s<\/p>\t\t\t\t\t\t\t\t<\/div>\n\t\t\t\t\t<\/div>\n\t\t<\/div>\n\t\t\t\t<div class=\"elementor-column elementor-col-16 elementor-top-column elementor-element elementor-element-73c32945\" data-id=\"73c32945\" data-element_type=\"column\">\n\t\t\t<div class=\"elementor-widget-wrap elementor-element-populated\">\n\t\t\t\t\t\t<div class=\"elementor-element elementor-element-1801e353 elementor-view-default elementor-invisible elementor-widget elementor-widget-icon\" data-id=\"1801e353\" data-element_type=\"widget\" data-settings=\"{&quot;_animation&quot;:&quot;rollIn&quot;,&quot;_animation_delay&quot;:500}\" data-widget_type=\"icon.default\">\n\t\t\t\t\t\t\t<div class=\"elementor-icon-wrapper\">\n\t\t\t<a class=\"elementor-icon\" href=\"https:\/\/www.instagram.com\/femivoz\">\n\t\t\t<svg aria-hidden=\"true\" class=\"e-font-icon-svg e-fab-instagram\" viewBox=\"0 0 448 512\" xmlns=\"http:\/\/www.w3.org\/2000\/svg\"><path d=\"M224.1 141c-63.6 0-114.9 51.3-114.9 114.9s51.3 114.9 114.9 114.9S339 319.5 339 255.9 287.7 141 224.1 141zm0 189.6c-41.1 0-74.7-33.5-74.7-74.7s33.5-74.7 74.7-74.7 74.7 33.5 74.7 74.7-33.6 74.7-74.7 74.7zm146.4-194.3c0 14.9-12 26.8-26.8 26.8-14.9 0-26.8-12-26.8-26.8s12-26.8 26.8-26.8 26.8 12 26.8 26.8zm76.1 27.2c-1.7-35.9-9.9-67.7-36.2-93.9-26.2-26.2-58-34.4-93.9-36.2-37-2.1-147.9-2.1-184.9 0-35.8 1.7-67.6 9.9-93.9 36.1s-34.4 58-36.2 93.9c-2.1 37-2.1 147.9 0 184.9 1.7 35.9 9.9 67.7 36.2 93.9s58 34.4 93.9 36.2c37 2.1 147.9 2.1 184.9 0 35.9-1.7 67.7-9.9 93.9-36.2 26.2-26.2 34.4-58 36.2-93.9 2.1-37 2.1-147.8 0-184.8zM398.8 388c-7.8 19.6-22.9 34.7-42.6 42.6-29.5 11.7-99.5 9-132.1 9s-102.7 2.6-132.1-9c-19.6-7.8-34.7-22.9-42.6-42.6-11.7-29.5-9-99.5-9-132.1s-2.6-102.7 9-132.1c7.8-19.6 22.9-34.7 42.6-42.6 29.5-11.7 99.5-9 132.1-9s102.7-2.6 132.1 9c19.6 7.8 34.7 22.9 42.6 42.6 11.7 29.5 9 99.5 9 132.1s2.7 102.7-9 132.1z\"><\/path><\/svg>\t\t\t<\/a>\n\t\t<\/div>\n\t\t\t\t\t\t<\/div>\n\t\t\t\t<div class=\"elementor-element elementor-element-e599946 elementor-view-default elementor-invisible elementor-widget elementor-widget-icon\" data-id=\"e599946\" data-element_type=\"widget\" data-settings=\"{&quot;_animation&quot;:&quot;rollIn&quot;,&quot;_animation_delay&quot;:600}\" data-widget_type=\"icon.default\">\n\t\t\t\t\t\t\t<div class=\"elementor-icon-wrapper\">\n\t\t\t<a class=\"elementor-icon\" href=\"https:\/\/www.facebook.com\/femivoz\">\n\t\t\t<svg aria-hidden=\"true\" class=\"e-font-icon-svg e-fab-facebook\" viewBox=\"0 0 512 512\" xmlns=\"http:\/\/www.w3.org\/2000\/svg\"><path d=\"M504 256C504 119 393 8 256 8S8 119 8 256c0 123.78 90.69 226.38 209.25 245V327.69h-63V256h63v-54.64c0-62.15 37-96.48 93.67-96.48 27.14 0 55.52 4.84 55.52 4.84v61h-31.28c-30.8 0-40.41 19.12-40.41 38.73V256h68.78l-11 71.69h-57.78V501C413.31 482.38 504 379.78 504 256z\"><\/path><\/svg>\t\t\t<\/a>\n\t\t<\/div>\n\t\t\t\t\t\t<\/div>\n\t\t\t\t<div class=\"elementor-element elementor-element-14ad6d3b elementor-view-default elementor-invisible elementor-widget elementor-widget-icon\" data-id=\"14ad6d3b\" data-element_type=\"widget\" data-settings=\"{&quot;_animation&quot;:&quot;rollIn&quot;,&quot;_animation_delay&quot;:800}\" data-widget_type=\"icon.default\">\n\t\t\t\t\t\t\t<div class=\"elementor-icon-wrapper\">\n\t\t\t<a class=\"elementor-icon\" href=\"https:\/\/www.youtube.com\/c\/FemivozMarielaAstudillo\/\">\n\t\t\t<svg aria-hidden=\"true\" class=\"e-font-icon-svg e-fab-youtube\" viewBox=\"0 0 576 512\" xmlns=\"http:\/\/www.w3.org\/2000\/svg\"><path d=\"M549.655 124.083c-6.281-23.65-24.787-42.276-48.284-48.597C458.781 64 288 64 288 64S117.22 64 74.629 75.486c-23.497 6.322-42.003 24.947-48.284 48.597-11.412 42.867-11.412 132.305-11.412 132.305s0 89.438 11.412 132.305c6.281 23.65 24.787 41.5 48.284 47.821C117.22 448 288 448 288 448s170.78 0 213.371-11.486c23.497-6.321 42.003-24.171 48.284-47.821 11.412-42.867 11.412-132.305 11.412-132.305s0-89.438-11.412-132.305zm-317.51 213.508V175.185l142.739 81.205-142.739 81.201z\"><\/path><\/svg>\t\t\t<\/a>\n\t\t<\/div>\n\t\t\t\t\t\t<\/div>\n\t\t\t\t<div class=\"elementor-element elementor-element-3dab7efe elementor-view-default elementor-invisible elementor-widget elementor-widget-icon\" data-id=\"3dab7efe\" data-element_type=\"widget\" data-settings=\"{&quot;_animation&quot;:&quot;rollIn&quot;,&quot;_animation_delay&quot;:900}\" data-widget_type=\"icon.default\">\n\t\t\t\t\t\t\t<div class=\"elementor-icon-wrapper\">\n\t\t\t<a class=\"elementor-icon\" href=\"https:\/\/join.skype.com\/invite\/GyMv9egfbkk6%20\">\n\t\t\t<svg aria-hidden=\"true\" class=\"e-font-icon-svg e-fab-skype\" viewBox=\"0 0 448 512\" xmlns=\"http:\/\/www.w3.org\/2000\/svg\"><path d=\"M424.7 299.8c2.9-14 4.7-28.9 4.7-43.8 0-113.5-91.9-205.3-205.3-205.3-14.9 0-29.7 1.7-43.8 4.7C161.3 40.7 137.7 32 112 32 50.2 32 0 82.2 0 144c0 25.7 8.7 49.3 23.3 68.2-2.9 14-4.7 28.9-4.7 43.8 0 113.5 91.9 205.3 205.3 205.3 14.9 0 29.7-1.7 43.8-4.7 19 14.6 42.6 23.3 68.2 23.3 61.8 0 112-50.2 112-112 .1-25.6-8.6-49.2-23.2-68.1zm-194.6 91.5c-65.6 0-120.5-29.2-120.5-65 0-16 9-30.6 29.5-30.6 31.2 0 34.1 44.9 88.1 44.9 25.7 0 42.3-11.4 42.3-26.3 0-18.7-16-21.6-42-28-62.5-15.4-117.8-22-117.8-87.2 0-59.2 58.6-81.1 109.1-81.1 55.1 0 110.8 21.9 110.8 55.4 0 16.9-11.4 31.8-30.3 31.8-28.3 0-29.2-33.5-75-33.5-25.7 0-42 7-42 22.5 0 19.8 20.8 21.8 69.1 33 41.4 9.3 90.7 26.8 90.7 77.6 0 59.1-57.1 86.5-112 86.5z\"><\/path><\/svg>\t\t\t<\/a>\n\t\t<\/div>\n\t\t\t\t\t\t<\/div>\n\t\t\t\t<div class=\"elementor-element elementor-element-a53bc13 elementor-view-default elementor-invisible elementor-widget elementor-widget-icon\" data-id=\"a53bc13\" data-element_type=\"widget\" data-settings=\"{&quot;_animation&quot;:&quot;rollIn&quot;,&quot;_animation_delay&quot;:1000}\" data-widget_type=\"icon.default\">\n\t\t\t\t\t\t\t<div class=\"elementor-icon-wrapper\">\n\t\t\t<a class=\"elementor-icon\" href=\"https:\/\/wa.me\/message\/IRXDB2RWHAGDI1%20\">\n\t\t\t<svg aria-hidden=\"true\" class=\"e-font-icon-svg e-fab-whatsapp\" viewBox=\"0 0 448 512\" xmlns=\"http:\/\/www.w3.org\/2000\/svg\"><path d=\"M380.9 97.1C339 55.1 283.2 32 223.9 32c-122.4 0-222 99.6-222 222 0 39.1 10.2 77.3 29.6 111L0 480l117.7-30.9c32.4 17.7 68.9 27 106.1 27h.1c122.3 0 224.1-99.6 224.1-222 0-59.3-25.2-115-67.1-157zm-157 341.6c-33.2 0-65.7-8.9-94-25.7l-6.7-4-69.8 18.3L72 359.2l-4.4-7c-18.5-29.4-28.2-63.3-28.2-98.2 0-101.7 82.8-184.5 184.6-184.5 49.3 0 95.6 19.2 130.4 54.1 34.8 34.9 56.2 81.2 56.1 130.5 0 101.8-84.9 184.6-186.6 184.6zm101.2-138.2c-5.5-2.8-32.8-16.2-37.9-18-5.1-1.9-8.8-2.8-12.5 2.8-3.7 5.6-14.3 18-17.6 21.8-3.2 3.7-6.5 4.2-12 1.4-32.6-16.3-54-29.1-75.5-66-5.7-9.8 5.7-9.1 16.3-30.3 1.8-3.7.9-6.9-.5-9.7-1.4-2.8-12.5-30.1-17.1-41.2-4.5-10.8-9.1-9.3-12.5-9.5-3.2-.2-6.9-.2-10.6-.2-3.7 0-9.7 1.4-14.8 6.9-5.1 5.6-19.4 19-19.4 46.3 0 27.3 19.9 53.7 22.6 57.4 2.8 3.7 39.1 59.7 94.8 83.8 35.2 15.2 49 16.5 66.6 13.9 10.7-1.6 32.8-13.4 37.4-26.4 4.6-13 4.6-24.1 3.2-26.4-1.3-2.5-5-3.9-10.5-6.6z\"><\/path><\/svg>\t\t\t<\/a>\n\t\t<\/div>\n\t\t\t\t\t\t<\/div>\n\t\t\t\t<div class=\"elementor-element elementor-element-2966a1c3 elementor-view-default elementor-invisible elementor-widget elementor-widget-icon\" data-id=\"2966a1c3\" data-element_type=\"widget\" data-settings=\"{&quot;_animation&quot;:&quot;rollIn&quot;,&quot;_animation_delay&quot;:1100}\" data-widget_type=\"icon.default\">\n\t\t\t\t\t\t\t<div class=\"elementor-icon-wrapper\">\n\t\t\t<a class=\"elementor-icon\" href=\"tel:\/\/0034625144647\">\n\t\t\t<svg aria-hidden=\"true\" class=\"e-font-icon-svg e-fas-phone-alt\" viewBox=\"0 0 512 512\" xmlns=\"http:\/\/www.w3.org\/2000\/svg\"><path d=\"M497.39 361.8l-112-48a24 24 0 0 0-28 6.9l-49.6 60.6A370.66 370.66 0 0 1 130.6 204.11l60.6-49.6a23.94 23.94 0 0 0 6.9-28l-48-112A24.16 24.16 0 0 0 122.6.61l-104 24A24 24 0 0 0 0 48c0 256.5 207.9 464 464 464a24 24 0 0 0 23.4-18.6l24-104a24.29 24.29 0 0 0-14.01-27.6z\"><\/path><\/svg>\t\t\t<\/a>\n\t\t<\/div>\n\t\t\t\t\t\t<\/div>\n\t\t\t\t\t<\/div>\n\t\t<\/div>\n\t\t\t\t\t<\/div>\n\t\t<\/section>\n\t\t\t\t<section class=\"elementor-section elementor-top-section elementor-element elementor-element-1550eca elementor-section-boxed elementor-section-height-default elementor-section-height-default\" data-id=\"1550eca\" data-element_type=\"section\" data-settings=\"{&quot;jet_parallax_layout_list&quot;:[{&quot;jet_parallax_layout_image&quot;:{&quot;url&quot;:&quot;&quot;,&quot;id&quot;:&quot;&quot;,&quot;size&quot;:&quot;&quot;},&quot;_id&quot;:&quot;7389799&quot;,&quot;jet_parallax_layout_image_tablet&quot;:{&quot;url&quot;:&quot;&quot;,&quot;id&quot;:&quot;&quot;,&quot;size&quot;:&quot;&quot;},&quot;jet_parallax_layout_image_mobile&quot;:{&quot;url&quot;:&quot;&quot;,&quot;id&quot;:&quot;&quot;,&quot;size&quot;:&quot;&quot;},&quot;jet_parallax_layout_speed&quot;:{&quot;unit&quot;:&quot;%&quot;,&quot;size&quot;:50,&quot;sizes&quot;:[]},&quot;jet_parallax_layout_type&quot;:&quot;scroll&quot;,&quot;jet_parallax_layout_direction&quot;:&quot;1&quot;,&quot;jet_parallax_layout_fx_direction&quot;:null,&quot;jet_parallax_layout_z_index&quot;:&quot;&quot;,&quot;jet_parallax_layout_bg_x&quot;:50,&quot;jet_parallax_layout_bg_x_tablet&quot;:&quot;&quot;,&quot;jet_parallax_layout_bg_x_mobile&quot;:&quot;&quot;,&quot;jet_parallax_layout_bg_y&quot;:50,&quot;jet_parallax_layout_bg_y_tablet&quot;:&quot;&quot;,&quot;jet_parallax_layout_bg_y_mobile&quot;:&quot;&quot;,&quot;jet_parallax_layout_bg_size&quot;:&quot;auto&quot;,&quot;jet_parallax_layout_bg_size_tablet&quot;:&quot;&quot;,&quot;jet_parallax_layout_bg_size_mobile&quot;:&quot;&quot;,&quot;jet_parallax_layout_animation_prop&quot;:&quot;transform&quot;,&quot;jet_parallax_layout_on&quot;:[&quot;desktop&quot;,&quot;tablet&quot;]}],&quot;background_background&quot;:&quot;classic&quot;,&quot;_ha_eqh_enable&quot;:false}\">\n\t\t\t\t\t\t<div class=\"elementor-container elementor-column-gap-default\">\n\t\t\t\t\t<div class=\"elementor-column elementor-col-100 elementor-top-column elementor-element elementor-element-98fde3c\" data-id=\"98fde3c\" data-element_type=\"column\">\n\t\t\t<div class=\"elementor-widget-wrap elementor-element-populated\">\n\t\t\t\t\t\t<div class=\"elementor-element elementor-element-df50b80 elementor-widget elementor-widget-spacer\" data-id=\"df50b80\" data-element_type=\"widget\" data-widget_type=\"spacer.default\">\n\t\t\t\t\t\t\t<div class=\"elementor-spacer\">\n\t\t\t<div class=\"elementor-spacer-inner\"><\/div>\n\t\t<\/div>\n\t\t\t\t\t\t<\/div>\n\t\t\t\t\t<\/div>\n\t\t<\/div>\n\t\t\t\t\t<\/div>\n\t\t<\/section>\n\t\t\t\t<section class=\"elementor-section elementor-top-section elementor-element elementor-element-45258ee elementor-section-full_width elementor-section-height-default elementor-section-height-default\" data-id=\"45258ee\" data-element_type=\"section\" data-settings=\"{&quot;jet_parallax_layout_list&quot;:[],&quot;_ha_eqh_enable&quot;:false}\">\n\t\t\t\t\t\t<div class=\"elementor-container elementor-column-gap-custom\">\n\t\t\t\t\t<div class=\"elementor-column elementor-col-12 elementor-top-column elementor-element elementor-element-dd54a23\" data-id=\"dd54a23\" data-element_type=\"column\">\n\t\t\t<div class=\"elementor-widget-wrap elementor-element-populated\">\n\t\t\t\t\t\t<div class=\"elementor-element elementor-element-6fffb5e elementor-align-justify ha-has-bg-overlay elementor-widget elementor-widget-button\" data-id=\"6fffb5e\" data-element_type=\"widget\" data-widget_type=\"button.default\">\n\t\t\t\t\t\t\t\t\t\t<a class=\"elementor-button elementor-button-link elementor-size-sm\" href=\"https:\/\/femivoz.es\/fr\/category\/lgbtqia\/\">\n\t\t\t\t\t\t<span class=\"elementor-button-content-wrapper\">\n\t\t\t\t\t\t\t\t\t<span class=\"elementor-button-text\">LGBTQIA+<\/span>\n\t\t\t\t\t<\/span>\n\t\t\t\t\t<\/a>\n\t\t\t\t\t\t\t\t<\/div>\n\t\t\t\t\t<\/div>\n\t\t<\/div>\n\t\t\t\t<div class=\"elementor-column elementor-col-12 elementor-top-column elementor-element elementor-element-c3c75ae\" data-id=\"c3c75ae\" data-element_type=\"column\">\n\t\t\t<div class=\"elementor-widget-wrap elementor-element-populated\">\n\t\t\t\t\t\t<div class=\"elementor-element elementor-element-1ef9db6 elementor-align-justify elementor-widget elementor-widget-button\" data-id=\"1ef9db6\" data-element_type=\"widget\" data-widget_type=\"button.default\">\n\t\t\t\t\t\t\t\t\t\t<a class=\"elementor-button elementor-button-link elementor-size-sm\" href=\"https:\/\/femivoz.es\/fr\/category\/logopedie\/\">\n\t\t\t\t\t\t<span class=\"elementor-button-content-wrapper\">\n\t\t\t\t\t\t\t\t\t<span class=\"elementor-button-text\">LOGOP\u00c9DIE<\/span>\n\t\t\t\t\t<\/span>\n\t\t\t\t\t<\/a>\n\t\t\t\t\t\t\t\t<\/div>\n\t\t\t\t\t<\/div>\n\t\t<\/div>\n\t\t\t\t<div class=\"elementor-column elementor-col-12 elementor-top-column elementor-element elementor-element-0adfa5a\" data-id=\"0adfa5a\" data-element_type=\"column\">\n\t\t\t<div class=\"elementor-widget-wrap elementor-element-populated\">\n\t\t\t\t\t\t<div class=\"elementor-element elementor-element-20dbde6 elementor-align-justify elementor-widget elementor-widget-button\" data-id=\"20dbde6\" data-element_type=\"widget\" data-widget_type=\"button.default\">\n\t\t\t\t\t\t\t\t\t\t<a class=\"elementor-button elementor-button-link elementor-size-sm\" href=\"https:\/\/femivoz.es\/fr\/category\/logopedie\/feminisation-de-la-voix\/\">\n\t\t\t\t\t\t<span class=\"elementor-button-content-wrapper\">\n\t\t\t\t\t\t\t\t\t<span class=\"elementor-button-text\">F\u00c9MINISATION DE LA VOIX<\/span>\n\t\t\t\t\t<\/span>\n\t\t\t\t\t<\/a>\n\t\t\t\t\t\t\t\t<\/div>\n\t\t\t\t\t<\/div>\n\t\t<\/div>\n\t\t\t\t<div class=\"elementor-column elementor-col-12 elementor-top-column elementor-element elementor-element-2cbe460\" data-id=\"2cbe460\" data-element_type=\"column\">\n\t\t\t<div class=\"elementor-widget-wrap elementor-element-populated\">\n\t\t\t\t\t\t<div class=\"elementor-element elementor-element-d64f03b elementor-align-justify elementor-widget elementor-widget-button\" data-id=\"d64f03b\" data-element_type=\"widget\" data-widget_type=\"button.default\">\n\t\t\t\t\t\t\t\t\t\t<a class=\"elementor-button elementor-button-link elementor-size-sm\" href=\"https:\/\/femivoz.es\/fr\/category\/logopedie\/masculinisation-de-la-voix\/\">\n\t\t\t\t\t\t<span class=\"elementor-button-content-wrapper\">\n\t\t\t\t\t\t\t\t\t<span class=\"elementor-button-text\">MASCULINISATION DE LA VOIX<\/span>\n\t\t\t\t\t<\/span>\n\t\t\t\t\t<\/a>\n\t\t\t\t\t\t\t\t<\/div>\n\t\t\t\t\t<\/div>\n\t\t<\/div>\n\t\t\t\t<div class=\"elementor-column elementor-col-12 elementor-top-column elementor-element elementor-element-aa4250a\" data-id=\"aa4250a\" data-element_type=\"column\">\n\t\t\t<div class=\"elementor-widget-wrap elementor-element-populated\">\n\t\t\t\t\t\t<div class=\"elementor-element elementor-element-1614dcd elementor-align-justify elementor-widget elementor-widget-button\" data-id=\"1614dcd\" data-element_type=\"widget\" data-widget_type=\"button.default\">\n\t\t\t\t\t\t\t\t\t\t<a class=\"elementor-button elementor-button-link elementor-size-sm\" href=\"https:\/\/femivoz.es\/fr\/tag\/transidentite\/\">\n\t\t\t\t\t\t<span class=\"elementor-button-content-wrapper\">\n\t\t\t\t\t\t\t\t\t<span class=\"elementor-button-text\">TRANSIDENTIT\u00c9<\/span>\n\t\t\t\t\t<\/span>\n\t\t\t\t\t<\/a>\n\t\t\t\t\t\t\t\t<\/div>\n\t\t\t\t\t<\/div>\n\t\t<\/div>\n\t\t\t\t<div class=\"elementor-column elementor-col-12 elementor-top-column elementor-element elementor-element-f7cb469\" data-id=\"f7cb469\" data-element_type=\"column\">\n\t\t\t<div class=\"elementor-widget-wrap elementor-element-populated\">\n\t\t\t\t\t\t<div class=\"elementor-element elementor-element-7103c32 elementor-align-justify elementor-widget elementor-widget-button\" data-id=\"7103c32\" data-element_type=\"widget\" data-widget_type=\"button.default\">\n\t\t\t\t\t\t\t\t\t\t<a class=\"elementor-button elementor-button-link elementor-size-sm\" href=\"https:\/\/femivoz.es\/fr\/category\/logopedie\/chirurgie\/\">\n\t\t\t\t\t\t<span class=\"elementor-button-content-wrapper\">\n\t\t\t\t\t\t\t\t\t<span class=\"elementor-button-text\">CHIRURGIE<\/span>\n\t\t\t\t\t<\/span>\n\t\t\t\t\t<\/a>\n\t\t\t\t\t\t\t\t<\/div>\n\t\t\t\t\t<\/div>\n\t\t<\/div>\n\t\t\t\t<div class=\"elementor-column elementor-col-12 elementor-top-column elementor-element elementor-element-b984307\" data-id=\"b984307\" data-element_type=\"column\">\n\t\t\t<div class=\"elementor-widget-wrap elementor-element-populated\">\n\t\t\t\t\t\t<div class=\"elementor-element elementor-element-8709829 elementor-align-justify elementor-widget elementor-widget-button\" data-id=\"8709829\" data-element_type=\"widget\" data-widget_type=\"button.default\">\n\t\t\t\t\t\t\t\t\t\t<a class=\"elementor-button elementor-button-link elementor-size-sm\" href=\"https:\/\/femivoz.es\/fr\/category\/logopedie\/sante-vocale\/\">\n\t\t\t\t\t\t<span class=\"elementor-button-content-wrapper\">\n\t\t\t\t\t\t\t\t\t<span class=\"elementor-button-text\">SANT\u00c9 VOCALE<\/span>\n\t\t\t\t\t<\/span>\n\t\t\t\t\t<\/a>\n\t\t\t\t\t\t\t\t<\/div>\n\t\t\t\t\t<\/div>\n\t\t<\/div>\n\t\t\t\t<div class=\"elementor-column elementor-col-12 elementor-top-column elementor-element elementor-element-88cf5f6\" data-id=\"88cf5f6\" data-element_type=\"column\">\n\t\t\t<div class=\"elementor-widget-wrap elementor-element-populated\">\n\t\t\t\t\t\t<div class=\"elementor-element elementor-element-1b4cda2 elementor-align-justify elementor-widget elementor-widget-button\" data-id=\"1b4cda2\" data-element_type=\"widget\" data-widget_type=\"button.default\">\n\t\t\t\t\t\t\t\t\t\t<a class=\"elementor-button elementor-button-link elementor-size-sm\" href=\"https:\/\/femivoz.es\/fr\/blog\/\">\n\t\t\t\t\t\t<span class=\"elementor-button-content-wrapper\">\n\t\t\t\t\t\t\t\t\t<span class=\"elementor-button-text\">TOUS LES ARTICLES<\/span>\n\t\t\t\t\t<\/span>\n\t\t\t\t\t<\/a>\n\t\t\t\t\t\t\t\t<\/div>\n\t\t\t\t\t<\/div>\n\t\t<\/div>\n\t\t\t\t\t<\/div>\n\t\t<\/section>\n\t\t\t\t<section class=\"elementor-section elementor-top-section elementor-element elementor-element-0334494 elementor-section-boxed elementor-section-height-default elementor-section-height-default\" data-id=\"0334494\" data-element_type=\"section\" data-settings=\"{&quot;jet_parallax_layout_list&quot;:[{&quot;jet_parallax_layout_image&quot;:{&quot;url&quot;:&quot;&quot;,&quot;id&quot;:&quot;&quot;,&quot;size&quot;:&quot;&quot;},&quot;_id&quot;:&quot;9451e6a&quot;,&quot;jet_parallax_layout_image_tablet&quot;:{&quot;url&quot;:&quot;&quot;,&quot;id&quot;:&quot;&quot;,&quot;size&quot;:&quot;&quot;},&quot;jet_parallax_layout_image_mobile&quot;:{&quot;url&quot;:&quot;&quot;,&quot;id&quot;:&quot;&quot;,&quot;size&quot;:&quot;&quot;},&quot;jet_parallax_layout_speed&quot;:{&quot;unit&quot;:&quot;%&quot;,&quot;size&quot;:50,&quot;sizes&quot;:[]},&quot;jet_parallax_layout_type&quot;:&quot;scroll&quot;,&quot;jet_parallax_layout_direction&quot;:&quot;1&quot;,&quot;jet_parallax_layout_fx_direction&quot;:null,&quot;jet_parallax_layout_z_index&quot;:&quot;&quot;,&quot;jet_parallax_layout_bg_x&quot;:50,&quot;jet_parallax_layout_bg_x_tablet&quot;:&quot;&quot;,&quot;jet_parallax_layout_bg_x_mobile&quot;:&quot;&quot;,&quot;jet_parallax_layout_bg_y&quot;:50,&quot;jet_parallax_layout_bg_y_tablet&quot;:&quot;&quot;,&quot;jet_parallax_layout_bg_y_mobile&quot;:&quot;&quot;,&quot;jet_parallax_layout_bg_size&quot;:&quot;auto&quot;,&quot;jet_parallax_layout_bg_size_tablet&quot;:&quot;&quot;,&quot;jet_parallax_layout_bg_size_mobile&quot;:&quot;&quot;,&quot;jet_parallax_layout_animation_prop&quot;:&quot;transform&quot;,&quot;jet_parallax_layout_on&quot;:[&quot;desktop&quot;,&quot;tablet&quot;]}],&quot;_ha_eqh_enable&quot;:false}\">\n\t\t\t\t\t\t<div class=\"elementor-container elementor-column-gap-default\">\n\t\t\t\t\t<div class=\"elementor-column elementor-col-100 elementor-top-column elementor-element elementor-element-42a21da\" data-id=\"42a21da\" data-element_type=\"column\">\n\t\t\t<div class=\"elementor-widget-wrap elementor-element-populated\">\n\t\t\t\t\t\t<div class=\"elementor-element elementor-element-3f4cedf elementor-widget elementor-widget-spacer\" data-id=\"3f4cedf\" data-element_type=\"widget\" data-widget_type=\"spacer.default\">\n\t\t\t\t\t\t\t<div class=\"elementor-spacer\">\n\t\t\t<div class=\"elementor-spacer-inner\"><\/div>\n\t\t<\/div>\n\t\t\t\t\t\t<\/div>\n\t\t\t\t\t<\/div>\n\t\t<\/div>\n\t\t\t\t\t<\/div>\n\t\t<\/section>\n\t\t\t\t<section class=\"elementor-section elementor-top-section elementor-element elementor-element-6a228c73 elementor-section-full_width elementor-section-height-default elementor-section-height-default\" data-id=\"6a228c73\" data-element_type=\"section\" data-settings=\"{&quot;jet_parallax_layout_list&quot;:[{&quot;jet_parallax_layout_image&quot;:{&quot;url&quot;:&quot;&quot;,&quot;id&quot;:&quot;&quot;,&quot;size&quot;:&quot;&quot;},&quot;_id&quot;:&quot;8a8c84b&quot;,&quot;jet_parallax_layout_image_tablet&quot;:{&quot;url&quot;:&quot;&quot;,&quot;id&quot;:&quot;&quot;,&quot;size&quot;:&quot;&quot;},&quot;jet_parallax_layout_image_mobile&quot;:{&quot;url&quot;:&quot;&quot;,&quot;id&quot;:&quot;&quot;,&quot;size&quot;:&quot;&quot;},&quot;jet_parallax_layout_speed&quot;:{&quot;unit&quot;:&quot;%&quot;,&quot;size&quot;:50,&quot;sizes&quot;:[]},&quot;jet_parallax_layout_type&quot;:&quot;scroll&quot;,&quot;jet_parallax_layout_direction&quot;:&quot;1&quot;,&quot;jet_parallax_layout_fx_direction&quot;:null,&quot;jet_parallax_layout_z_index&quot;:&quot;&quot;,&quot;jet_parallax_layout_bg_x&quot;:50,&quot;jet_parallax_layout_bg_x_tablet&quot;:&quot;&quot;,&quot;jet_parallax_layout_bg_x_mobile&quot;:&quot;&quot;,&quot;jet_parallax_layout_bg_y&quot;:50,&quot;jet_parallax_layout_bg_y_tablet&quot;:&quot;&quot;,&quot;jet_parallax_layout_bg_y_mobile&quot;:&quot;&quot;,&quot;jet_parallax_layout_bg_size&quot;:&quot;auto&quot;,&quot;jet_parallax_layout_bg_size_tablet&quot;:&quot;&quot;,&quot;jet_parallax_layout_bg_size_mobile&quot;:&quot;&quot;,&quot;jet_parallax_layout_animation_prop&quot;:&quot;transform&quot;,&quot;jet_parallax_layout_on&quot;:[&quot;desktop&quot;,&quot;tablet&quot;]}],&quot;_ha_eqh_enable&quot;:false}\">\n\t\t\t\t\t\t<div class=\"elementor-container elementor-column-gap-default\">\n\t\t\t\t\t<div class=\"elementor-column elementor-col-100 elementor-top-column elementor-element elementor-element-493ab81f\" data-id=\"493ab81f\" data-element_type=\"column\">\n\t\t\t<div class=\"elementor-widget-wrap elementor-element-populated\">\n\t\t\t\t\t\t<div class=\"elementor-element elementor-element-1a2fc02 elementor-grid-5 elementor-posts--align-left elementor-grid-tablet-2 elementor-grid-mobile-1 elementor-posts--thumbnail-top elementor-posts--show-avatar elementor-card-shadow-yes elementor-posts__hover-gradient elementor-widget elementor-widget-posts\" data-id=\"1a2fc02\" data-element_type=\"widget\" data-settings=\"{&quot;cards_columns&quot;:&quot;5&quot;,&quot;pagination_type&quot;:&quot;numbers&quot;,&quot;cards_columns_tablet&quot;:&quot;2&quot;,&quot;cards_columns_mobile&quot;:&quot;1&quot;,&quot;cards_row_gap&quot;:{&quot;unit&quot;:&quot;px&quot;,&quot;size&quot;:35,&quot;sizes&quot;:[]},&quot;cards_row_gap_tablet&quot;:{&quot;unit&quot;:&quot;px&quot;,&quot;size&quot;:&quot;&quot;,&quot;sizes&quot;:[]},&quot;cards_row_gap_mobile&quot;:{&quot;unit&quot;:&quot;px&quot;,&quot;size&quot;:&quot;&quot;,&quot;sizes&quot;:[]}}\" data-widget_type=\"posts.cards\">\n\t\t\t\t<div class=\"elementor-widget-container\">\n\t\t\t\t\t\t\t<div class=\"elementor-posts-container elementor-posts elementor-posts--skin-cards elementor-grid\" role=\"list\">\n\t\t\t\t<article class=\"elementor-post elementor-grid-item post-53052 post type-post status-publish format-standard has-post-thumbnail hentry category-lgbtqia tag-lgbtqia-fr tag-marielaastudillo-fr tag-vocologielgbtqia\" role=\"listitem\">\n\t\t\t<div class=\"elementor-post__card\">\n\t\t\t\t<a class=\"elementor-post__thumbnail__link\" href=\"https:\/\/femivoz.es\/fr\/la-logopedie-lgbtqia-au-dela-de-la-feminisation-de-la-voix\/\" tabindex=\"-1\" ><div class=\"elementor-post__thumbnail\"><img decoding=\"async\" width=\"768\" height=\"295\" src=\"https:\/\/femivoz.es\/wp-content\/uploads\/VOCOLOGIA-LGBTQIA-4-1-768x295.png\" class=\"attachment-medium_large size-medium_large wp-image-53048\" alt=\"La vocolog\u00eda LGBTQIA+, m\u00e1s all\u00e1 de la feminizaci\u00f3n de la voz\" srcset=\"https:\/\/femivoz.es\/wp-content\/uploads\/VOCOLOGIA-LGBTQIA-4-1-768x295.png 768w, https:\/\/femivoz.es\/wp-content\/uploads\/VOCOLOGIA-LGBTQIA-4-1-300x115.png 300w, https:\/\/femivoz.es\/wp-content\/uploads\/VOCOLOGIA-LGBTQIA-4-1-150x58.png 150w, https:\/\/femivoz.es\/wp-content\/uploads\/VOCOLOGIA-LGBTQIA-4-1-510x196.png 510w, https:\/\/femivoz.es\/wp-content\/uploads\/VOCOLOGIA-LGBTQIA-4-1.png 820w\" sizes=\"(max-width: 768px) 100vw, 768px\" \/><\/div><\/a>\n\t\t\t\t<div class=\"elementor-post__badge\">#LGBTQIA+<\/div>\n\t\t\t\t<div class=\"elementor-post__avatar\">\n\t\t\t<img alt='MARIELA ASTUDILLO RAM\u00cdREZ' src='https:\/\/secure.gravatar.com\/avatar\/928f9828915696e14c2a38413871ed84aee84ab3d58353f47c32d0ca8c11a9d6?s=128&#038;d=mm&#038;r=g' srcset='https:\/\/secure.gravatar.com\/avatar\/928f9828915696e14c2a38413871ed84aee84ab3d58353f47c32d0ca8c11a9d6?s=256&#038;d=mm&#038;r=g 2x' class='avatar avatar-128 photo' height='128' width='128' \/>\t\t<\/div>\n\t\t\t\t<div class=\"elementor-post__text\">\n\t\t\t\t<h3 class=\"elementor-post__title\">\n\t\t\t<a href=\"https:\/\/femivoz.es\/fr\/la-logopedie-lgbtqia-au-dela-de-la-feminisation-de-la-voix\/\" >\n\t\t\t\tLa logop\u00e9die LGBTQIA+ : au-del\u00e0 de la f\u00e9minisation de la voix\t\t\t<\/a>\n\t\t<\/h3>\n\t\t\t\t<div class=\"elementor-post__excerpt\">\n\t\t\t<p>La logop\u00e9die LGBTQIA+ ouvre les portes \u00e0 un \u00e9veil des consciences face \u00e0 la libert\u00e9 identitaire, expressive et \u00e9motionnelle. Dans cette \u00e9volution, ou encore, dans cette R\u00c9VOLUTION identitaire, l&rsquo;\u00e9l\u00e9ment le plus important est bien s\u00fbr l&rsquo;\u00eatre humain. Lequel d\u00e9fie les<\/p>\n\t\t<\/div>\n\t\t\n\t\t<a class=\"elementor-post__read-more\" href=\"https:\/\/femivoz.es\/fr\/la-logopedie-lgbtqia-au-dela-de-la-feminisation-de-la-voix\/\" aria-label=\"En savoir plus sur La logop\u00e9die LGBTQIA+ : au-del\u00e0 de la f\u00e9minisation de la voix\" tabindex=\"-1\" >\n\t\t\tLire l'article &gt;&gt;\t\t<\/a>\n\n\t\t\t\t<\/div>\n\t\t\t\t\t<\/div>\n\t\t<\/article>\n\t\t\t\t<article class=\"elementor-post elementor-grid-item post-48363 post type-post status-publish format-standard has-post-thumbnail hentry category-feminisation-de-la-voix category-lgbtqia category-logopedie tag-feminisation-de-la-voix tag-methode-astudillo tag-voix-feminine\" role=\"listitem\">\n\t\t\t<div class=\"elementor-post__card\">\n\t\t\t\t<a class=\"elementor-post__thumbnail__link\" href=\"https:\/\/femivoz.es\/fr\/la-feminisation-de-la-voix-et-le-naturel\/\" tabindex=\"-1\" ><div class=\"elementor-post__thumbnail\"><img decoding=\"async\" width=\"768\" height=\"292\" src=\"https:\/\/femivoz.es\/wp-content\/uploads\/LA-FEMINIZACION-DE-LA-VOZ_-\u00bfCOMO-CREAR-UNA-NUEVA-NATURALIDAD-768x292.png\" class=\"attachment-medium_large size-medium_large wp-image-51830\" alt=\"La f\u00e9minisation de la voix avec de la logop\u00e9die\" srcset=\"https:\/\/femivoz.es\/wp-content\/uploads\/LA-FEMINIZACION-DE-LA-VOZ_-\u00bfCOMO-CREAR-UNA-NUEVA-NATURALIDAD-768x292.png 768w, https:\/\/femivoz.es\/wp-content\/uploads\/LA-FEMINIZACION-DE-LA-VOZ_-\u00bfCOMO-CREAR-UNA-NUEVA-NATURALIDAD-300x114.png 300w, https:\/\/femivoz.es\/wp-content\/uploads\/LA-FEMINIZACION-DE-LA-VOZ_-\u00bfCOMO-CREAR-UNA-NUEVA-NATURALIDAD-1024x389.png 1024w, https:\/\/femivoz.es\/wp-content\/uploads\/LA-FEMINIZACION-DE-LA-VOZ_-\u00bfCOMO-CREAR-UNA-NUEVA-NATURALIDAD-150x57.png 150w, https:\/\/femivoz.es\/wp-content\/uploads\/LA-FEMINIZACION-DE-LA-VOZ_-\u00bfCOMO-CREAR-UNA-NUEVA-NATURALIDAD-510x194.png 510w, https:\/\/femivoz.es\/wp-content\/uploads\/LA-FEMINIZACION-DE-LA-VOZ_-\u00bfCOMO-CREAR-UNA-NUEVA-NATURALIDAD.png 1139w\" sizes=\"(max-width: 768px) 100vw, 768px\" \/><\/div><\/a>\n\t\t\t\t<div class=\"elementor-post__badge\">#F\u00c9MINISATIONDELAVOIX<\/div>\n\t\t\t\t<div class=\"elementor-post__avatar\">\n\t\t\t<img alt='MARIELA ASTUDILLO RAM\u00cdREZ' src='https:\/\/secure.gravatar.com\/avatar\/928f9828915696e14c2a38413871ed84aee84ab3d58353f47c32d0ca8c11a9d6?s=128&#038;d=mm&#038;r=g' srcset='https:\/\/secure.gravatar.com\/avatar\/928f9828915696e14c2a38413871ed84aee84ab3d58353f47c32d0ca8c11a9d6?s=256&#038;d=mm&#038;r=g 2x' class='avatar avatar-128 photo' height='128' width='128' \/>\t\t<\/div>\n\t\t\t\t<div class=\"elementor-post__text\">\n\t\t\t\t<h3 class=\"elementor-post__title\">\n\t\t\t<a href=\"https:\/\/femivoz.es\/fr\/la-feminisation-de-la-voix-et-le-naturel\/\" >\n\t\t\t\tLa f\u00e9minisation de la voix : comment cr\u00e9er un nouveau naturel ?\t\t\t<\/a>\n\t\t<\/h3>\n\t\t\t\t<div class=\"elementor-post__excerpt\">\n\t\t\t<p>Qu\u2019est-ce que le naturel ? Le naturel par d\u00e9finition est quelque chose qui nous est propre, et donc, par cons\u00e9quent, qui se r\u00e9p\u00e8te. Si nous partons de cette pr\u00e9misse, nous nous rendons rapidement compte qu&rsquo;il est tout \u00e0 fait possible<\/p>\n\t\t<\/div>\n\t\t\n\t\t<a class=\"elementor-post__read-more\" href=\"https:\/\/femivoz.es\/fr\/la-feminisation-de-la-voix-et-le-naturel\/\" aria-label=\"En savoir plus sur La f\u00e9minisation de la voix : comment cr\u00e9er un nouveau naturel ?\" tabindex=\"-1\" >\n\t\t\tLire l'article &gt;&gt;\t\t<\/a>\n\n\t\t\t\t<\/div>\n\t\t\t\t\t<\/div>\n\t\t<\/article>\n\t\t\t\t<article class=\"elementor-post elementor-grid-item post-47808 post type-post status-publish format-standard has-post-thumbnail hentry category-feminisation-de-la-voix category-logopedie category-methode-astudillo tag-feminisation-de-la-voix tag-logopedie tag-voix-feminine\" role=\"listitem\">\n\t\t\t<div class=\"elementor-post__card\">\n\t\t\t\t<a class=\"elementor-post__thumbnail__link\" href=\"https:\/\/femivoz.es\/fr\/feminiser-une-voix-masculine\/\" tabindex=\"-1\" ><div class=\"elementor-post__thumbnail\"><img loading=\"lazy\" decoding=\"async\" width=\"768\" height=\"292\" src=\"https:\/\/femivoz.es\/wp-content\/uploads\/\u00bfCOMO-FEMINIZAR-UNA-VOZ-MASCULINA-768x292.png\" class=\"attachment-medium_large size-medium_large wp-image-51827\" alt=\"comment f\u00e9miniser une voix masculine ?\" srcset=\"https:\/\/femivoz.es\/wp-content\/uploads\/\u00bfCOMO-FEMINIZAR-UNA-VOZ-MASCULINA-768x292.png 768w, https:\/\/femivoz.es\/wp-content\/uploads\/\u00bfCOMO-FEMINIZAR-UNA-VOZ-MASCULINA-300x114.png 300w, https:\/\/femivoz.es\/wp-content\/uploads\/\u00bfCOMO-FEMINIZAR-UNA-VOZ-MASCULINA-1024x389.png 1024w, https:\/\/femivoz.es\/wp-content\/uploads\/\u00bfCOMO-FEMINIZAR-UNA-VOZ-MASCULINA-150x57.png 150w, https:\/\/femivoz.es\/wp-content\/uploads\/\u00bfCOMO-FEMINIZAR-UNA-VOZ-MASCULINA-510x194.png 510w, https:\/\/femivoz.es\/wp-content\/uploads\/\u00bfCOMO-FEMINIZAR-UNA-VOZ-MASCULINA.png 1139w\" sizes=\"(max-width: 768px) 100vw, 768px\" \/><\/div><\/a>\n\t\t\t\t<div class=\"elementor-post__badge\">#F\u00c9MINISATIONDELAVOIX<\/div>\n\t\t\t\t<div class=\"elementor-post__avatar\">\n\t\t\t<img alt='MARIELA ASTUDILLO RAM\u00cdREZ' src='https:\/\/secure.gravatar.com\/avatar\/928f9828915696e14c2a38413871ed84aee84ab3d58353f47c32d0ca8c11a9d6?s=128&#038;d=mm&#038;r=g' srcset='https:\/\/secure.gravatar.com\/avatar\/928f9828915696e14c2a38413871ed84aee84ab3d58353f47c32d0ca8c11a9d6?s=256&#038;d=mm&#038;r=g 2x' class='avatar avatar-128 photo' height='128' width='128' \/>\t\t<\/div>\n\t\t\t\t<div class=\"elementor-post__text\">\n\t\t\t\t<h3 class=\"elementor-post__title\">\n\t\t\t<a href=\"https:\/\/femivoz.es\/fr\/feminiser-une-voix-masculine\/\" >\n\t\t\t\tF\u00c9MINISER UNE VOIX MASCULINE : COMMENT FAIRE ?\t\t\t<\/a>\n\t\t<\/h3>\n\t\t\t\t<div class=\"elementor-post__excerpt\">\n\t\t\t<p>La f\u00e9minisation de la voix devient de plus en plus connue surtout dans les milieux li\u00e9s \u00e0 la voix transidentitaire, mais \u00e9galement dans tout autre secteur li\u00e9 de pr\u00e8s ou de loin \u00e0 l&rsquo;expression et \u00e0 la communication. Ainsi, nous<\/p>\n\t\t<\/div>\n\t\t\n\t\t<a class=\"elementor-post__read-more\" href=\"https:\/\/femivoz.es\/fr\/feminiser-une-voix-masculine\/\" aria-label=\"En savoir plus sur F\u00c9MINISER UNE VOIX MASCULINE : COMMENT FAIRE ?\" tabindex=\"-1\" >\n\t\t\tLire l'article &gt;&gt;\t\t<\/a>\n\n\t\t\t\t<\/div>\n\t\t\t\t\t<\/div>\n\t\t<\/article>\n\t\t\t\t<article class=\"elementor-post elementor-grid-item post-47619 post type-post status-publish format-standard has-post-thumbnail hentry category-feminisation-de-la-voix category-logopedie category-methode-astudillo tag-feminisation-de-la-voix tag-logopedie tag-methode-astudillo\" role=\"listitem\">\n\t\t\t<div class=\"elementor-post__card\">\n\t\t\t\t<a class=\"elementor-post__thumbnail__link\" href=\"https:\/\/femivoz.es\/fr\/identite-et-feminisation-de-la-voix\/\" tabindex=\"-1\" ><div class=\"elementor-post__thumbnail\"><img loading=\"lazy\" decoding=\"async\" width=\"768\" height=\"292\" src=\"https:\/\/femivoz.es\/wp-content\/uploads\/IDENTIDAD-Y-FEMINIZACION-DE-LA-VOZ-1-768x292.png\" class=\"attachment-medium_large size-medium_large wp-image-51825\" alt=\"Identidad y feminizaci\u00f3n de la voz\" srcset=\"https:\/\/femivoz.es\/wp-content\/uploads\/IDENTIDAD-Y-FEMINIZACION-DE-LA-VOZ-1-768x292.png 768w, https:\/\/femivoz.es\/wp-content\/uploads\/IDENTIDAD-Y-FEMINIZACION-DE-LA-VOZ-1-300x114.png 300w, https:\/\/femivoz.es\/wp-content\/uploads\/IDENTIDAD-Y-FEMINIZACION-DE-LA-VOZ-1-1024x389.png 1024w, https:\/\/femivoz.es\/wp-content\/uploads\/IDENTIDAD-Y-FEMINIZACION-DE-LA-VOZ-1-150x57.png 150w, https:\/\/femivoz.es\/wp-content\/uploads\/IDENTIDAD-Y-FEMINIZACION-DE-LA-VOZ-1-510x194.png 510w, https:\/\/femivoz.es\/wp-content\/uploads\/IDENTIDAD-Y-FEMINIZACION-DE-LA-VOZ-1.png 1139w\" sizes=\"(max-width: 768px) 100vw, 768px\" \/><\/div><\/a>\n\t\t\t\t<div class=\"elementor-post__badge\">#F\u00c9MINISATIONDELAVOIX<\/div>\n\t\t\t\t<div class=\"elementor-post__avatar\">\n\t\t\t<img alt='FEMIVOZ' src='https:\/\/secure.gravatar.com\/avatar\/9bb57af3a3b0b0c7b54a4ccc4aff34bf27533559ead028e1fe79c3e8dd78504d?s=128&#038;d=mm&#038;r=g' srcset='https:\/\/secure.gravatar.com\/avatar\/9bb57af3a3b0b0c7b54a4ccc4aff34bf27533559ead028e1fe79c3e8dd78504d?s=256&#038;d=mm&#038;r=g 2x' class='avatar avatar-128 photo' height='128' width='128' \/>\t\t<\/div>\n\t\t\t\t<div class=\"elementor-post__text\">\n\t\t\t\t<h3 class=\"elementor-post__title\">\n\t\t\t<a href=\"https:\/\/femivoz.es\/fr\/identite-et-feminisation-de-la-voix\/\" >\n\t\t\t\tIDENTIT\u00c9 ET F\u00c9MINISATION DE LA VOIX\t\t\t<\/a>\n\t\t<\/h3>\n\t\t\t\t<div class=\"elementor-post__excerpt\">\n\t\t\t<p>\u00a0 Cela fait d\u00e9j\u00e0 plusieurs d\u00e9cennies que l&rsquo;identit\u00e9 se trouve au centre de tous les discours, de tous les d\u00e9bats, de tous les questionnements. En effet, le questionnement identitaire prend de plus en plus place dans nos soci\u00e9t\u00e9s surtout parmi<\/p>\n\t\t<\/div>\n\t\t\n\t\t<a class=\"elementor-post__read-more\" href=\"https:\/\/femivoz.es\/fr\/identite-et-feminisation-de-la-voix\/\" aria-label=\"En savoir plus sur IDENTIT\u00c9 ET F\u00c9MINISATION DE LA VOIX\" tabindex=\"-1\" >\n\t\t\tLire l'article &gt;&gt;\t\t<\/a>\n\n\t\t\t\t<\/div>\n\t\t\t\t\t<\/div>\n\t\t<\/article>\n\t\t\t\t<article class=\"elementor-post elementor-grid-item post-47587 post type-post status-publish format-standard has-post-thumbnail hentry category-logopedie category-masculinisation-de-la-voix tag-logopedie tag-masculinisationdelavoix\" role=\"listitem\">\n\t\t\t<div class=\"elementor-post__card\">\n\t\t\t\t<a class=\"elementor-post__thumbnail__link\" href=\"https:\/\/femivoz.es\/fr\/en-quoi-consiste-masculiniser-la-voix\/\" tabindex=\"-1\" ><div class=\"elementor-post__thumbnail\"><img loading=\"lazy\" decoding=\"async\" width=\"768\" height=\"295\" src=\"https:\/\/femivoz.es\/wp-content\/uploads\/Masculinizacion-de-la-voz-768x295.png\" class=\"attachment-medium_large size-medium_large wp-image-53623\" alt=\"Logopedia para masculinizar la voz de los hombres trans\" srcset=\"https:\/\/femivoz.es\/wp-content\/uploads\/Masculinizacion-de-la-voz-768x295.png 768w, https:\/\/femivoz.es\/wp-content\/uploads\/Masculinizacion-de-la-voz-300x115.png 300w, https:\/\/femivoz.es\/wp-content\/uploads\/Masculinizacion-de-la-voz-150x58.png 150w, https:\/\/femivoz.es\/wp-content\/uploads\/Masculinizacion-de-la-voz-510x196.png 510w, https:\/\/femivoz.es\/wp-content\/uploads\/Masculinizacion-de-la-voz.png 820w\" sizes=\"(max-width: 768px) 100vw, 768px\" \/><\/div><\/a>\n\t\t\t\t<div class=\"elementor-post__badge\">#LOGOP\u00c9DIE<\/div>\n\t\t\t\t<div class=\"elementor-post__avatar\">\n\t\t\t<img alt='MARIELA ASTUDILLO RAM\u00cdREZ' src='https:\/\/secure.gravatar.com\/avatar\/928f9828915696e14c2a38413871ed84aee84ab3d58353f47c32d0ca8c11a9d6?s=128&#038;d=mm&#038;r=g' srcset='https:\/\/secure.gravatar.com\/avatar\/928f9828915696e14c2a38413871ed84aee84ab3d58353f47c32d0ca8c11a9d6?s=256&#038;d=mm&#038;r=g 2x' class='avatar avatar-128 photo' height='128' width='128' \/>\t\t<\/div>\n\t\t\t\t<div class=\"elementor-post__text\">\n\t\t\t\t<h3 class=\"elementor-post__title\">\n\t\t\t<a href=\"https:\/\/femivoz.es\/fr\/en-quoi-consiste-masculiniser-la-voix\/\" >\n\t\t\t\tEn quoi consiste masculiniser la voix ?\t\t\t<\/a>\n\t\t<\/h3>\n\t\t\t\t<div class=\"elementor-post__excerpt\">\n\t\t\t<p>Masculiniser la voix consiste \u00e0 caract\u00e9riser au masculin une voix ou une expression, en se basant sur la vision de la masculinit\u00e9 et de la voix masculine de la personne. Il s\u2019agit d\u2019un entra\u00eenement vocal sp\u00e9cifique destin\u00e9 \u00e0 diff\u00e9rents profils<\/p>\n\t\t<\/div>\n\t\t\n\t\t<a class=\"elementor-post__read-more\" href=\"https:\/\/femivoz.es\/fr\/en-quoi-consiste-masculiniser-la-voix\/\" aria-label=\"En savoir plus sur En quoi consiste masculiniser la voix ?\" tabindex=\"-1\" >\n\t\t\tLire l'article &gt;&gt;\t\t<\/a>\n\n\t\t\t\t<\/div>\n\t\t\t\t\t<\/div>\n\t\t<\/article>\n\t\t\t\t<article class=\"elementor-post elementor-grid-item post-47153 post type-post status-publish format-standard has-post-thumbnail hentry category-feminisation-de-la-voix category-logopedie category-methode-astudillo tag-feminisation-de-la-voix tag-logopedie tag-methode-astudillo\" role=\"listitem\">\n\t\t\t<div class=\"elementor-post__card\">\n\t\t\t\t<a class=\"elementor-post__thumbnail__link\" href=\"https:\/\/femivoz.es\/fr\/pourquoi-feminiser-la-voix-avec-de-lorthophonie-de-la-logopedie-de-la-vocologie-ou-le-coaching-vocal\/\" tabindex=\"-1\" ><div class=\"elementor-post__thumbnail\"><img loading=\"lazy\" decoding=\"async\" width=\"768\" height=\"292\" src=\"https:\/\/femivoz.es\/wp-content\/uploads\/\u00bfPor-que-feminizar-la-voz-con-logopedia-768x292.png\" class=\"attachment-medium_large size-medium_large wp-image-47139\" alt=\"Pourquoi f\u00e9miniser la voix avec de la logop\u00e9die, de l&#039;orthophonie, de la vocologie ou du coaching vocal\" srcset=\"https:\/\/femivoz.es\/wp-content\/uploads\/\u00bfPor-que-feminizar-la-voz-con-logopedia-768x292.png 768w, https:\/\/femivoz.es\/wp-content\/uploads\/\u00bfPor-que-feminizar-la-voz-con-logopedia-300x114.png 300w, https:\/\/femivoz.es\/wp-content\/uploads\/\u00bfPor-que-feminizar-la-voz-con-logopedia-150x57.png 150w, https:\/\/femivoz.es\/wp-content\/uploads\/\u00bfPor-que-feminizar-la-voz-con-logopedia-510x194.png 510w, https:\/\/femivoz.es\/wp-content\/uploads\/\u00bfPor-que-feminizar-la-voz-con-logopedia.png 828w\" sizes=\"(max-width: 768px) 100vw, 768px\" \/><\/div><\/a>\n\t\t\t\t<div class=\"elementor-post__badge\">#F\u00c9MINISATIONDELAVOIX<\/div>\n\t\t\t\t<div class=\"elementor-post__avatar\">\n\t\t\t<img alt='FEMIVOZ' src='https:\/\/secure.gravatar.com\/avatar\/9bb57af3a3b0b0c7b54a4ccc4aff34bf27533559ead028e1fe79c3e8dd78504d?s=128&#038;d=mm&#038;r=g' srcset='https:\/\/secure.gravatar.com\/avatar\/9bb57af3a3b0b0c7b54a4ccc4aff34bf27533559ead028e1fe79c3e8dd78504d?s=256&#038;d=mm&#038;r=g 2x' class='avatar avatar-128 photo' height='128' width='128' \/>\t\t<\/div>\n\t\t\t\t<div class=\"elementor-post__text\">\n\t\t\t\t<h3 class=\"elementor-post__title\">\n\t\t\t<a href=\"https:\/\/femivoz.es\/fr\/pourquoi-feminiser-la-voix-avec-de-lorthophonie-de-la-logopedie-de-la-vocologie-ou-le-coaching-vocal\/\" >\n\t\t\t\tPOURQUOI F\u00c9MINISER LA VOIX AVEC DE L\u2019ORTHOPHONIE, DE LA LOGOP\u00c9DIE, DE LA VOCOLOGIE OU LE COACHING VOCAL\t\t\t<\/a>\n\t\t<\/h3>\n\t\t\t\t<div class=\"elementor-post__excerpt\">\n\t\t\t<p>\u00a0 Lorsque j&rsquo;ai commenc\u00e9 \u00e0 travailler dans le secteur de la f\u00e9minisation de la voie, il y a de cela 18 ans, la f\u00e9minisation de la voix \u00e9tait une discipline presque invisible, introuvable, absente. Lorsque j&rsquo;ai d\u00e9cid\u00e9 de cr\u00e9er mon<\/p>\n\t\t<\/div>\n\t\t\n\t\t<a class=\"elementor-post__read-more\" href=\"https:\/\/femivoz.es\/fr\/pourquoi-feminiser-la-voix-avec-de-lorthophonie-de-la-logopedie-de-la-vocologie-ou-le-coaching-vocal\/\" aria-label=\"En savoir plus sur POURQUOI F\u00c9MINISER LA VOIX AVEC DE L\u2019ORTHOPHONIE, DE LA LOGOP\u00c9DIE, DE LA VOCOLOGIE OU LE COACHING VOCAL\" tabindex=\"-1\" >\n\t\t\tLire l'article &gt;&gt;\t\t<\/a>\n\n\t\t\t\t<\/div>\n\t\t\t\t\t<\/div>\n\t\t<\/article>\n\t\t\t\t<article class=\"elementor-post elementor-grid-item post-46567 post type-post status-publish format-standard has-post-thumbnail hentry category-feminisation-de-la-voix category-logopedie tag-feminisation-de-la-voix tag-methode-astudillo\" role=\"listitem\">\n\t\t\t<div class=\"elementor-post__card\">\n\t\t\t\t<a class=\"elementor-post__thumbnail__link\" href=\"https:\/\/femivoz.es\/fr\/la-dysphorie-de-genre-et-la-feminisation-de-la-voix\/\" tabindex=\"-1\" ><div class=\"elementor-post__thumbnail\"><img loading=\"lazy\" decoding=\"async\" width=\"768\" height=\"292\" src=\"https:\/\/femivoz.es\/wp-content\/uploads\/La-disforia-de-genero-y-la-feminizacion-de-la-voz-768x292.png\" class=\"attachment-medium_large size-medium_large wp-image-51843\" alt=\"La disforia de ge\u0301nero y la feminizacio\u0301n de la voz\" srcset=\"https:\/\/femivoz.es\/wp-content\/uploads\/La-disforia-de-genero-y-la-feminizacion-de-la-voz-768x292.png 768w, https:\/\/femivoz.es\/wp-content\/uploads\/La-disforia-de-genero-y-la-feminizacion-de-la-voz-300x114.png 300w, https:\/\/femivoz.es\/wp-content\/uploads\/La-disforia-de-genero-y-la-feminizacion-de-la-voz-1024x389.png 1024w, https:\/\/femivoz.es\/wp-content\/uploads\/La-disforia-de-genero-y-la-feminizacion-de-la-voz-150x57.png 150w, https:\/\/femivoz.es\/wp-content\/uploads\/La-disforia-de-genero-y-la-feminizacion-de-la-voz-510x194.png 510w, https:\/\/femivoz.es\/wp-content\/uploads\/La-disforia-de-genero-y-la-feminizacion-de-la-voz.png 1139w\" sizes=\"(max-width: 768px) 100vw, 768px\" \/><\/div><\/a>\n\t\t\t\t<div class=\"elementor-post__badge\">#F\u00c9MINISATIONDELAVOIX<\/div>\n\t\t\t\t<div class=\"elementor-post__avatar\">\n\t\t\t<img alt='FEMIVOZ' src='https:\/\/secure.gravatar.com\/avatar\/9bb57af3a3b0b0c7b54a4ccc4aff34bf27533559ead028e1fe79c3e8dd78504d?s=128&#038;d=mm&#038;r=g' srcset='https:\/\/secure.gravatar.com\/avatar\/9bb57af3a3b0b0c7b54a4ccc4aff34bf27533559ead028e1fe79c3e8dd78504d?s=256&#038;d=mm&#038;r=g 2x' class='avatar avatar-128 photo' height='128' width='128' \/>\t\t<\/div>\n\t\t\t\t<div class=\"elementor-post__text\">\n\t\t\t\t<h3 class=\"elementor-post__title\">\n\t\t\t<a href=\"https:\/\/femivoz.es\/fr\/la-dysphorie-de-genre-et-la-feminisation-de-la-voix\/\" >\n\t\t\t\tLa dysphorie de genre et la f\u00e9minisation de la voix\t\t\t<\/a>\n\t\t<\/h3>\n\t\t\t\t<div class=\"elementor-post__excerpt\">\n\t\t\t<p>\u00a0 La dysphorie de genre ne se limite pas seulement \u00e0 des aspects comme les v\u00eatements ou les comportements, mais peut aussi affecter la voix. Il est essentiel de souligner que, depuis la d\u00e9pathologisation trans, cette disconformit\u00e9 n\u2019est plus class\u00e9e<\/p>\n\t\t<\/div>\n\t\t\n\t\t<a class=\"elementor-post__read-more\" href=\"https:\/\/femivoz.es\/fr\/la-dysphorie-de-genre-et-la-feminisation-de-la-voix\/\" aria-label=\"En savoir plus sur La dysphorie de genre et la f\u00e9minisation de la voix\" tabindex=\"-1\" >\n\t\t\tLire l'article &gt;&gt;\t\t<\/a>\n\n\t\t\t\t<\/div>\n\t\t\t\t\t<\/div>\n\t\t<\/article>\n\t\t\t\t<article class=\"elementor-post elementor-grid-item post-46542 post type-post status-publish format-standard has-post-thumbnail hentry category-feminisation-de-la-voix category-logopedie category-methode-astudillo tag-feminisation-de-la-voix tag-methode-astudillo\" role=\"listitem\">\n\t\t\t<div class=\"elementor-post__card\">\n\t\t\t\t<a class=\"elementor-post__thumbnail__link\" href=\"https:\/\/femivoz.es\/fr\/en-quoi-consiste-lentrainement-de-feminisation-de-la-voix\/\" tabindex=\"-1\" ><div class=\"elementor-post__thumbnail\"><img loading=\"lazy\" decoding=\"async\" width=\"768\" height=\"292\" src=\"https:\/\/femivoz.es\/wp-content\/uploads\/Que-es-el-entrenamiento-de-feminizacion-de-la-voz-768x292.png\" class=\"attachment-medium_large size-medium_large wp-image-47388\" alt=\"L&#039;entra\u00eenement de f\u00e9minisation de la voix\" srcset=\"https:\/\/femivoz.es\/wp-content\/uploads\/Que-es-el-entrenamiento-de-feminizacion-de-la-voz-768x292.png 768w, https:\/\/femivoz.es\/wp-content\/uploads\/Que-es-el-entrenamiento-de-feminizacion-de-la-voz-300x114.png 300w, https:\/\/femivoz.es\/wp-content\/uploads\/Que-es-el-entrenamiento-de-feminizacion-de-la-voz-150x57.png 150w, https:\/\/femivoz.es\/wp-content\/uploads\/Que-es-el-entrenamiento-de-feminizacion-de-la-voz-510x194.png 510w, https:\/\/femivoz.es\/wp-content\/uploads\/Que-es-el-entrenamiento-de-feminizacion-de-la-voz.png 828w\" sizes=\"(max-width: 768px) 100vw, 768px\" \/><\/div><\/a>\n\t\t\t\t<div class=\"elementor-post__badge\">#F\u00c9MINISATIONDELAVOIX<\/div>\n\t\t\t\t<div class=\"elementor-post__avatar\">\n\t\t\t<img alt='FEMIVOZ' src='https:\/\/secure.gravatar.com\/avatar\/9bb57af3a3b0b0c7b54a4ccc4aff34bf27533559ead028e1fe79c3e8dd78504d?s=128&#038;d=mm&#038;r=g' srcset='https:\/\/secure.gravatar.com\/avatar\/9bb57af3a3b0b0c7b54a4ccc4aff34bf27533559ead028e1fe79c3e8dd78504d?s=256&#038;d=mm&#038;r=g 2x' class='avatar avatar-128 photo' height='128' width='128' \/>\t\t<\/div>\n\t\t\t\t<div class=\"elementor-post__text\">\n\t\t\t\t<h3 class=\"elementor-post__title\">\n\t\t\t<a href=\"https:\/\/femivoz.es\/fr\/en-quoi-consiste-lentrainement-de-feminisation-de-la-voix\/\" >\n\t\t\t\tEn quoi consiste l\u2019entra\u00eenement de f\u00e9minisation de la voix ?\t\t\t<\/a>\n\t\t<\/h3>\n\t\t\t\t<div class=\"elementor-post__excerpt\">\n\t\t\t<p>\u00a0 La f\u00e9minisation de la voix implique un processus logop\u00e9dique, orthophonique ou vocologique qui vise \u00e0 caract\u00e9riser la voix et la fa\u00e7on de parler au f\u00e9minin. Cette demande provient principalement de personnes transgenres, cisgenres, non binaires, transformistes, acteurs et professionnels<\/p>\n\t\t<\/div>\n\t\t\n\t\t<a class=\"elementor-post__read-more\" href=\"https:\/\/femivoz.es\/fr\/en-quoi-consiste-lentrainement-de-feminisation-de-la-voix\/\" aria-label=\"En savoir plus sur En quoi consiste l\u2019entra\u00eenement de f\u00e9minisation de la voix ?\" tabindex=\"-1\" >\n\t\t\tLire l'article &gt;&gt;\t\t<\/a>\n\n\t\t\t\t<\/div>\n\t\t\t\t\t<\/div>\n\t\t<\/article>\n\t\t\t\t<article class=\"elementor-post elementor-grid-item post-46258 post type-post status-publish format-standard has-post-thumbnail hentry category-feminisation-de-la-voix category-lgbtqia category-logopedie category-methode-astudillo category-transidentite tag-feminisation-de-la-voix tag-identite tag-questionnementidentitaire\" role=\"listitem\">\n\t\t\t<div class=\"elementor-post__card\">\n\t\t\t\t<a class=\"elementor-post__thumbnail__link\" href=\"https:\/\/femivoz.es\/fr\/questionnement-identitaire-et-feminisation-de-la-voix\/\" tabindex=\"-1\" ><div class=\"elementor-post__thumbnail\"><img loading=\"lazy\" decoding=\"async\" width=\"768\" height=\"295\" src=\"https:\/\/femivoz.es\/wp-content\/uploads\/CUESTIONAMIENTO-IDENTITARIO-Y-FEMINIZACION-DE-LA-VOZ-2-768x295.png\" class=\"attachment-medium_large size-medium_large wp-image-53595\" alt=\"Feminizaci\u00f3n de la voz y cuestionamiento identitario\" srcset=\"https:\/\/femivoz.es\/wp-content\/uploads\/CUESTIONAMIENTO-IDENTITARIO-Y-FEMINIZACION-DE-LA-VOZ-2-768x295.png 768w, https:\/\/femivoz.es\/wp-content\/uploads\/CUESTIONAMIENTO-IDENTITARIO-Y-FEMINIZACION-DE-LA-VOZ-2-300x115.png 300w, https:\/\/femivoz.es\/wp-content\/uploads\/CUESTIONAMIENTO-IDENTITARIO-Y-FEMINIZACION-DE-LA-VOZ-2-150x58.png 150w, https:\/\/femivoz.es\/wp-content\/uploads\/CUESTIONAMIENTO-IDENTITARIO-Y-FEMINIZACION-DE-LA-VOZ-2-510x196.png 510w, https:\/\/femivoz.es\/wp-content\/uploads\/CUESTIONAMIENTO-IDENTITARIO-Y-FEMINIZACION-DE-LA-VOZ-2.png 820w\" sizes=\"(max-width: 768px) 100vw, 768px\" \/><\/div><\/a>\n\t\t\t\t<div class=\"elementor-post__badge\">#F\u00c9MINISATIONDELAVOIX<\/div>\n\t\t\t\t<div class=\"elementor-post__avatar\">\n\t\t\t<img alt='MARIELA ASTUDILLO RAM\u00cdREZ' src='https:\/\/secure.gravatar.com\/avatar\/928f9828915696e14c2a38413871ed84aee84ab3d58353f47c32d0ca8c11a9d6?s=128&#038;d=mm&#038;r=g' srcset='https:\/\/secure.gravatar.com\/avatar\/928f9828915696e14c2a38413871ed84aee84ab3d58353f47c32d0ca8c11a9d6?s=256&#038;d=mm&#038;r=g 2x' class='avatar avatar-128 photo' height='128' width='128' \/>\t\t<\/div>\n\t\t\t\t<div class=\"elementor-post__text\">\n\t\t\t\t<h3 class=\"elementor-post__title\">\n\t\t\t<a href=\"https:\/\/femivoz.es\/fr\/questionnement-identitaire-et-feminisation-de-la-voix\/\" >\n\t\t\t\tQUESTIONNEMENT IDENTITAIRE ET F\u00c9MINISATION DE LA VOIX\t\t\t<\/a>\n\t\t<\/h3>\n\t\t\t\t<div class=\"elementor-post__excerpt\">\n\t\t\t<p>Aujourd\u2019hui, la coh\u00e9rence entre la voix et l\u2019identit\u00e9 est un facteur cl\u00e9 pour les personnes transidentitaires. Pour cette raison, le questionnement identitaire est de plus en plus fr\u00e9quent chez les personnes qui cherchent des moyens pour modifier leur voix afin<\/p>\n\t\t<\/div>\n\t\t\n\t\t<a class=\"elementor-post__read-more\" href=\"https:\/\/femivoz.es\/fr\/questionnement-identitaire-et-feminisation-de-la-voix\/\" aria-label=\"En savoir plus sur QUESTIONNEMENT IDENTITAIRE ET F\u00c9MINISATION DE LA VOIX\" tabindex=\"-1\" >\n\t\t\tLire l'article &gt;&gt;\t\t<\/a>\n\n\t\t\t\t<\/div>\n\t\t\t\t\t<\/div>\n\t\t<\/article>\n\t\t\t\t<article class=\"elementor-post elementor-grid-item post-46182 post type-post status-publish format-standard has-post-thumbnail hentry category-feminisation-de-la-voix category-logopedie category-methode-astudillo tag-feminisation-de-la-voix tag-methode-astudillo\" role=\"listitem\">\n\t\t\t<div class=\"elementor-post__card\">\n\t\t\t\t<a class=\"elementor-post__thumbnail__link\" href=\"https:\/\/femivoz.es\/fr\/la-methode-astudillo-et-la-feminisation-de-la-voix\/\" tabindex=\"-1\" ><div class=\"elementor-post__thumbnail\"><img loading=\"lazy\" decoding=\"async\" width=\"768\" height=\"292\" src=\"https:\/\/femivoz.es\/wp-content\/uploads\/Metodo-Astudillo-768x292.png\" class=\"attachment-medium_large size-medium_large wp-image-47408\" alt=\"El M\u00e9todo Astudillo y la feminizaci\u00f3n de la voz\" srcset=\"https:\/\/femivoz.es\/wp-content\/uploads\/Metodo-Astudillo-768x292.png 768w, https:\/\/femivoz.es\/wp-content\/uploads\/Metodo-Astudillo-300x114.png 300w, https:\/\/femivoz.es\/wp-content\/uploads\/Metodo-Astudillo-150x57.png 150w, https:\/\/femivoz.es\/wp-content\/uploads\/Metodo-Astudillo-510x194.png 510w, https:\/\/femivoz.es\/wp-content\/uploads\/Metodo-Astudillo.png 828w\" sizes=\"(max-width: 768px) 100vw, 768px\" \/><\/div><\/a>\n\t\t\t\t<div class=\"elementor-post__badge\">#F\u00c9MINISATIONDELAVOIX<\/div>\n\t\t\t\t<div class=\"elementor-post__avatar\">\n\t\t\t<img alt='MARIELA ASTUDILLO RAM\u00cdREZ' src='https:\/\/secure.gravatar.com\/avatar\/928f9828915696e14c2a38413871ed84aee84ab3d58353f47c32d0ca8c11a9d6?s=128&#038;d=mm&#038;r=g' srcset='https:\/\/secure.gravatar.com\/avatar\/928f9828915696e14c2a38413871ed84aee84ab3d58353f47c32d0ca8c11a9d6?s=256&#038;d=mm&#038;r=g 2x' class='avatar avatar-128 photo' height='128' width='128' \/>\t\t<\/div>\n\t\t\t\t<div class=\"elementor-post__text\">\n\t\t\t\t<h3 class=\"elementor-post__title\">\n\t\t\t<a href=\"https:\/\/femivoz.es\/fr\/la-methode-astudillo-et-la-feminisation-de-la-voix\/\" >\n\t\t\t\tLa M\u00e9thode Astudillo et la f\u00e9minisation de la voix\t\t\t<\/a>\n\t\t<\/h3>\n\t\t\t\t<div class=\"elementor-post__excerpt\">\n\t\t\t<p>La demande de f\u00e9minisation de la voix a augment\u00e9 ces derni\u00e8res d\u00e9cennies, en particulier de la part de personnes transgenres cherchant un entra\u00eenement vocal pour trouver un \u00e9quilibre entre leur voix, leur personnalit\u00e9 et leur identit\u00e9. Bien qu&rsquo;il existe des<\/p>\n\t\t<\/div>\n\t\t\n\t\t<a class=\"elementor-post__read-more\" href=\"https:\/\/femivoz.es\/fr\/la-methode-astudillo-et-la-feminisation-de-la-voix\/\" aria-label=\"En savoir plus sur La M\u00e9thode Astudillo et la f\u00e9minisation de la voix\" tabindex=\"-1\" >\n\t\t\tLire l'article &gt;&gt;\t\t<\/a>\n\n\t\t\t\t<\/div>\n\t\t\t\t\t<\/div>\n\t\t<\/article>\n\t\t\t\t<article class=\"elementor-post elementor-grid-item post-46109 post type-post status-publish format-standard has-post-thumbnail hentry category-lgbtqia category-monde-lgbtqia category-transidentite tag-lgbtqia-fr tag-methode-astudillo tag-projetemily tag-transidentite\" role=\"listitem\">\n\t\t\t<div class=\"elementor-post__card\">\n\t\t\t\t<a class=\"elementor-post__thumbnail__link\" href=\"https:\/\/femivoz.es\/fr\/le-projet-emilie\/\" tabindex=\"-1\" ><div class=\"elementor-post__thumbnail\"><img loading=\"lazy\" decoding=\"async\" width=\"768\" height=\"292\" src=\"https:\/\/femivoz.es\/wp-content\/uploads\/Proyecto-Emily-768x292.png\" class=\"attachment-medium_large size-medium_large wp-image-47413\" alt=\"El Proyecto Emily\" srcset=\"https:\/\/femivoz.es\/wp-content\/uploads\/Proyecto-Emily-768x292.png 768w, https:\/\/femivoz.es\/wp-content\/uploads\/Proyecto-Emily-300x114.png 300w, https:\/\/femivoz.es\/wp-content\/uploads\/Proyecto-Emily-150x57.png 150w, https:\/\/femivoz.es\/wp-content\/uploads\/Proyecto-Emily-510x194.png 510w, https:\/\/femivoz.es\/wp-content\/uploads\/Proyecto-Emily.png 828w\" sizes=\"(max-width: 768px) 100vw, 768px\" \/><\/div><\/a>\n\t\t\t\t<div class=\"elementor-post__badge\">#LGBTQIA+<\/div>\n\t\t\t\t<div class=\"elementor-post__avatar\">\n\t\t\t<img alt='FEMIVOZ' src='https:\/\/secure.gravatar.com\/avatar\/9bb57af3a3b0b0c7b54a4ccc4aff34bf27533559ead028e1fe79c3e8dd78504d?s=128&#038;d=mm&#038;r=g' srcset='https:\/\/secure.gravatar.com\/avatar\/9bb57af3a3b0b0c7b54a4ccc4aff34bf27533559ead028e1fe79c3e8dd78504d?s=256&#038;d=mm&#038;r=g 2x' class='avatar avatar-128 photo' height='128' width='128' \/>\t\t<\/div>\n\t\t\t\t<div class=\"elementor-post__text\">\n\t\t\t\t<h3 class=\"elementor-post__title\">\n\t\t\t<a href=\"https:\/\/femivoz.es\/fr\/le-projet-emilie\/\" >\n\t\t\t\tLe Projet \u00c9milie\t\t\t<\/a>\n\t\t<\/h3>\n\t\t\t\t<div class=\"elementor-post__excerpt\">\n\t\t\t<p>\u00a0 Dans ce livre pour enfants \u00ab\u00a0Si, si, je suis une fille !\u00a0\u00bb l\u2019auteure Mariella Astudillo, logop\u00e8de sp\u00e9cialis\u00e9e en f\u00e9minisation et en harmonisation de la voix et de la parole, nous offre une histoire simple et touchante qui explore les<\/p>\n\t\t<\/div>\n\t\t\n\t\t<a class=\"elementor-post__read-more\" href=\"https:\/\/femivoz.es\/fr\/le-projet-emilie\/\" aria-label=\"En savoir plus sur Le Projet \u00c9milie\" tabindex=\"-1\" >\n\t\t\tLire l'article &gt;&gt;\t\t<\/a>\n\n\t\t\t\t<\/div>\n\t\t\t\t\t<\/div>\n\t\t<\/article>\n\t\t\t\t<article class=\"elementor-post elementor-grid-item post-45001 post type-post status-publish format-standard has-post-thumbnail hentry category-feminisation-de-la-voix category-logopedie tag-feminisation-de-la-voix tag-lgbtqia-fr tag-methode-astudillo tag-voix-feminine\" role=\"listitem\">\n\t\t\t<div class=\"elementor-post__card\">\n\t\t\t\t<a class=\"elementor-post__thumbnail__link\" href=\"https:\/\/femivoz.es\/fr\/10-questions-sur-la-feminisation-de-la-voix\/\" tabindex=\"-1\" ><div class=\"elementor-post__thumbnail\"><img loading=\"lazy\" decoding=\"async\" width=\"768\" height=\"292\" src=\"https:\/\/femivoz.es\/wp-content\/uploads\/10-preguntas-feminizacion-1-768x292.png\" class=\"attachment-medium_large size-medium_large wp-image-47428\" alt=\"10 preguntas sobre la feminizaci\u00f3n de la voz\" srcset=\"https:\/\/femivoz.es\/wp-content\/uploads\/10-preguntas-feminizacion-1-768x292.png 768w, https:\/\/femivoz.es\/wp-content\/uploads\/10-preguntas-feminizacion-1-300x114.png 300w, https:\/\/femivoz.es\/wp-content\/uploads\/10-preguntas-feminizacion-1-150x57.png 150w, https:\/\/femivoz.es\/wp-content\/uploads\/10-preguntas-feminizacion-1-510x194.png 510w, https:\/\/femivoz.es\/wp-content\/uploads\/10-preguntas-feminizacion-1.png 828w\" sizes=\"(max-width: 768px) 100vw, 768px\" \/><\/div><\/a>\n\t\t\t\t<div class=\"elementor-post__badge\">#F\u00c9MINISATIONDELAVOIX<\/div>\n\t\t\t\t<div class=\"elementor-post__avatar\">\n\t\t\t<img alt='FEMIVOZ' src='https:\/\/secure.gravatar.com\/avatar\/9bb57af3a3b0b0c7b54a4ccc4aff34bf27533559ead028e1fe79c3e8dd78504d?s=128&#038;d=mm&#038;r=g' srcset='https:\/\/secure.gravatar.com\/avatar\/9bb57af3a3b0b0c7b54a4ccc4aff34bf27533559ead028e1fe79c3e8dd78504d?s=256&#038;d=mm&#038;r=g 2x' class='avatar avatar-128 photo' height='128' width='128' \/>\t\t<\/div>\n\t\t\t\t<div class=\"elementor-post__text\">\n\t\t\t\t<h3 class=\"elementor-post__title\">\n\t\t\t<a href=\"https:\/\/femivoz.es\/fr\/10-questions-sur-la-feminisation-de-la-voix\/\" >\n\t\t\t\t10 questions sur la f\u00e9minisation de la voix\t\t\t<\/a>\n\t\t<\/h3>\n\t\t\t\t<div class=\"elementor-post__excerpt\">\n\t\t\t<p>\u00a0 Vous \u00eates \u00e0 la recherche d\u2019un entra\u00eenement vocal qui vous permettra de trouver un \u00e9quilibre vocal, \u00e9motionnel et identitaire? Que vous soyez une personne qui \u00e9prouve un besoin de modifier sa voix, car celle-ci ne vous pla\u00eet pas, un<\/p>\n\t\t<\/div>\n\t\t\n\t\t<a class=\"elementor-post__read-more\" href=\"https:\/\/femivoz.es\/fr\/10-questions-sur-la-feminisation-de-la-voix\/\" aria-label=\"En savoir plus sur 10 questions sur la f\u00e9minisation de la voix\" tabindex=\"-1\" >\n\t\t\tLire l'article &gt;&gt;\t\t<\/a>\n\n\t\t\t\t<\/div>\n\t\t\t\t\t<\/div>\n\t\t<\/article>\n\t\t\t\t<article class=\"elementor-post elementor-grid-item post-41834 post type-post status-publish format-standard has-post-thumbnail hentry category-feminisation-de-la-voix category-logopedie category-voix tag-feminisation-de-la-voix tag-logopedie tag-methode-astudillo\" role=\"listitem\">\n\t\t\t<div class=\"elementor-post__card\">\n\t\t\t\t<a class=\"elementor-post__thumbnail__link\" href=\"https:\/\/femivoz.es\/fr\/la-feminisation-de-la-voix-chez-les-femmes-cisgenres-et-le-reajustement-voco-emotionnel\/\" tabindex=\"-1\" ><div class=\"elementor-post__thumbnail\"><img loading=\"lazy\" decoding=\"async\" width=\"768\" height=\"292\" src=\"https:\/\/femivoz.es\/wp-content\/uploads\/reajuste-voco-emocional-1-768x292.png\" class=\"attachment-medium_large size-medium_large wp-image-52534\" alt=\"La f\u00e9minisation de la voix chez les femmes cisgenres\" srcset=\"https:\/\/femivoz.es\/wp-content\/uploads\/reajuste-voco-emocional-1-768x292.png 768w, https:\/\/femivoz.es\/wp-content\/uploads\/reajuste-voco-emocional-1-300x114.png 300w, https:\/\/femivoz.es\/wp-content\/uploads\/reajuste-voco-emocional-1-150x57.png 150w, https:\/\/femivoz.es\/wp-content\/uploads\/reajuste-voco-emocional-1-510x194.png 510w, https:\/\/femivoz.es\/wp-content\/uploads\/reajuste-voco-emocional-1.png 828w\" sizes=\"(max-width: 768px) 100vw, 768px\" \/><\/div><\/a>\n\t\t\t\t<div class=\"elementor-post__badge\">#F\u00c9MINISATIONDELAVOIX<\/div>\n\t\t\t\t<div class=\"elementor-post__avatar\">\n\t\t\t<img alt='MARIELA ASTUDILLO RAM\u00cdREZ' src='https:\/\/secure.gravatar.com\/avatar\/928f9828915696e14c2a38413871ed84aee84ab3d58353f47c32d0ca8c11a9d6?s=128&#038;d=mm&#038;r=g' srcset='https:\/\/secure.gravatar.com\/avatar\/928f9828915696e14c2a38413871ed84aee84ab3d58353f47c32d0ca8c11a9d6?s=256&#038;d=mm&#038;r=g 2x' class='avatar avatar-128 photo' height='128' width='128' \/>\t\t<\/div>\n\t\t\t\t<div class=\"elementor-post__text\">\n\t\t\t\t<h3 class=\"elementor-post__title\">\n\t\t\t<a href=\"https:\/\/femivoz.es\/fr\/la-feminisation-de-la-voix-chez-les-femmes-cisgenres-et-le-reajustement-voco-emotionnel\/\" >\n\t\t\t\tLa f\u00e9minisation de la voix chez les femmes cisgenres et le r\u00e9ajustement voco-\u00e9motionnel\t\t\t<\/a>\n\t\t<\/h3>\n\t\t\t\t<div class=\"elementor-post__excerpt\">\n\t\t\t<p>Lorsque j&rsquo;ai commenc\u00e9 \u00e0 travailler dans le domaine de la f\u00e9minisation de la voix, le 100% de mes patientes \u00e9taient des femmes transgenres ressentant le besoin d&rsquo;apporter plus de f\u00e9minit\u00e9 \u00e0 leur fa\u00e7on de s&rsquo;exprimer. Aujourd&rsquo;hui, 40% de mes patientes<\/p>\n\t\t<\/div>\n\t\t\n\t\t<a class=\"elementor-post__read-more\" href=\"https:\/\/femivoz.es\/fr\/la-feminisation-de-la-voix-chez-les-femmes-cisgenres-et-le-reajustement-voco-emotionnel\/\" aria-label=\"En savoir plus sur La f\u00e9minisation de la voix chez les femmes cisgenres et le r\u00e9ajustement voco-\u00e9motionnel\" tabindex=\"-1\" >\n\t\t\tLire l'article &gt;&gt;\t\t<\/a>\n\n\t\t\t\t<\/div>\n\t\t\t\t\t<\/div>\n\t\t<\/article>\n\t\t\t\t<article class=\"elementor-post elementor-grid-item post-41813 post type-post status-publish format-standard has-post-thumbnail hentry category-lgbtqia tag-feminisation-de-la-voix tag-logopedie\" role=\"listitem\">\n\t\t\t<div class=\"elementor-post__card\">\n\t\t\t\t<a class=\"elementor-post__thumbnail__link\" href=\"https:\/\/femivoz.es\/fr\/logopedie-et-feminisation-de-la-voix\/\" tabindex=\"-1\" ><div class=\"elementor-post__thumbnail\"><img loading=\"lazy\" decoding=\"async\" width=\"768\" height=\"295\" src=\"https:\/\/femivoz.es\/wp-content\/uploads\/Vocologia-LGBTQIA-2-768x295.png\" class=\"attachment-medium_large size-medium_large wp-image-53627\" alt=\"Vocologi\u0301a LGBTQIA+\" srcset=\"https:\/\/femivoz.es\/wp-content\/uploads\/Vocologia-LGBTQIA-2-768x295.png 768w, https:\/\/femivoz.es\/wp-content\/uploads\/Vocologia-LGBTQIA-2-300x115.png 300w, https:\/\/femivoz.es\/wp-content\/uploads\/Vocologia-LGBTQIA-2-150x58.png 150w, https:\/\/femivoz.es\/wp-content\/uploads\/Vocologia-LGBTQIA-2-510x196.png 510w, https:\/\/femivoz.es\/wp-content\/uploads\/Vocologia-LGBTQIA-2.png 820w\" sizes=\"(max-width: 768px) 100vw, 768px\" \/><\/div><\/a>\n\t\t\t\t<div class=\"elementor-post__badge\">#F\u00c9MINISATIONDELAVOIX<\/div>\n\t\t\t\t<div class=\"elementor-post__avatar\">\n\t\t\t<img alt='MARIELA ASTUDILLO RAM\u00cdREZ' src='https:\/\/secure.gravatar.com\/avatar\/928f9828915696e14c2a38413871ed84aee84ab3d58353f47c32d0ca8c11a9d6?s=128&#038;d=mm&#038;r=g' srcset='https:\/\/secure.gravatar.com\/avatar\/928f9828915696e14c2a38413871ed84aee84ab3d58353f47c32d0ca8c11a9d6?s=256&#038;d=mm&#038;r=g 2x' class='avatar avatar-128 photo' height='128' width='128' \/>\t\t<\/div>\n\t\t\t\t<div class=\"elementor-post__text\">\n\t\t\t\t<h3 class=\"elementor-post__title\">\n\t\t\t<a href=\"https:\/\/femivoz.es\/fr\/logopedie-et-feminisation-de-la-voix\/\" >\n\t\t\t\tLOGOP\u00c9DIE ET F\u00c9MINISATION DE LA VOIX\t\t\t<\/a>\n\t\t<\/h3>\n\t\t\t\t<div class=\"elementor-post__excerpt\">\n\t\t\t<p>De la logop\u00e9die \u00e0 la vocologie, en passant par le coaching vocal et la logop\u00e9die \u00e9motionnelle, voici comment je d\u00e9finis aujourd\u2019hui ma pratique.\u00a0 Cela fait d\u00e9j\u00e0 plusieurs ann\u00e9es que je ressens que la logop\u00e9die (ou l\u2019orthophonie) n&rsquo;est pas tout \u00e0<\/p>\n\t\t<\/div>\n\t\t\n\t\t<a class=\"elementor-post__read-more\" href=\"https:\/\/femivoz.es\/fr\/logopedie-et-feminisation-de-la-voix\/\" aria-label=\"En savoir plus sur LOGOP\u00c9DIE ET F\u00c9MINISATION DE LA VOIX\" tabindex=\"-1\" >\n\t\t\tLire l'article &gt;&gt;\t\t<\/a>\n\n\t\t\t\t<\/div>\n\t\t\t\t\t<\/div>\n\t\t<\/article>\n\t\t\t\t<article class=\"elementor-post elementor-grid-item post-40430 post type-post status-publish format-standard has-post-thumbnail hentry category-fierte-2022 category-lgbtqia category-monde-lgbtqia tag-lgbtqia-fr tag-mois-de-la-fierte tag-moisdesfiertes tag-revuesix\" role=\"listitem\">\n\t\t\t<div class=\"elementor-post__card\">\n\t\t\t\t<a class=\"elementor-post__thumbnail__link\" href=\"https:\/\/femivoz.es\/fr\/femivoz-soutient-la-revue-six\/\" tabindex=\"-1\" ><div class=\"elementor-post__thumbnail\"><img loading=\"lazy\" decoding=\"async\" width=\"768\" height=\"768\" src=\"https:\/\/femivoz.es\/wp-content\/uploads\/8ED73A95-183B-4EDD-9010-C10022AA1DFE-768x768.png\" class=\"attachment-medium_large size-medium_large wp-image-53497\" alt=\"Revista Six LGBTQIA+\" srcset=\"https:\/\/femivoz.es\/wp-content\/uploads\/8ED73A95-183B-4EDD-9010-C10022AA1DFE-768x768.png 768w, https:\/\/femivoz.es\/wp-content\/uploads\/8ED73A95-183B-4EDD-9010-C10022AA1DFE-300x300.png 300w, https:\/\/femivoz.es\/wp-content\/uploads\/8ED73A95-183B-4EDD-9010-C10022AA1DFE-1024x1024.png 1024w, https:\/\/femivoz.es\/wp-content\/uploads\/8ED73A95-183B-4EDD-9010-C10022AA1DFE-150x150.png 150w, https:\/\/femivoz.es\/wp-content\/uploads\/8ED73A95-183B-4EDD-9010-C10022AA1DFE-400x400.png 400w, https:\/\/femivoz.es\/wp-content\/uploads\/8ED73A95-183B-4EDD-9010-C10022AA1DFE-510x510.png 510w, https:\/\/femivoz.es\/wp-content\/uploads\/8ED73A95-183B-4EDD-9010-C10022AA1DFE-100x100.png 100w, https:\/\/femivoz.es\/wp-content\/uploads\/8ED73A95-183B-4EDD-9010-C10022AA1DFE.png 1080w\" sizes=\"(max-width: 768px) 100vw, 768px\" \/><\/div><\/a>\n\t\t\t\t<div class=\"elementor-post__badge\">#LGBTQIA+<\/div>\n\t\t\t\t<div class=\"elementor-post__avatar\">\n\t\t\t<img alt='FEMIVOZ' src='https:\/\/secure.gravatar.com\/avatar\/9bb57af3a3b0b0c7b54a4ccc4aff34bf27533559ead028e1fe79c3e8dd78504d?s=128&#038;d=mm&#038;r=g' srcset='https:\/\/secure.gravatar.com\/avatar\/9bb57af3a3b0b0c7b54a4ccc4aff34bf27533559ead028e1fe79c3e8dd78504d?s=256&#038;d=mm&#038;r=g 2x' class='avatar avatar-128 photo' height='128' width='128' \/>\t\t<\/div>\n\t\t\t\t<div class=\"elementor-post__text\">\n\t\t\t\t<h3 class=\"elementor-post__title\">\n\t\t\t<a href=\"https:\/\/femivoz.es\/fr\/femivoz-soutient-la-revue-six\/\" >\n\t\t\t\tFemivoz soutient la revue SIX et sera pr\u00e9sente \u00e0 la pride de Torremolinos\t\t\t<\/a>\n\t\t<\/h3>\n\t\t\t\t<div class=\"elementor-post__excerpt\">\n\t\t\t<p>\u00a0 Six, premi\u00e8re revue 100% LGBTQIA+ d\u2019Espagne Apr\u00e8s 3 ans de silence, suite \u00e0 la pand\u00e9mie, la revue gratuite Six revient en force avec une version digitale et lance \u00e0 nouveau la pride \u00e0 Torremolinos. On peut retrouver la revue<\/p>\n\t\t<\/div>\n\t\t\n\t\t<a class=\"elementor-post__read-more\" href=\"https:\/\/femivoz.es\/fr\/femivoz-soutient-la-revue-six\/\" aria-label=\"En savoir plus sur Femivoz soutient la revue SIX et sera pr\u00e9sente \u00e0 la pride de Torremolinos\" tabindex=\"-1\" >\n\t\t\tLire l'article &gt;&gt;\t\t<\/a>\n\n\t\t\t\t<\/div>\n\t\t\t\t\t<\/div>\n\t\t<\/article>\n\t\t\t\t<article class=\"elementor-post elementor-grid-item post-38726 post type-post status-publish format-standard has-post-thumbnail hentry category-logopedie category-methode-astudillo tag-feminisation-de-la-voix tag-logopedie tag-methode-astudillo\" role=\"listitem\">\n\t\t\t<div class=\"elementor-post__card\">\n\t\t\t\t<a class=\"elementor-post__thumbnail__link\" href=\"https:\/\/femivoz.es\/fr\/feminiser-la-communication-orale-et-plus-specifiquement-la-voix\/\" tabindex=\"-1\" ><div class=\"elementor-post__thumbnail\"><img loading=\"lazy\" decoding=\"async\" width=\"768\" height=\"292\" src=\"https:\/\/femivoz.es\/wp-content\/uploads\/2022\/04\/UPLF-768x292.png\" class=\"attachment-medium_large size-medium_large wp-image-38622\" alt=\"UPLF\" srcset=\"https:\/\/femivoz.es\/wp-content\/uploads\/2022\/04\/UPLF-768x292.png 768w, https:\/\/femivoz.es\/wp-content\/uploads\/2022\/04\/UPLF-510x194.png 510w, https:\/\/femivoz.es\/wp-content\/uploads\/2022\/04\/UPLF-300x114.png 300w, https:\/\/femivoz.es\/wp-content\/uploads\/2022\/04\/UPLF.png 828w\" sizes=\"(max-width: 768px) 100vw, 768px\" \/><\/div><\/a>\n\t\t\t\t<div class=\"elementor-post__badge\">#F\u00c9MINISATIONDELAVOIX<\/div>\n\t\t\t\t<div class=\"elementor-post__avatar\">\n\t\t\t<img alt='FEMIVOZ' src='https:\/\/secure.gravatar.com\/avatar\/9bb57af3a3b0b0c7b54a4ccc4aff34bf27533559ead028e1fe79c3e8dd78504d?s=128&#038;d=mm&#038;r=g' srcset='https:\/\/secure.gravatar.com\/avatar\/9bb57af3a3b0b0c7b54a4ccc4aff34bf27533559ead028e1fe79c3e8dd78504d?s=256&#038;d=mm&#038;r=g 2x' class='avatar avatar-128 photo' height='128' width='128' \/>\t\t<\/div>\n\t\t\t\t<div class=\"elementor-post__text\">\n\t\t\t\t<h3 class=\"elementor-post__title\">\n\t\t\t<a href=\"https:\/\/femivoz.es\/fr\/feminiser-la-communication-orale-et-plus-specifiquement-la-voix\/\" >\n\t\t\t\tF\u00e9miniser la communication orale et plus sp\u00e9cifiquement la voix\t\t\t<\/a>\n\t\t<\/h3>\n\t\t\t\t<div class=\"elementor-post__excerpt\">\n\t\t\t<p>Batoul JABER\u00b9,\u00b2 &amp; Dominique MORSOMME\u00b2, \u00b9Universit\u00e9 Saint Joseph de Beyrouth, Liban&nbsp;; \u00b2Research Unit for a life-Course perspective on Health and Education, Universit\u00e9 de Li\u00e8ge, Belgique Article publi\u00e9 initialement sur UPLF https:\/\/www.uplf.be\/ &#8211;&nbsp;IU n\u00ba 5\/2021. Nous tenons \u00e0 remercier chaleureusement les<\/p>\n\t\t<\/div>\n\t\t\n\t\t<a class=\"elementor-post__read-more\" href=\"https:\/\/femivoz.es\/fr\/feminiser-la-communication-orale-et-plus-specifiquement-la-voix\/\" aria-label=\"En savoir plus sur F\u00e9miniser la communication orale et plus sp\u00e9cifiquement la voix\" tabindex=\"-1\" >\n\t\t\tLire l'article &gt;&gt;\t\t<\/a>\n\n\t\t\t\t<\/div>\n\t\t\t\t\t<\/div>\n\t\t<\/article>\n\t\t\t\t<article class=\"elementor-post elementor-grid-item post-37720 post type-post status-publish format-standard has-post-thumbnail hentry category-chirurgie category-logopedie category-masculinisation-de-la-voix category-masculinizacion-de-la-voz tag-isshiki-fr tag-masculinisationdelavoix tag-thyroplastie\" role=\"listitem\">\n\t\t\t<div class=\"elementor-post__card\">\n\t\t\t\t<a class=\"elementor-post__thumbnail__link\" href=\"https:\/\/femivoz.es\/fr\/hormonotherapie-et-masculinisation-de-la-voix\/\" tabindex=\"-1\" ><div class=\"elementor-post__thumbnail\"><img loading=\"lazy\" decoding=\"async\" width=\"768\" height=\"295\" src=\"https:\/\/femivoz.es\/wp-content\/uploads\/Hormonacion-y-masculinizacion-de-la-voz-768x295.png\" class=\"attachment-medium_large size-medium_large wp-image-53648\" alt=\"Hormonacio\u0301n y masculinizacio\u0301n de la voz\" srcset=\"https:\/\/femivoz.es\/wp-content\/uploads\/Hormonacion-y-masculinizacion-de-la-voz-768x295.png 768w, https:\/\/femivoz.es\/wp-content\/uploads\/Hormonacion-y-masculinizacion-de-la-voz-300x115.png 300w, https:\/\/femivoz.es\/wp-content\/uploads\/Hormonacion-y-masculinizacion-de-la-voz-150x58.png 150w, https:\/\/femivoz.es\/wp-content\/uploads\/Hormonacion-y-masculinizacion-de-la-voz-510x196.png 510w, https:\/\/femivoz.es\/wp-content\/uploads\/Hormonacion-y-masculinizacion-de-la-voz.png 820w\" sizes=\"(max-width: 768px) 100vw, 768px\" \/><\/div><\/a>\n\t\t\t\t<div class=\"elementor-post__badge\">#ISSHIKI<\/div>\n\t\t\t\t<div class=\"elementor-post__avatar\">\n\t\t\t<img alt='FEMIVOZ' src='https:\/\/secure.gravatar.com\/avatar\/9bb57af3a3b0b0c7b54a4ccc4aff34bf27533559ead028e1fe79c3e8dd78504d?s=128&#038;d=mm&#038;r=g' srcset='https:\/\/secure.gravatar.com\/avatar\/9bb57af3a3b0b0c7b54a4ccc4aff34bf27533559ead028e1fe79c3e8dd78504d?s=256&#038;d=mm&#038;r=g 2x' class='avatar avatar-128 photo' height='128' width='128' \/>\t\t<\/div>\n\t\t\t\t<div class=\"elementor-post__text\">\n\t\t\t\t<h3 class=\"elementor-post__title\">\n\t\t\t<a href=\"https:\/\/femivoz.es\/fr\/hormonotherapie-et-masculinisation-de-la-voix\/\" >\n\t\t\t\tHormonoth\u00e9rapie et masculinisation de la voix\t\t\t<\/a>\n\t\t<\/h3>\n\t\t\t\t<div class=\"elementor-post__excerpt\">\n\t\t\t<p>\u00a0 Parmi la multitude de difficult\u00e9s ou d&rsquo;exigences qui se pr\u00e9sentent dans le vaste et beau domaine de la voix, la modification de la fr\u00e9quence fondamentale et de la parole devient une t\u00e2che qui, en plus d&rsquo;avoir un int\u00e9r\u00eat r\u00e9cent<\/p>\n\t\t<\/div>\n\t\t\n\t\t<a class=\"elementor-post__read-more\" href=\"https:\/\/femivoz.es\/fr\/hormonotherapie-et-masculinisation-de-la-voix\/\" aria-label=\"En savoir plus sur Hormonoth\u00e9rapie et masculinisation de la voix\" tabindex=\"-1\" >\n\t\t\tLire l'article &gt;&gt;\t\t<\/a>\n\n\t\t\t\t<\/div>\n\t\t\t\t\t<\/div>\n\t\t<\/article>\n\t\t\t\t<article class=\"elementor-post elementor-grid-item post-36799 post type-post status-publish format-standard has-post-thumbnail hentry category-logopedie category-pathologie-vocale category-sante-vocale tag-dysphonie tag-pathologie-vocale tag-voix-transgenre\" role=\"listitem\">\n\t\t\t<div class=\"elementor-post__card\">\n\t\t\t\t<a class=\"elementor-post__thumbnail__link\" href=\"https:\/\/femivoz.es\/fr\/dysphonie-fonctionnelle-dans-la-voix-transgenre\/\" tabindex=\"-1\" ><div class=\"elementor-post__thumbnail\"><img loading=\"lazy\" decoding=\"async\" width=\"768\" height=\"295\" src=\"https:\/\/femivoz.es\/wp-content\/uploads\/Disfonia-funcional-en-la-voz-transgenero-768x295.png\" class=\"attachment-medium_large size-medium_large wp-image-53654\" alt=\"Disfoni\u0301a funcional en la voz transge\u0301nero\" srcset=\"https:\/\/femivoz.es\/wp-content\/uploads\/Disfonia-funcional-en-la-voz-transgenero-768x295.png 768w, https:\/\/femivoz.es\/wp-content\/uploads\/Disfonia-funcional-en-la-voz-transgenero-300x115.png 300w, https:\/\/femivoz.es\/wp-content\/uploads\/Disfonia-funcional-en-la-voz-transgenero-150x58.png 150w, https:\/\/femivoz.es\/wp-content\/uploads\/Disfonia-funcional-en-la-voz-transgenero-510x196.png 510w, https:\/\/femivoz.es\/wp-content\/uploads\/Disfonia-funcional-en-la-voz-transgenero.png 820w\" sizes=\"(max-width: 768px) 100vw, 768px\" \/><\/div><\/a>\n\t\t\t\t<div class=\"elementor-post__badge\">#DYSPHONIE<\/div>\n\t\t\t\t<div class=\"elementor-post__avatar\">\n\t\t\t<img alt='FEMIVOZ' src='https:\/\/secure.gravatar.com\/avatar\/9bb57af3a3b0b0c7b54a4ccc4aff34bf27533559ead028e1fe79c3e8dd78504d?s=128&#038;d=mm&#038;r=g' srcset='https:\/\/secure.gravatar.com\/avatar\/9bb57af3a3b0b0c7b54a4ccc4aff34bf27533559ead028e1fe79c3e8dd78504d?s=256&#038;d=mm&#038;r=g 2x' class='avatar avatar-128 photo' height='128' width='128' \/>\t\t<\/div>\n\t\t\t\t<div class=\"elementor-post__text\">\n\t\t\t\t<h3 class=\"elementor-post__title\">\n\t\t\t<a href=\"https:\/\/femivoz.es\/fr\/dysphonie-fonctionnelle-dans-la-voix-transgenre\/\" >\n\t\t\t\tDysphonie fonctionnelle dans la voix transgenre\t\t\t<\/a>\n\t\t<\/h3>\n\t\t\t\t<div class=\"elementor-post__excerpt\">\n\t\t\t<p>Lorsque nous sommes confront\u00e9s \u00e0 des probl\u00e8mes ou \u00e0 des difficult\u00e9s li\u00e9s \u00e0 une mauvaise utilisation ou \u00e0 un abus vocal, et plus particuli\u00e8rement \u00e0 une dysphonie fonctionnelle de la voix transgenre, nous devons non seulement trouver une solution au<\/p>\n\t\t<\/div>\n\t\t\n\t\t<a class=\"elementor-post__read-more\" href=\"https:\/\/femivoz.es\/fr\/dysphonie-fonctionnelle-dans-la-voix-transgenre\/\" aria-label=\"En savoir plus sur Dysphonie fonctionnelle dans la voix transgenre\" tabindex=\"-1\" >\n\t\t\tLire l'article &gt;&gt;\t\t<\/a>\n\n\t\t\t\t<\/div>\n\t\t\t\t\t<\/div>\n\t\t<\/article>\n\t\t\t\t<article class=\"elementor-post elementor-grid-item post-34277 post type-post status-publish format-standard has-post-thumbnail hentry category-acoustique-de-la-voix category-voix tag-tessiture tag-vocal-coach-fr tag-voix-chantee\" role=\"listitem\">\n\t\t\t<div class=\"elementor-post__card\">\n\t\t\t\t<a class=\"elementor-post__thumbnail__link\" href=\"https:\/\/femivoz.es\/fr\/tessiture-vocale-voix-chantee\/\" tabindex=\"-1\" ><div class=\"elementor-post__thumbnail\"><img loading=\"lazy\" decoding=\"async\" width=\"768\" height=\"432\" src=\"https:\/\/femivoz.es\/wp-content\/uploads\/Design-sans-titre-2-768x432.png\" class=\"attachment-medium_large size-medium_large wp-image-50498\" alt=\"\" srcset=\"https:\/\/femivoz.es\/wp-content\/uploads\/Design-sans-titre-2-768x432.png 768w, https:\/\/femivoz.es\/wp-content\/uploads\/Design-sans-titre-2-300x169.png 300w, https:\/\/femivoz.es\/wp-content\/uploads\/Design-sans-titre-2-1024x576.png 1024w, https:\/\/femivoz.es\/wp-content\/uploads\/Design-sans-titre-2-150x84.png 150w, https:\/\/femivoz.es\/wp-content\/uploads\/Design-sans-titre-2-510x287.png 510w, https:\/\/femivoz.es\/wp-content\/uploads\/Design-sans-titre-2.png 1280w\" sizes=\"(max-width: 768px) 100vw, 768px\" \/><\/div><\/a>\n\t\t\t\t<div class=\"elementor-post__badge\">#TESSITURE<\/div>\n\t\t\t\t<div class=\"elementor-post__avatar\">\n\t\t\t<img alt='MARY VAN DER LENT' src='https:\/\/secure.gravatar.com\/avatar\/ab2b57651a9fba1bd594d9e7ef341e33c0c3abd86553ed176f07d0f44416d1a9?s=128&#038;d=mm&#038;r=g' srcset='https:\/\/secure.gravatar.com\/avatar\/ab2b57651a9fba1bd594d9e7ef341e33c0c3abd86553ed176f07d0f44416d1a9?s=256&#038;d=mm&#038;r=g 2x' class='avatar avatar-128 photo' height='128' width='128' \/>\t\t<\/div>\n\t\t\t\t<div class=\"elementor-post__text\">\n\t\t\t\t<h3 class=\"elementor-post__title\">\n\t\t\t<a href=\"https:\/\/femivoz.es\/fr\/tessiture-vocale-voix-chantee\/\" >\n\t\t\t\tLa tessiture vocale en chant : qu&rsquo;est-elle et comment trouver la v\u00f4tre ?\t\t\t<\/a>\n\t\t<\/h3>\n\t\t\t\t<div class=\"elementor-post__excerpt\">\n\t\t\t<p>Soprano, t\u00e9nor et baryton sont des termes constamment mentionn\u00e9s lorsque nous d\u00e9crivons les voix de chanteurs reconnus, mais que signifient-ils vraiment? Les tessitures ou gammes vocales peuvent \u00eatre tr\u00e8s utiles dans le choix de notre r\u00e9pertoire. De la m\u00eame mani\u00e8re<\/p>\n\t\t<\/div>\n\t\t\n\t\t<a class=\"elementor-post__read-more\" href=\"https:\/\/femivoz.es\/fr\/tessiture-vocale-voix-chantee\/\" aria-label=\"En savoir plus sur La tessiture vocale en chant : qu&rsquo;est-elle et comment trouver la v\u00f4tre ?\" tabindex=\"-1\" >\n\t\t\tLire l'article &gt;&gt;\t\t<\/a>\n\n\t\t\t\t<\/div>\n\t\t\t\t\t<\/div>\n\t\t<\/article>\n\t\t\t\t<article class=\"elementor-post elementor-grid-item post-33883 post type-post status-publish format-standard has-post-thumbnail hentry category-feminisation-de-la-voix category-logopedie category-methode-astudillo category-voix tag-feminisation-de-la-voix tag-hyperfeminisation-fr tag-voix-impostrice\" role=\"listitem\">\n\t\t\t<div class=\"elementor-post__card\">\n\t\t\t\t<a class=\"elementor-post__thumbnail__link\" href=\"https:\/\/femivoz.es\/fr\/hyperfeminisation-voix-impostrice-feminisation-de-la-voix\/\" tabindex=\"-1\" ><div class=\"elementor-post__thumbnail\"><img loading=\"lazy\" decoding=\"async\" width=\"768\" height=\"432\" src=\"https:\/\/femivoz.es\/wp-content\/uploads\/Design-sans-titre-2-768x432.png\" class=\"attachment-medium_large size-medium_large wp-image-50498\" alt=\"\" srcset=\"https:\/\/femivoz.es\/wp-content\/uploads\/Design-sans-titre-2-768x432.png 768w, https:\/\/femivoz.es\/wp-content\/uploads\/Design-sans-titre-2-300x169.png 300w, https:\/\/femivoz.es\/wp-content\/uploads\/Design-sans-titre-2-1024x576.png 1024w, https:\/\/femivoz.es\/wp-content\/uploads\/Design-sans-titre-2-150x84.png 150w, https:\/\/femivoz.es\/wp-content\/uploads\/Design-sans-titre-2-510x287.png 510w, https:\/\/femivoz.es\/wp-content\/uploads\/Design-sans-titre-2.png 1280w\" sizes=\"(max-width: 768px) 100vw, 768px\" \/><\/div><\/a>\n\t\t\t\t<div class=\"elementor-post__badge\">#F\u00c9MINISATIONDELAVOIX<\/div>\n\t\t\t\t<div class=\"elementor-post__avatar\">\n\t\t\t<img alt='MARIELA ASTUDILLO RAM\u00cdREZ' src='https:\/\/secure.gravatar.com\/avatar\/928f9828915696e14c2a38413871ed84aee84ab3d58353f47c32d0ca8c11a9d6?s=128&#038;d=mm&#038;r=g' srcset='https:\/\/secure.gravatar.com\/avatar\/928f9828915696e14c2a38413871ed84aee84ab3d58353f47c32d0ca8c11a9d6?s=256&#038;d=mm&#038;r=g 2x' class='avatar avatar-128 photo' height='128' width='128' \/>\t\t<\/div>\n\t\t\t\t<div class=\"elementor-post__text\">\n\t\t\t\t<h3 class=\"elementor-post__title\">\n\t\t\t<a href=\"https:\/\/femivoz.es\/fr\/hyperfeminisation-voix-impostrice-feminisation-de-la-voix\/\" >\n\t\t\t\t\u00c0 la recherche de la voix id\u00e9ale : ph\u00e9nom\u00e8ne d&rsquo;hyperf\u00e9minisation et syndrome de la voix impostrice\t\t\t<\/a>\n\t\t<\/h3>\n\t\t\t\t<div class=\"elementor-post__excerpt\">\n\t\t\t<p>\u00a0 La voix id\u00e9ale Le fant\u00f4me de la voix id\u00e9ale plane sur presque toutes mes patientes surtout au d\u00e9but de l\u2019entra\u00eenement vocal. En effet, elles ont souvent pendant tr\u00e8s longtemps, r\u00eav\u00e9 de la voix qu\u2019elles souhaitaient avoir, elles l\u2019ont imagin\u00e9e,<\/p>\n\t\t<\/div>\n\t\t\n\t\t<a class=\"elementor-post__read-more\" href=\"https:\/\/femivoz.es\/fr\/hyperfeminisation-voix-impostrice-feminisation-de-la-voix\/\" aria-label=\"En savoir plus sur \u00c0 la recherche de la voix id\u00e9ale : ph\u00e9nom\u00e8ne d&rsquo;hyperf\u00e9minisation et syndrome de la voix impostrice\" tabindex=\"-1\" >\n\t\t\tLire l'article &gt;&gt;\t\t<\/a>\n\n\t\t\t\t<\/div>\n\t\t\t\t\t<\/div>\n\t\t<\/article>\n\t\t\t\t<article class=\"elementor-post elementor-grid-item post-32105 post type-post status-publish format-standard has-post-thumbnail hentry category-acoustique-de-la-voix category-feminisation-de-la-voix category-logopedie category-voix tag-acoustique-de-la-voix tag-frequence-fondamentale tag-methode-astudillo\" role=\"listitem\">\n\t\t\t<div class=\"elementor-post__card\">\n\t\t\t\t<a class=\"elementor-post__thumbnail__link\" href=\"https:\/\/femivoz.es\/fr\/frequence-fondamentale-feminisation-de-la-voix\/\" tabindex=\"-1\" ><div class=\"elementor-post__thumbnail\"><img loading=\"lazy\" decoding=\"async\" width=\"768\" height=\"432\" src=\"https:\/\/femivoz.es\/wp-content\/uploads\/Design-sans-titre-2-768x432.png\" class=\"attachment-medium_large size-medium_large wp-image-50498\" alt=\"\" srcset=\"https:\/\/femivoz.es\/wp-content\/uploads\/Design-sans-titre-2-768x432.png 768w, https:\/\/femivoz.es\/wp-content\/uploads\/Design-sans-titre-2-300x169.png 300w, https:\/\/femivoz.es\/wp-content\/uploads\/Design-sans-titre-2-1024x576.png 1024w, https:\/\/femivoz.es\/wp-content\/uploads\/Design-sans-titre-2-150x84.png 150w, https:\/\/femivoz.es\/wp-content\/uploads\/Design-sans-titre-2-510x287.png 510w, https:\/\/femivoz.es\/wp-content\/uploads\/Design-sans-titre-2.png 1280w\" sizes=\"(max-width: 768px) 100vw, 768px\" \/><\/div><\/a>\n\t\t\t\t<div class=\"elementor-post__badge\">#ACOUSTIQUEDELAVOIX<\/div>\n\t\t\t\t<div class=\"elementor-post__avatar\">\n\t\t\t<img alt='MARIELA ASTUDILLO RAM\u00cdREZ' src='https:\/\/secure.gravatar.com\/avatar\/928f9828915696e14c2a38413871ed84aee84ab3d58353f47c32d0ca8c11a9d6?s=128&#038;d=mm&#038;r=g' srcset='https:\/\/secure.gravatar.com\/avatar\/928f9828915696e14c2a38413871ed84aee84ab3d58353f47c32d0ca8c11a9d6?s=256&#038;d=mm&#038;r=g 2x' class='avatar avatar-128 photo' height='128' width='128' \/>\t\t<\/div>\n\t\t\t\t<div class=\"elementor-post__text\">\n\t\t\t\t<h3 class=\"elementor-post__title\">\n\t\t\t<a href=\"https:\/\/femivoz.es\/fr\/frequence-fondamentale-feminisation-de-la-voix\/\" >\n\t\t\t\tPertinence de la classification hertzienne des voix et de la fr\u00e9quence fondamentale dans l&rsquo;entra\u00eenement de f\u00e9minisation de la voix\t\t\t<\/a>\n\t\t<\/h3>\n\t\t\t\t<div class=\"elementor-post__excerpt\">\n\t\t\t<p>Classification des voix Il y a 17 ans, j&rsquo;ai trouv\u00e9 dans un petit paragraphe d&rsquo;un vieux livre concernant l&rsquo;\u00e9valuation de la voix une classification hertzienne (en Hertz (H) = unit\u00e9 de mesure des fr\u00e9quences) qui classait les voix en tant<\/p>\n\t\t<\/div>\n\t\t\n\t\t<a class=\"elementor-post__read-more\" href=\"https:\/\/femivoz.es\/fr\/frequence-fondamentale-feminisation-de-la-voix\/\" aria-label=\"En savoir plus sur Pertinence de la classification hertzienne des voix et de la fr\u00e9quence fondamentale dans l&rsquo;entra\u00eenement de f\u00e9minisation de la voix\" tabindex=\"-1\" >\n\t\t\tLire l'article &gt;&gt;\t\t<\/a>\n\n\t\t\t\t<\/div>\n\t\t\t\t\t<\/div>\n\t\t<\/article>\n\t\t\t\t<article class=\"elementor-post elementor-grid-item post-31117 post type-post status-publish format-standard has-post-thumbnail hentry category-acoustique-de-la-voix category-feminisation-de-la-voix category-feminite category-logopedie category-methode-astudillo category-voix tag-feminisation-de-la-voix tag-methode-astudillo tag-voix-feminine\" role=\"listitem\">\n\t\t\t<div class=\"elementor-post__card\">\n\t\t\t\t<a class=\"elementor-post__thumbnail__link\" href=\"https:\/\/femivoz.es\/fr\/entrainement-de-feminisation-de-la-voix\/\" tabindex=\"-1\" ><div class=\"elementor-post__thumbnail\"><img loading=\"lazy\" decoding=\"async\" width=\"768\" height=\"513\" src=\"https:\/\/femivoz.es\/wp-content\/uploads\/CED0245-768x513.jpg\" class=\"attachment-medium_large size-medium_large wp-image-48834\" alt=\"\" srcset=\"https:\/\/femivoz.es\/wp-content\/uploads\/CED0245-768x513.jpg 768w, https:\/\/femivoz.es\/wp-content\/uploads\/CED0245-300x200.jpg 300w, https:\/\/femivoz.es\/wp-content\/uploads\/CED0245-1024x684.jpg 1024w, https:\/\/femivoz.es\/wp-content\/uploads\/CED0245-150x100.jpg 150w, https:\/\/femivoz.es\/wp-content\/uploads\/CED0245-1536x1025.jpg 1536w, https:\/\/femivoz.es\/wp-content\/uploads\/CED0245-510x340.jpg 510w, https:\/\/femivoz.es\/wp-content\/uploads\/CED0245.jpg 1600w\" sizes=\"(max-width: 768px) 100vw, 768px\" \/><\/div><\/a>\n\t\t\t\t<div class=\"elementor-post__badge\">#F\u00c9MINISATIONDELAVOIX<\/div>\n\t\t\t\t<div class=\"elementor-post__avatar\">\n\t\t\t<img alt='MARIELA ASTUDILLO RAM\u00cdREZ' src='https:\/\/secure.gravatar.com\/avatar\/928f9828915696e14c2a38413871ed84aee84ab3d58353f47c32d0ca8c11a9d6?s=128&#038;d=mm&#038;r=g' srcset='https:\/\/secure.gravatar.com\/avatar\/928f9828915696e14c2a38413871ed84aee84ab3d58353f47c32d0ca8c11a9d6?s=256&#038;d=mm&#038;r=g 2x' class='avatar avatar-128 photo' height='128' width='128' \/>\t\t<\/div>\n\t\t\t\t<div class=\"elementor-post__text\">\n\t\t\t\t<h3 class=\"elementor-post__title\">\n\t\t\t<a href=\"https:\/\/femivoz.es\/fr\/entrainement-de-feminisation-de-la-voix\/\" >\n\t\t\t\tQu&rsquo;est-ce que l&rsquo;entra\u00eenement de f\u00e9minisation de la voix ?\t\t\t<\/a>\n\t\t<\/h3>\n\t\t\t\t<div class=\"elementor-post__excerpt\">\n\t\t\t<p>L&rsquo;entra\u00eenement de f\u00e9minisation de la voix englobe l\u2019enrichissement et la caract\u00e9risation au f\u00e9minin du geste vocal, de la fa\u00e7on de parler, de l\u2019expression de soi via l&rsquo;entra\u00eenement de tous les param\u00e8tres vocaux et extra-vocaux li\u00e9s \u00e0 la f\u00e9minit\u00e9 socialement d\u00e9finie<\/p>\n\t\t<\/div>\n\t\t\n\t\t<a class=\"elementor-post__read-more\" href=\"https:\/\/femivoz.es\/fr\/entrainement-de-feminisation-de-la-voix\/\" aria-label=\"En savoir plus sur Qu&rsquo;est-ce que l&rsquo;entra\u00eenement de f\u00e9minisation de la voix ?\" tabindex=\"-1\" >\n\t\t\tLire l'article &gt;&gt;\t\t<\/a>\n\n\t\t\t\t<\/div>\n\t\t\t\t\t<\/div>\n\t\t<\/article>\n\t\t\t\t<article class=\"elementor-post elementor-grid-item post-30978 post type-post status-publish format-standard has-post-thumbnail hentry category-logopedie category-sante-vocale category-voix tag-reeducation-de-la-voix tag-voix-pathologique-fr tag-voix-transgenre\" role=\"listitem\">\n\t\t\t<div class=\"elementor-post__card\">\n\t\t\t\t<a class=\"elementor-post__thumbnail__link\" href=\"https:\/\/femivoz.es\/fr\/reeducation-de-la-voix-transgenre-pathologique\/\" tabindex=\"-1\" ><div class=\"elementor-post__thumbnail\"><img loading=\"lazy\" decoding=\"async\" width=\"768\" height=\"295\" src=\"https:\/\/femivoz.es\/wp-content\/uploads\/Rehabilitacion-y-Feminizacion-de-la-voz-768x295.png\" class=\"attachment-medium_large size-medium_large wp-image-54009\" alt=\"Rehabilitacio\u0301n y Feminizacio\u0301n de la voz\" srcset=\"https:\/\/femivoz.es\/wp-content\/uploads\/Rehabilitacion-y-Feminizacion-de-la-voz-768x295.png 768w, https:\/\/femivoz.es\/wp-content\/uploads\/Rehabilitacion-y-Feminizacion-de-la-voz-300x115.png 300w, https:\/\/femivoz.es\/wp-content\/uploads\/Rehabilitacion-y-Feminizacion-de-la-voz-150x58.png 150w, https:\/\/femivoz.es\/wp-content\/uploads\/Rehabilitacion-y-Feminizacion-de-la-voz-510x196.png 510w, https:\/\/femivoz.es\/wp-content\/uploads\/Rehabilitacion-y-Feminizacion-de-la-voz.png 820w\" sizes=\"(max-width: 768px) 100vw, 768px\" \/><\/div><\/a>\n\t\t\t\t<div class=\"elementor-post__badge\">#R\u00c9\u00c9DUCATIONDELAVOIX<\/div>\n\t\t\t\t<div class=\"elementor-post__avatar\">\n\t\t\t<img alt='FEMIVOZ' src='https:\/\/secure.gravatar.com\/avatar\/9bb57af3a3b0b0c7b54a4ccc4aff34bf27533559ead028e1fe79c3e8dd78504d?s=128&#038;d=mm&#038;r=g' srcset='https:\/\/secure.gravatar.com\/avatar\/9bb57af3a3b0b0c7b54a4ccc4aff34bf27533559ead028e1fe79c3e8dd78504d?s=256&#038;d=mm&#038;r=g 2x' class='avatar avatar-128 photo' height='128' width='128' \/>\t\t<\/div>\n\t\t\t\t<div class=\"elementor-post__text\">\n\t\t\t\t<h3 class=\"elementor-post__title\">\n\t\t\t<a href=\"https:\/\/femivoz.es\/fr\/reeducation-de-la-voix-transgenre-pathologique\/\" >\n\t\t\t\tR\u00e9\u00e9ducation de la voix transgenre pathologique et entra\u00eenements vocaux sp\u00e9cifiques\t\t\t<\/a>\n\t\t<\/h3>\n\t\t\t\t<div class=\"elementor-post__excerpt\">\n\t\t\t<p>\u00a0 Depuis que j\u2019ai commenc\u00e9 \u00e0 collaborer avec Femivoz\u00ae en tant qu\u2019entra\u00eeneur vocal, j\u2019ai eu le plaisir d&rsquo;aider des centaines de personnes \u00e0 r\u00e9tablir, \u00e0 prendre soin et \u00e0 d\u00e9velopper le potentiel de leur voix. C\u2019est chez les personnes dont<\/p>\n\t\t<\/div>\n\t\t\n\t\t<a class=\"elementor-post__read-more\" href=\"https:\/\/femivoz.es\/fr\/reeducation-de-la-voix-transgenre-pathologique\/\" aria-label=\"En savoir plus sur R\u00e9\u00e9ducation de la voix transgenre pathologique et entra\u00eenements vocaux sp\u00e9cifiques\" tabindex=\"-1\" >\n\t\t\tLire l'article &gt;&gt;\t\t<\/a>\n\n\t\t\t\t<\/div>\n\t\t\t\t\t<\/div>\n\t\t<\/article>\n\t\t\t\t<article class=\"elementor-post elementor-grid-item post-29603 post type-post status-publish format-standard has-post-thumbnail hentry category-feminisation-de-la-voix category-logopedie category-methode-astudillo category-voix tag-automatisation tag-automatisation-fr tag-feminisation-de-la-voix tag-voix-impostrice\" role=\"listitem\">\n\t\t\t<div class=\"elementor-post__card\">\n\t\t\t\t<a class=\"elementor-post__thumbnail__link\" href=\"https:\/\/femivoz.es\/fr\/syndrome-de-la-voix-impostrice\/\" tabindex=\"-1\" ><div class=\"elementor-post__thumbnail\"><img loading=\"lazy\" decoding=\"async\" width=\"768\" height=\"432\" src=\"https:\/\/femivoz.es\/wp-content\/uploads\/Design-sans-titre-2-768x432.png\" class=\"attachment-medium_large size-medium_large wp-image-50498\" alt=\"\" srcset=\"https:\/\/femivoz.es\/wp-content\/uploads\/Design-sans-titre-2-768x432.png 768w, https:\/\/femivoz.es\/wp-content\/uploads\/Design-sans-titre-2-300x169.png 300w, https:\/\/femivoz.es\/wp-content\/uploads\/Design-sans-titre-2-1024x576.png 1024w, https:\/\/femivoz.es\/wp-content\/uploads\/Design-sans-titre-2-150x84.png 150w, https:\/\/femivoz.es\/wp-content\/uploads\/Design-sans-titre-2-510x287.png 510w, https:\/\/femivoz.es\/wp-content\/uploads\/Design-sans-titre-2.png 1280w\" sizes=\"(max-width: 768px) 100vw, 768px\" \/><\/div><\/a>\n\t\t\t\t<div class=\"elementor-post__badge\">#AUTOMATISATION<\/div>\n\t\t\t\t<div class=\"elementor-post__avatar\">\n\t\t\t<img alt='MARIELA ASTUDILLO RAM\u00cdREZ' src='https:\/\/secure.gravatar.com\/avatar\/928f9828915696e14c2a38413871ed84aee84ab3d58353f47c32d0ca8c11a9d6?s=128&#038;d=mm&#038;r=g' srcset='https:\/\/secure.gravatar.com\/avatar\/928f9828915696e14c2a38413871ed84aee84ab3d58353f47c32d0ca8c11a9d6?s=256&#038;d=mm&#038;r=g 2x' class='avatar avatar-128 photo' height='128' width='128' \/>\t\t<\/div>\n\t\t\t\t<div class=\"elementor-post__text\">\n\t\t\t\t<h3 class=\"elementor-post__title\">\n\t\t\t<a href=\"https:\/\/femivoz.es\/fr\/syndrome-de-la-voix-impostrice\/\" >\n\t\t\t\tSyndrome de la voix impostrice et processus d\u2019assimilation de la nouvelle voix\t\t\t<\/a>\n\t\t<\/h3>\n\t\t\t\t<div class=\"elementor-post__excerpt\">\n\t\t\t<p>\u00a0 Lors de l&rsquo;entra\u00eenement de f\u00e9minisation et d\u2019harmonisation de la voix, nous passons par trois phases qui nous conduisent petit \u00e0 petit \u00e0 l&rsquo;assimilation, la personnalisation et la naturalisation de la nouvelle voix. La derni\u00e8re phase est souvent la plus<\/p>\n\t\t<\/div>\n\t\t\n\t\t<a class=\"elementor-post__read-more\" href=\"https:\/\/femivoz.es\/fr\/syndrome-de-la-voix-impostrice\/\" aria-label=\"En savoir plus sur Syndrome de la voix impostrice et processus d\u2019assimilation de la nouvelle voix\" tabindex=\"-1\" >\n\t\t\tLire l'article &gt;&gt;\t\t<\/a>\n\n\t\t\t\t<\/div>\n\t\t\t\t\t<\/div>\n\t\t<\/article>\n\t\t\t\t<article class=\"elementor-post elementor-grid-item post-28384 post type-post status-publish format-standard has-post-thumbnail hentry category-lgbtqia category-monde-lgbtqia category-transidentite tag-ecriture-inclusive tag-langage-inclusif tag-lgbtqia-fr\" role=\"listitem\">\n\t\t\t<div class=\"elementor-post__card\">\n\t\t\t\t<a class=\"elementor-post__thumbnail__link\" href=\"https:\/\/femivoz.es\/fr\/ecriture-inclusive-langage-inclusif\/\" tabindex=\"-1\" ><div class=\"elementor-post__thumbnail\"><img loading=\"lazy\" decoding=\"async\" width=\"768\" height=\"513\" src=\"https:\/\/femivoz.es\/wp-content\/uploads\/CED0291-768x513.jpg\" class=\"attachment-medium_large size-medium_large wp-image-48862\" alt=\"Feminizaci\u00f3n de la voz en M\u00e1laga\" srcset=\"https:\/\/femivoz.es\/wp-content\/uploads\/CED0291-768x513.jpg 768w, https:\/\/femivoz.es\/wp-content\/uploads\/CED0291-300x200.jpg 300w, https:\/\/femivoz.es\/wp-content\/uploads\/CED0291-1024x684.jpg 1024w, https:\/\/femivoz.es\/wp-content\/uploads\/CED0291-150x100.jpg 150w, https:\/\/femivoz.es\/wp-content\/uploads\/CED0291-1536x1025.jpg 1536w, https:\/\/femivoz.es\/wp-content\/uploads\/CED0291-510x340.jpg 510w, https:\/\/femivoz.es\/wp-content\/uploads\/CED0291.jpg 1600w\" sizes=\"(max-width: 768px) 100vw, 768px\" \/><\/div><\/a>\n\t\t\t\t<div class=\"elementor-post__badge\">#\u00c9CRITUREINCLUSIVE<\/div>\n\t\t\t\t<div class=\"elementor-post__avatar\">\n\t\t\t<img alt='MARIELA ASTUDILLO RAM\u00cdREZ' src='https:\/\/secure.gravatar.com\/avatar\/928f9828915696e14c2a38413871ed84aee84ab3d58353f47c32d0ca8c11a9d6?s=128&#038;d=mm&#038;r=g' srcset='https:\/\/secure.gravatar.com\/avatar\/928f9828915696e14c2a38413871ed84aee84ab3d58353f47c32d0ca8c11a9d6?s=256&#038;d=mm&#038;r=g 2x' class='avatar avatar-128 photo' height='128' width='128' \/>\t\t<\/div>\n\t\t\t\t<div class=\"elementor-post__text\">\n\t\t\t\t<h3 class=\"elementor-post__title\">\n\t\t\t<a href=\"https:\/\/femivoz.es\/fr\/ecriture-inclusive-langage-inclusif\/\" >\n\t\t\t\t\u00c9criture inclusive et langage inclusif\t\t\t<\/a>\n\t\t<\/h3>\n\t\t\t\t<div class=\"elementor-post__excerpt\">\n\t\t\t<p>\u00a0 Depuis d\u00e9j\u00e0 plusieurs ann\u00e9es, l&rsquo;identit\u00e9 et le genre prennent une grande place dans les d\u00e9bats sociaux. L&rsquo;id\u00e9e de modifier la langue et l&rsquo;\u00e9criture afin d&rsquo;\u00e9voluer de pair avec l&rsquo;\u00eatre humain provoque autant d&rsquo;acceptation que de r\u00e9ticence. En effet, nous<\/p>\n\t\t<\/div>\n\t\t\n\t\t<a class=\"elementor-post__read-more\" href=\"https:\/\/femivoz.es\/fr\/ecriture-inclusive-langage-inclusif\/\" aria-label=\"En savoir plus sur \u00c9criture inclusive et langage inclusif\" tabindex=\"-1\" >\n\t\t\tLire l'article &gt;&gt;\t\t<\/a>\n\n\t\t\t\t<\/div>\n\t\t\t\t\t<\/div>\n\t\t<\/article>\n\t\t\t\t<article class=\"elementor-post elementor-grid-item post-23654 post type-post status-publish format-standard has-post-thumbnail hentry category-logopedie category-sante-vocale category-voix tag-hygienevocale tag-soins-de-la-voix tag-voix-pathologique-fr\" role=\"listitem\">\n\t\t\t<div class=\"elementor-post__card\">\n\t\t\t\t<a class=\"elementor-post__thumbnail__link\" href=\"https:\/\/femivoz.es\/fr\/regles-dhygiene-vocale-ou-soins-generaux-pour-la-voix\/\" tabindex=\"-1\" ><div class=\"elementor-post__thumbnail\"><img loading=\"lazy\" decoding=\"async\" width=\"768\" height=\"295\" src=\"https:\/\/femivoz.es\/wp-content\/uploads\/higiene-vocal-y-feminizacion-de-la-voz-768x295.png\" class=\"attachment-medium_large size-medium_large wp-image-54019\" alt=\"higiene vocal y feminizacio\u0301n de la voz\" srcset=\"https:\/\/femivoz.es\/wp-content\/uploads\/higiene-vocal-y-feminizacion-de-la-voz-768x295.png 768w, https:\/\/femivoz.es\/wp-content\/uploads\/higiene-vocal-y-feminizacion-de-la-voz-300x115.png 300w, https:\/\/femivoz.es\/wp-content\/uploads\/higiene-vocal-y-feminizacion-de-la-voz-150x58.png 150w, https:\/\/femivoz.es\/wp-content\/uploads\/higiene-vocal-y-feminizacion-de-la-voz-510x196.png 510w, https:\/\/femivoz.es\/wp-content\/uploads\/higiene-vocal-y-feminizacion-de-la-voz.png 820w\" sizes=\"(max-width: 768px) 100vw, 768px\" \/><\/div><\/a>\n\t\t\t\t<div class=\"elementor-post__badge\">#HYGI\u00c8NEVOCALE<\/div>\n\t\t\t\t<div class=\"elementor-post__avatar\">\n\t\t\t<img alt='FEMIVOZ' src='https:\/\/secure.gravatar.com\/avatar\/9bb57af3a3b0b0c7b54a4ccc4aff34bf27533559ead028e1fe79c3e8dd78504d?s=128&#038;d=mm&#038;r=g' srcset='https:\/\/secure.gravatar.com\/avatar\/9bb57af3a3b0b0c7b54a4ccc4aff34bf27533559ead028e1fe79c3e8dd78504d?s=256&#038;d=mm&#038;r=g 2x' class='avatar avatar-128 photo' height='128' width='128' \/>\t\t<\/div>\n\t\t\t\t<div class=\"elementor-post__text\">\n\t\t\t\t<h3 class=\"elementor-post__title\">\n\t\t\t<a href=\"https:\/\/femivoz.es\/fr\/regles-dhygiene-vocale-ou-soins-generaux-pour-la-voix\/\" >\n\t\t\t\tR\u00e8gles d&rsquo;hygi\u00e8ne vocale ou soins g\u00e9n\u00e9raux pour la voix\t\t\t<\/a>\n\t\t<\/h3>\n\t\t\t\t<div class=\"elementor-post__excerpt\">\n\t\t\t<p>\u00a0 Nous sommes plong\u00e9s dans une multitude de soins pour maintenir une bonne sant\u00e9 g\u00e9n\u00e9rale dans des domaines tels que le sport ou l\u2019alimentation, mais on ne parle pas assez de comment conserver une bonne hygi\u00e8ne ou sant\u00e9 vocale. Il<\/p>\n\t\t<\/div>\n\t\t\n\t\t<a class=\"elementor-post__read-more\" href=\"https:\/\/femivoz.es\/fr\/regles-dhygiene-vocale-ou-soins-generaux-pour-la-voix\/\" aria-label=\"En savoir plus sur R\u00e8gles d&rsquo;hygi\u00e8ne vocale ou soins g\u00e9n\u00e9raux pour la voix\" tabindex=\"-1\" >\n\t\t\tLire l'article &gt;&gt;\t\t<\/a>\n\n\t\t\t\t<\/div>\n\t\t\t\t\t<\/div>\n\t\t<\/article>\n\t\t\t\t<article class=\"elementor-post elementor-grid-item post-22200 post type-post status-publish format-standard has-post-thumbnail hentry category-feminisation-de-la-voix category-logopedie category-methode-astudillo category-voix tag-feminisation-de-la-voix tag-logopedie tag-voix-feminine\" role=\"listitem\">\n\t\t\t<div class=\"elementor-post__card\">\n\t\t\t\t<a class=\"elementor-post__thumbnail__link\" href=\"https:\/\/femivoz.es\/fr\/processus-de-feminisation-de-la-voix\/\" tabindex=\"-1\" ><div class=\"elementor-post__thumbnail\"><img loading=\"lazy\" decoding=\"async\" width=\"768\" height=\"295\" src=\"https:\/\/femivoz.es\/wp-content\/uploads\/Proceso-de-feminizacion-de-la-voz-los-errores-a-evita-768x295.png\" class=\"attachment-medium_large size-medium_large wp-image-53704\" alt=\"Proceso de feminizacio\u0301n de la voz los errores a evita\" srcset=\"https:\/\/femivoz.es\/wp-content\/uploads\/Proceso-de-feminizacion-de-la-voz-los-errores-a-evita-768x295.png 768w, https:\/\/femivoz.es\/wp-content\/uploads\/Proceso-de-feminizacion-de-la-voz-los-errores-a-evita-300x115.png 300w, https:\/\/femivoz.es\/wp-content\/uploads\/Proceso-de-feminizacion-de-la-voz-los-errores-a-evita-150x58.png 150w, https:\/\/femivoz.es\/wp-content\/uploads\/Proceso-de-feminizacion-de-la-voz-los-errores-a-evita-510x196.png 510w, https:\/\/femivoz.es\/wp-content\/uploads\/Proceso-de-feminizacion-de-la-voz-los-errores-a-evita.png 820w\" sizes=\"(max-width: 768px) 100vw, 768px\" \/><\/div><\/a>\n\t\t\t\t<div class=\"elementor-post__badge\">#F\u00c9MINISATIONDELAVOIX<\/div>\n\t\t\t\t<div class=\"elementor-post__avatar\">\n\t\t\t<img alt='MARIELA ASTUDILLO RAM\u00cdREZ' src='https:\/\/secure.gravatar.com\/avatar\/928f9828915696e14c2a38413871ed84aee84ab3d58353f47c32d0ca8c11a9d6?s=128&#038;d=mm&#038;r=g' srcset='https:\/\/secure.gravatar.com\/avatar\/928f9828915696e14c2a38413871ed84aee84ab3d58353f47c32d0ca8c11a9d6?s=256&#038;d=mm&#038;r=g 2x' class='avatar avatar-128 photo' height='128' width='128' \/>\t\t<\/div>\n\t\t\t\t<div class=\"elementor-post__text\">\n\t\t\t\t<h3 class=\"elementor-post__title\">\n\t\t\t<a href=\"https:\/\/femivoz.es\/fr\/processus-de-feminisation-de-la-voix\/\" >\n\t\t\t\tProcessus de f\u00e9minisation de la voix : les erreurs \u00e0 \u00e9viter\t\t\t<\/a>\n\t\t<\/h3>\n\t\t\t\t<div class=\"elementor-post__excerpt\">\n\t\t\t<p>\u00a0 Cela fait maintenant 16 ans que je me suis pos\u00e9 pour la premi\u00e8re fois la question concernant le\u00a0processus de f\u00e9minisation de si une voix \u00e9tait potentiellement modifiable dans son essence la plus pure, \u00e0 savoir, celle qui nous identifie<\/p>\n\t\t<\/div>\n\t\t\n\t\t<a class=\"elementor-post__read-more\" href=\"https:\/\/femivoz.es\/fr\/processus-de-feminisation-de-la-voix\/\" aria-label=\"En savoir plus sur Processus de f\u00e9minisation de la voix : les erreurs \u00e0 \u00e9viter\" tabindex=\"-1\" >\n\t\t\tLire l'article &gt;&gt;\t\t<\/a>\n\n\t\t\t\t<\/div>\n\t\t\t\t\t<\/div>\n\t\t<\/article>\n\t\t\t\t<article class=\"elementor-post elementor-grid-item post-20339 post type-post status-publish format-standard has-post-thumbnail hentry category-feminisation-de-la-voix category-feminite category-logopedie category-methode-astudillo category-voix tag-logopedie tag-methode-astudillo tag-voix-feminine\" role=\"listitem\">\n\t\t\t<div class=\"elementor-post__card\">\n\t\t\t\t<a class=\"elementor-post__thumbnail__link\" href=\"https:\/\/femivoz.es\/fr\/voix-femenine-et-naturelle\/\" tabindex=\"-1\" ><div class=\"elementor-post__thumbnail\"><img loading=\"lazy\" decoding=\"async\" width=\"768\" height=\"295\" src=\"https:\/\/femivoz.es\/wp-content\/uploads\/VOZ-FEMENINA-Y-NATURAL-768x295.png\" class=\"attachment-medium_large size-medium_large wp-image-53709\" alt=\"VOZ FEMENINA Y NATURAL\" srcset=\"https:\/\/femivoz.es\/wp-content\/uploads\/VOZ-FEMENINA-Y-NATURAL-768x295.png 768w, https:\/\/femivoz.es\/wp-content\/uploads\/VOZ-FEMENINA-Y-NATURAL-300x115.png 300w, https:\/\/femivoz.es\/wp-content\/uploads\/VOZ-FEMENINA-Y-NATURAL-150x58.png 150w, https:\/\/femivoz.es\/wp-content\/uploads\/VOZ-FEMENINA-Y-NATURAL-510x196.png 510w, https:\/\/femivoz.es\/wp-content\/uploads\/VOZ-FEMENINA-Y-NATURAL.png 820w\" sizes=\"(max-width: 768px) 100vw, 768px\" \/><\/div><\/a>\n\t\t\t\t<div class=\"elementor-post__badge\">#LOGOP\u00c9DIE<\/div>\n\t\t\t\t<div class=\"elementor-post__avatar\">\n\t\t\t<img alt='MARIELA ASTUDILLO RAM\u00cdREZ' src='https:\/\/secure.gravatar.com\/avatar\/928f9828915696e14c2a38413871ed84aee84ab3d58353f47c32d0ca8c11a9d6?s=128&#038;d=mm&#038;r=g' srcset='https:\/\/secure.gravatar.com\/avatar\/928f9828915696e14c2a38413871ed84aee84ab3d58353f47c32d0ca8c11a9d6?s=256&#038;d=mm&#038;r=g 2x' class='avatar avatar-128 photo' height='128' width='128' \/>\t\t<\/div>\n\t\t\t\t<div class=\"elementor-post__text\">\n\t\t\t\t<h3 class=\"elementor-post__title\">\n\t\t\t<a href=\"https:\/\/femivoz.es\/fr\/voix-femenine-et-naturelle\/\" >\n\t\t\t\tComment obtenir une voix f\u00e9minine et naturelle ?\t\t\t<\/a>\n\t\t<\/h3>\n\t\t\t\t<div class=\"elementor-post__excerpt\">\n\t\t\t<p>\u00a0 LE MYTHE DE LA VOIX AIGU\u00cb Depuis quelques ann\u00e9es, l\u2019\u00e9volution humaine marque de nouveaux tournants et ouvre de nouvelles portes mais, surtout, elle d\u00e9finit de nouveaux canons et r\u00e9f\u00e9rents sociaux li\u00e9s \u00e0 l\u2019identit\u00e9 et \u00e0 l\u2019expression de soi. Des<\/p>\n\t\t<\/div>\n\t\t\n\t\t<a class=\"elementor-post__read-more\" href=\"https:\/\/femivoz.es\/fr\/voix-femenine-et-naturelle\/\" aria-label=\"En savoir plus sur Comment obtenir une voix f\u00e9minine et naturelle ?\" tabindex=\"-1\" >\n\t\t\tLire l'article &gt;&gt;\t\t<\/a>\n\n\t\t\t\t<\/div>\n\t\t\t\t\t<\/div>\n\t\t<\/article>\n\t\t\t\t<article class=\"elementor-post elementor-grid-item post-19039 post type-post status-publish format-standard hentry category-logopedie category-voix\" role=\"listitem\">\n\t\t\t<div class=\"elementor-post__card\">\n\t\t\t\t<div class=\"elementor-post__text\">\n\t\t\t\t<h3 class=\"elementor-post__title\">\n\t\t\t<a href=\"https:\/\/femivoz.es\/fr\/voix-cisgenre-et-voix-transgenre\/\" >\n\t\t\t\tVoix cisgenre et voix transgenre : Est-ce qu&rsquo;une voix transgenre peut r\u00e9ussir \u00e0 atteindre la sonorit\u00e9 d&rsquo;une voix cisgenre?\t\t\t<\/a>\n\t\t<\/h3>\n\t\t\t\t<div class=\"elementor-post__excerpt\">\n\t\t\t<p>\u00a0 Cela fait maintenant pr\u00e8s de 16 ans que je pratique au quotidien la f\u00e9minisation de la voix de la femme transgenre principalement, mais j&rsquo;ai, depuis quelques ann\u00e9es, une augmentation consid\u00e9rable des demandes provenant de femmes cisgenres en ce qui<\/p>\n\t\t<\/div>\n\t\t\n\t\t<a class=\"elementor-post__read-more\" href=\"https:\/\/femivoz.es\/fr\/voix-cisgenre-et-voix-transgenre\/\" aria-label=\"En savoir plus sur Voix cisgenre et voix transgenre : Est-ce qu&rsquo;une voix transgenre peut r\u00e9ussir \u00e0 atteindre la sonorit\u00e9 d&rsquo;une voix cisgenre?\" tabindex=\"-1\" >\n\t\t\tLire l'article &gt;&gt;\t\t<\/a>\n\n\t\t\t\t<\/div>\n\t\t\t\t\t<\/div>\n\t\t<\/article>\n\t\t\t\t<article class=\"elementor-post elementor-grid-item post-18094 post type-post status-publish format-standard hentry category-feminisation-de-la-voix category-logopedie category-methode-astudillo category-voix tag-despatologisation tag-feminisation-de-la-voix tag-transition\" role=\"listitem\">\n\t\t\t<div class=\"elementor-post__card\">\n\t\t\t\t<div class=\"elementor-post__text\">\n\t\t\t\t<h3 class=\"elementor-post__title\">\n\t\t\t<a href=\"https:\/\/femivoz.es\/fr\/demedicalisation-de-la-feminisation-de-la-voix\/\" >\n\t\t\t\tD\u00e9m\u00e9dicalisation de la f\u00e9minisation de la voix et la m\u00e9thode Astudillo\t\t\t<\/a>\n\t\t<\/h3>\n\t\t\t\t<div class=\"elementor-post__excerpt\">\n\t\t\t<p>\u00a0 Lorsque j\u2019ai commenc\u00e9 ma pratique et mes recherches quant \u00e0 la f\u00e9minisation de la voix en 2005, tr\u00e8s peu de logop\u00e8des, orthophonistes, logop\u00e9distes et autres professionnels de la voix li\u00e9s de loin ou de pr\u00e8s au secteur de la<\/p>\n\t\t<\/div>\n\t\t\n\t\t<a class=\"elementor-post__read-more\" href=\"https:\/\/femivoz.es\/fr\/demedicalisation-de-la-feminisation-de-la-voix\/\" aria-label=\"En savoir plus sur D\u00e9m\u00e9dicalisation de la f\u00e9minisation de la voix et la m\u00e9thode Astudillo\" tabindex=\"-1\" >\n\t\t\tLire l'article &gt;&gt;\t\t<\/a>\n\n\t\t\t\t<\/div>\n\t\t\t\t\t<\/div>\n\t\t<\/article>\n\t\t\t\t<article class=\"elementor-post elementor-grid-item post-17261 post type-post status-publish format-standard has-post-thumbnail hentry category-feminisation-de-la-voix category-logopedie category-methode-astudillo category-voix tag-actes-reflexes tag-feminisation-de-la-voix tag-logopedie\" role=\"listitem\">\n\t\t\t<div class=\"elementor-post__card\">\n\t\t\t\t<a class=\"elementor-post__thumbnail__link\" href=\"https:\/\/femivoz.es\/fr\/feminisation-de-la-voix-et-reflexes\/\" tabindex=\"-1\" ><div class=\"elementor-post__thumbnail\"><img loading=\"lazy\" decoding=\"async\" width=\"768\" height=\"295\" src=\"https:\/\/femivoz.es\/wp-content\/uploads\/FEMINIZACION-DE-LA-VOZ-Y-REFLEJOS-768x295.png\" class=\"attachment-medium_large size-medium_large wp-image-53715\" alt=\"FEMINIZACIO\u0301N DE LA VOZ Y REFLEJOS\" srcset=\"https:\/\/femivoz.es\/wp-content\/uploads\/FEMINIZACION-DE-LA-VOZ-Y-REFLEJOS-768x295.png 768w, https:\/\/femivoz.es\/wp-content\/uploads\/FEMINIZACION-DE-LA-VOZ-Y-REFLEJOS-300x115.png 300w, https:\/\/femivoz.es\/wp-content\/uploads\/FEMINIZACION-DE-LA-VOZ-Y-REFLEJOS-150x58.png 150w, https:\/\/femivoz.es\/wp-content\/uploads\/FEMINIZACION-DE-LA-VOZ-Y-REFLEJOS-510x196.png 510w, https:\/\/femivoz.es\/wp-content\/uploads\/FEMINIZACION-DE-LA-VOZ-Y-REFLEJOS.png 820w\" sizes=\"(max-width: 768px) 100vw, 768px\" \/><\/div><\/a>\n\t\t\t\t<div class=\"elementor-post__badge\">#ACTESR\u00c9FLEXES<\/div>\n\t\t\t\t<div class=\"elementor-post__avatar\">\n\t\t\t<img alt='MARIELA ASTUDILLO RAM\u00cdREZ' src='https:\/\/secure.gravatar.com\/avatar\/928f9828915696e14c2a38413871ed84aee84ab3d58353f47c32d0ca8c11a9d6?s=128&#038;d=mm&#038;r=g' srcset='https:\/\/secure.gravatar.com\/avatar\/928f9828915696e14c2a38413871ed84aee84ab3d58353f47c32d0ca8c11a9d6?s=256&#038;d=mm&#038;r=g 2x' class='avatar avatar-128 photo' height='128' width='128' \/>\t\t<\/div>\n\t\t\t\t<div class=\"elementor-post__text\">\n\t\t\t\t<h3 class=\"elementor-post__title\">\n\t\t\t<a href=\"https:\/\/femivoz.es\/fr\/feminisation-de-la-voix-et-reflexes\/\" >\n\t\t\t\tF\u00e9minisation de la voix et r\u00e9flexes\t\t\t<\/a>\n\t\t<\/h3>\n\t\t\t\t<div class=\"elementor-post__excerpt\">\n\t\t\t<p>Depuis que j&rsquo;ai commenc\u00e9 ma carri\u00e8re en tant que logop\u00e8de sp\u00e9cialis\u00e9e dans la f\u00e9minisation de la voix de la femme transgenre, le th\u00e8me du rire, de la toux et de \u00e9ternuement, en tant que r\u00e9flexe et acte non contr\u00f4lable, revient<\/p>\n\t\t<\/div>\n\t\t\n\t\t<a class=\"elementor-post__read-more\" href=\"https:\/\/femivoz.es\/fr\/feminisation-de-la-voix-et-reflexes\/\" aria-label=\"En savoir plus sur F\u00e9minisation de la voix et r\u00e9flexes\" tabindex=\"-1\" >\n\t\t\tLire l'article &gt;&gt;\t\t<\/a>\n\n\t\t\t\t<\/div>\n\t\t\t\t\t<\/div>\n\t\t<\/article>\n\t\t\t\t<article class=\"elementor-post elementor-grid-item post-16556 post type-post status-publish format-standard has-post-thumbnail hentry category-logopedie category-methode-astudillo category-sante-vocale category-voix tag-logopedie tag-methode-astudillo tag-telepratique\" role=\"listitem\">\n\t\t\t<div class=\"elementor-post__card\">\n\t\t\t\t<a class=\"elementor-post__thumbnail__link\" href=\"https:\/\/femivoz.es\/fr\/telepratique-en-ligne-logopedie\/\" tabindex=\"-1\" ><div class=\"elementor-post__thumbnail\"><img loading=\"lazy\" decoding=\"async\" width=\"768\" height=\"295\" src=\"https:\/\/femivoz.es\/wp-content\/uploads\/La-telepractica-en-feminizacion-de-la-voz-768x295.png\" class=\"attachment-medium_large size-medium_large wp-image-53720\" alt=\"La telepra\u0301ctica en feminizacio\u0301n de la voz\" srcset=\"https:\/\/femivoz.es\/wp-content\/uploads\/La-telepractica-en-feminizacion-de-la-voz-768x295.png 768w, https:\/\/femivoz.es\/wp-content\/uploads\/La-telepractica-en-feminizacion-de-la-voz-300x115.png 300w, https:\/\/femivoz.es\/wp-content\/uploads\/La-telepractica-en-feminizacion-de-la-voz-150x58.png 150w, https:\/\/femivoz.es\/wp-content\/uploads\/La-telepractica-en-feminizacion-de-la-voz-510x196.png 510w, https:\/\/femivoz.es\/wp-content\/uploads\/La-telepractica-en-feminizacion-de-la-voz.png 820w\" sizes=\"(max-width: 768px) 100vw, 768px\" \/><\/div><\/a>\n\t\t\t\t<div class=\"elementor-post__badge\">#LOGOP\u00c9DIE<\/div>\n\t\t\t\t<div class=\"elementor-post__avatar\">\n\t\t\t<img alt='MARIELA ASTUDILLO RAM\u00cdREZ' src='https:\/\/secure.gravatar.com\/avatar\/928f9828915696e14c2a38413871ed84aee84ab3d58353f47c32d0ca8c11a9d6?s=128&#038;d=mm&#038;r=g' srcset='https:\/\/secure.gravatar.com\/avatar\/928f9828915696e14c2a38413871ed84aee84ab3d58353f47c32d0ca8c11a9d6?s=256&#038;d=mm&#038;r=g 2x' class='avatar avatar-128 photo' height='128' width='128' \/>\t\t<\/div>\n\t\t\t\t<div class=\"elementor-post__text\">\n\t\t\t\t<h3 class=\"elementor-post__title\">\n\t\t\t<a href=\"https:\/\/femivoz.es\/fr\/telepratique-en-ligne-logopedie\/\" >\n\t\t\t\tLa t\u00e9l\u00e9pratique en logop\u00e9die orthophonie\t\t\t<\/a>\n\t\t<\/h3>\n\t\t\t\t<div class=\"elementor-post__excerpt\">\n\t\t\t<p>\u00a0 PLUS DE 12 ANS DE S\u00c9ANCES EN LIGNE Il y a encore quelques ann\u00e9es, je recevais des messages qualifiant ma pratique en ligne de pratique illicite, ill\u00e9gitime, non-professionnelle, charlatane&#8230; remettant en doute l\u2019aspect logop\u00e9dique ou orthophonique de mes prises<\/p>\n\t\t<\/div>\n\t\t\n\t\t<a class=\"elementor-post__read-more\" href=\"https:\/\/femivoz.es\/fr\/telepratique-en-ligne-logopedie\/\" aria-label=\"En savoir plus sur La t\u00e9l\u00e9pratique en logop\u00e9die orthophonie\" tabindex=\"-1\" >\n\t\t\tLire l'article &gt;&gt;\t\t<\/a>\n\n\t\t\t\t<\/div>\n\t\t\t\t\t<\/div>\n\t\t<\/article>\n\t\t\t\t<article class=\"elementor-post elementor-grid-item post-14863 post type-post status-publish format-standard hentry category-feminisation-de-la-voix category-logopedie category-methode-astudillo category-voix tag-feminisation-de-la-voix tag-methode-astudillo tag-volume\" role=\"listitem\">\n\t\t\t<div class=\"elementor-post__card\">\n\t\t\t\t<div class=\"elementor-post__text\">\n\t\t\t\t<h3 class=\"elementor-post__title\">\n\t\t\t<a href=\"https:\/\/femivoz.es\/fr\/volume-feminisation-de-la-voix\/\" >\n\t\t\t\tLe volume et la f\u00e9minisation de la voix: la douceur et la gestion du souffle\t\t\t<\/a>\n\t\t<\/h3>\n\t\t\t\t<div class=\"elementor-post__excerpt\">\n\t\t\t<p>Lors de mes 16 derni\u00e8res ann\u00e9es de carri\u00e8re, j\u2019ai travaill\u00e9 avec des personnes souhaitant modifier leur geste vocal, \u00e0 la recherche de plus de f\u00e9minit\u00e9 et d\u2019harmonie dans leur voix parl\u00e9e et dans leur fa\u00e7on de s\u2019exprimer. Parmi tous les<\/p>\n\t\t<\/div>\n\t\t\n\t\t<a class=\"elementor-post__read-more\" href=\"https:\/\/femivoz.es\/fr\/volume-feminisation-de-la-voix\/\" aria-label=\"En savoir plus sur Le volume et la f\u00e9minisation de la voix: la douceur et la gestion du souffle\" tabindex=\"-1\" >\n\t\t\tLire l'article &gt;&gt;\t\t<\/a>\n\n\t\t\t\t<\/div>\n\t\t\t\t\t<\/div>\n\t\t<\/article>\n\t\t\t\t<article class=\"elementor-post elementor-grid-item post-14535 post type-post status-publish format-standard has-post-thumbnail hentry category-feminisation-de-la-voix category-logopedie category-methode-astudillo category-voix tag-feminisation-de-la-voix tag-melodie tag-methode-astudillo\" role=\"listitem\">\n\t\t\t<div class=\"elementor-post__card\">\n\t\t\t\t<a class=\"elementor-post__thumbnail__link\" href=\"https:\/\/femivoz.es\/fr\/melodie-feminisation-de-la-voix\/\" tabindex=\"-1\" ><div class=\"elementor-post__thumbnail\"><img loading=\"lazy\" decoding=\"async\" width=\"768\" height=\"295\" src=\"https:\/\/femivoz.es\/wp-content\/uploads\/Melodia-y-feminizacion-de-la-voz-768x295.png\" class=\"attachment-medium_large size-medium_large wp-image-53765\" alt=\"Melodi\u0301a y feminizacio\u0301n de la voz\" srcset=\"https:\/\/femivoz.es\/wp-content\/uploads\/Melodia-y-feminizacion-de-la-voz-768x295.png 768w, https:\/\/femivoz.es\/wp-content\/uploads\/Melodia-y-feminizacion-de-la-voz-300x115.png 300w, https:\/\/femivoz.es\/wp-content\/uploads\/Melodia-y-feminizacion-de-la-voz-150x58.png 150w, https:\/\/femivoz.es\/wp-content\/uploads\/Melodia-y-feminizacion-de-la-voz-510x196.png 510w, https:\/\/femivoz.es\/wp-content\/uploads\/Melodia-y-feminizacion-de-la-voz.png 820w\" sizes=\"(max-width: 768px) 100vw, 768px\" \/><\/div><\/a>\n\t\t\t\t<div class=\"elementor-post__badge\">#F\u00c9MINISATIONDELAVOIX<\/div>\n\t\t\t\t<div class=\"elementor-post__avatar\">\n\t\t\t<img alt='MARIELA ASTUDILLO RAM\u00cdREZ' src='https:\/\/secure.gravatar.com\/avatar\/928f9828915696e14c2a38413871ed84aee84ab3d58353f47c32d0ca8c11a9d6?s=128&#038;d=mm&#038;r=g' srcset='https:\/\/secure.gravatar.com\/avatar\/928f9828915696e14c2a38413871ed84aee84ab3d58353f47c32d0ca8c11a9d6?s=256&#038;d=mm&#038;r=g 2x' class='avatar avatar-128 photo' height='128' width='128' \/>\t\t<\/div>\n\t\t\t\t<div class=\"elementor-post__text\">\n\t\t\t\t<h3 class=\"elementor-post__title\">\n\t\t\t<a href=\"https:\/\/femivoz.es\/fr\/melodie-feminisation-de-la-voix\/\" >\n\t\t\t\tLa m\u00e9lodie et la f\u00e9minisation de la voix : l\u2019importance des graves et des aigus\t\t\t<\/a>\n\t\t<\/h3>\n\t\t\t\t<div class=\"elementor-post__excerpt\">\n\t\t\t<p>Depuis toujours, les personnes souhaitant f\u00e9miniser leur voix donnent aux aigus beaucoup trop d\u2019importance au d\u00e9triment des graves. En effet, l\u2019essence m\u00eame de la f\u00e9minit\u00e9 se situe au niveau de la m\u00e9lodie, de l\u2019\u00e9lasticit\u00e9, de l\u2019expressivit\u00e9, de la dynamique changeante,<\/p>\n\t\t<\/div>\n\t\t\n\t\t<a class=\"elementor-post__read-more\" href=\"https:\/\/femivoz.es\/fr\/melodie-feminisation-de-la-voix\/\" aria-label=\"En savoir plus sur La m\u00e9lodie et la f\u00e9minisation de la voix : l\u2019importance des graves et des aigus\" tabindex=\"-1\" >\n\t\t\tLire l'article &gt;&gt;\t\t<\/a>\n\n\t\t\t\t<\/div>\n\t\t\t\t\t<\/div>\n\t\t<\/article>\n\t\t\t\t<article class=\"elementor-post elementor-grid-item post-14454 post type-post status-publish format-standard has-post-thumbnail hentry category-logopedie category-voix tag-optimisation-de-la-voix tag-reeducation-de-la-voix tag-voix-pathologique-fr\" role=\"listitem\">\n\t\t\t<div class=\"elementor-post__card\">\n\t\t\t\t<a class=\"elementor-post__thumbnail__link\" href=\"https:\/\/femivoz.es\/fr\/optimisation-reeducation-de-la-voix\/\" tabindex=\"-1\" ><div class=\"elementor-post__thumbnail\"><img loading=\"lazy\" decoding=\"async\" width=\"768\" height=\"295\" src=\"https:\/\/femivoz.es\/wp-content\/uploads\/Entrenamiento-Rehabilitacion-y-Feminizacion-de-la-voz-768x295.png\" class=\"attachment-medium_large size-medium_large wp-image-54021\" alt=\"Entrenamiento, Rehabilitacio\u0301n y Feminizacio\u0301n de la voz\" srcset=\"https:\/\/femivoz.es\/wp-content\/uploads\/Entrenamiento-Rehabilitacion-y-Feminizacion-de-la-voz-768x295.png 768w, https:\/\/femivoz.es\/wp-content\/uploads\/Entrenamiento-Rehabilitacion-y-Feminizacion-de-la-voz-300x115.png 300w, https:\/\/femivoz.es\/wp-content\/uploads\/Entrenamiento-Rehabilitacion-y-Feminizacion-de-la-voz-150x58.png 150w, https:\/\/femivoz.es\/wp-content\/uploads\/Entrenamiento-Rehabilitacion-y-Feminizacion-de-la-voz-510x196.png 510w, https:\/\/femivoz.es\/wp-content\/uploads\/Entrenamiento-Rehabilitacion-y-Feminizacion-de-la-voz.png 820w\" sizes=\"(max-width: 768px) 100vw, 768px\" \/><\/div><\/a>\n\t\t\t\t<div class=\"elementor-post__badge\">#OPTIMISATIONDELAVOIX<\/div>\n\t\t\t\t<div class=\"elementor-post__avatar\">\n\t\t\t<img alt='FEMIVOZ' src='https:\/\/secure.gravatar.com\/avatar\/9bb57af3a3b0b0c7b54a4ccc4aff34bf27533559ead028e1fe79c3e8dd78504d?s=128&#038;d=mm&#038;r=g' srcset='https:\/\/secure.gravatar.com\/avatar\/9bb57af3a3b0b0c7b54a4ccc4aff34bf27533559ead028e1fe79c3e8dd78504d?s=256&#038;d=mm&#038;r=g 2x' class='avatar avatar-128 photo' height='128' width='128' \/>\t\t<\/div>\n\t\t\t\t<div class=\"elementor-post__text\">\n\t\t\t\t<h3 class=\"elementor-post__title\">\n\t\t\t<a href=\"https:\/\/femivoz.es\/fr\/optimisation-reeducation-de-la-voix\/\" >\n\t\t\t\tQuand d\u00e9cidons-nous qu\u2019une voix doit \u00eatre r\u00e9\u00e9duqu\u00e9e avant l&rsquo;entra\u00eenement de f\u00e9minisation de la voix ?\t\t\t<\/a>\n\t\t<\/h3>\n\t\t\t\t<div class=\"elementor-post__excerpt\">\n\t\t\t<p>Pendant le proc\u00e8s initial d\u2019entretien et d\u2019\u00e9valuation de la voix, plusieurs d\u00e9cisions sont prises. Premi\u00e8rement, il est essentiel de s\u2019assurer qu\u2019une bonne hygi\u00e8ne vocale est maintenue et, dans le cas contraire, le\/la logop\u00e8de doit d\u00e9terminer et inclure des directives sp\u00e9cifiques<\/p>\n\t\t<\/div>\n\t\t\n\t\t<a class=\"elementor-post__read-more\" href=\"https:\/\/femivoz.es\/fr\/optimisation-reeducation-de-la-voix\/\" aria-label=\"En savoir plus sur Quand d\u00e9cidons-nous qu\u2019une voix doit \u00eatre r\u00e9\u00e9duqu\u00e9e avant l&rsquo;entra\u00eenement de f\u00e9minisation de la voix ?\" tabindex=\"-1\" >\n\t\t\tLire l'article &gt;&gt;\t\t<\/a>\n\n\t\t\t\t<\/div>\n\t\t\t\t\t<\/div>\n\t\t<\/article>\n\t\t\t\t<article class=\"elementor-post elementor-grid-item post-14318 post type-post status-publish format-standard has-post-thumbnail hentry category-feminisation-de-la-voix category-feminite category-logopedie category-methode-astudillo category-voix tag-empreintevocale tag-feminisation-de-la-voix tag-identite\" role=\"listitem\">\n\t\t\t<div class=\"elementor-post__card\">\n\t\t\t\t<a class=\"elementor-post__thumbnail__link\" href=\"https:\/\/femivoz.es\/fr\/empreinte-vocale-feminisation-de-la-voix\/\" tabindex=\"-1\" ><div class=\"elementor-post__thumbnail\"><img loading=\"lazy\" decoding=\"async\" width=\"768\" height=\"295\" src=\"https:\/\/femivoz.es\/wp-content\/uploads\/Huella-vocal-y-feminizacion-de-la-voz-personalidad-e-identidad-768x295.png\" class=\"attachment-medium_large size-medium_large wp-image-53771\" alt=\"Huella vocal y feminizaci\u00f3n de la voz: personalidad e identidad\" srcset=\"https:\/\/femivoz.es\/wp-content\/uploads\/Huella-vocal-y-feminizacion-de-la-voz-personalidad-e-identidad-768x295.png 768w, https:\/\/femivoz.es\/wp-content\/uploads\/Huella-vocal-y-feminizacion-de-la-voz-personalidad-e-identidad-300x115.png 300w, https:\/\/femivoz.es\/wp-content\/uploads\/Huella-vocal-y-feminizacion-de-la-voz-personalidad-e-identidad-150x58.png 150w, https:\/\/femivoz.es\/wp-content\/uploads\/Huella-vocal-y-feminizacion-de-la-voz-personalidad-e-identidad-510x196.png 510w, https:\/\/femivoz.es\/wp-content\/uploads\/Huella-vocal-y-feminizacion-de-la-voz-personalidad-e-identidad.png 820w\" sizes=\"(max-width: 768px) 100vw, 768px\" \/><\/div><\/a>\n\t\t\t\t<div class=\"elementor-post__badge\">#EMPREINTEVOCALE<\/div>\n\t\t\t\t<div class=\"elementor-post__avatar\">\n\t\t\t<img alt='MARIELA ASTUDILLO RAM\u00cdREZ' src='https:\/\/secure.gravatar.com\/avatar\/928f9828915696e14c2a38413871ed84aee84ab3d58353f47c32d0ca8c11a9d6?s=128&#038;d=mm&#038;r=g' srcset='https:\/\/secure.gravatar.com\/avatar\/928f9828915696e14c2a38413871ed84aee84ab3d58353f47c32d0ca8c11a9d6?s=256&#038;d=mm&#038;r=g 2x' class='avatar avatar-128 photo' height='128' width='128' \/>\t\t<\/div>\n\t\t\t\t<div class=\"elementor-post__text\">\n\t\t\t\t<h3 class=\"elementor-post__title\">\n\t\t\t<a href=\"https:\/\/femivoz.es\/fr\/empreinte-vocale-feminisation-de-la-voix\/\" >\n\t\t\t\tL\u2019empreinte vocale : Voix, personnalit\u00e9 et identit\u00e9\t\t\t<\/a>\n\t\t<\/h3>\n\t\t\t\t<div class=\"elementor-post__excerpt\">\n\t\t\t<p>Nous avons chacun et chacune d\u2019entre nous ce que l\u2019on nomme une empreinte vocale. Telle une empreinte digitale, elle nous est propre; elle est unique et nous permet de nous diff\u00e9rencier. Cette empreinte est li\u00e9e au timbre de la voix,<\/p>\n\t\t<\/div>\n\t\t\n\t\t<a class=\"elementor-post__read-more\" href=\"https:\/\/femivoz.es\/fr\/empreinte-vocale-feminisation-de-la-voix\/\" aria-label=\"En savoir plus sur L\u2019empreinte vocale : Voix, personnalit\u00e9 et identit\u00e9\" tabindex=\"-1\" >\n\t\t\tLire l'article &gt;&gt;\t\t<\/a>\n\n\t\t\t\t<\/div>\n\t\t\t\t\t<\/div>\n\t\t<\/article>\n\t\t\t\t<article class=\"elementor-post elementor-grid-item post-14233 post type-post status-publish format-standard has-post-thumbnail hentry category-feminisation-de-la-voix category-logopedie category-methode-astudillo category-voix tag-articulation tag-feminisation-de-la-voix\" role=\"listitem\">\n\t\t\t<div class=\"elementor-post__card\">\n\t\t\t\t<a class=\"elementor-post__thumbnail__link\" href=\"https:\/\/femivoz.es\/fr\/articulation-feminisation-voix\/\" tabindex=\"-1\" ><div class=\"elementor-post__thumbnail\"><img loading=\"lazy\" decoding=\"async\" width=\"768\" height=\"295\" src=\"https:\/\/femivoz.es\/wp-content\/uploads\/La-importancia-del-trabajo-de-la-articulacion-en-el-entrenamiento-de-feminizacion-de-la-voz-768x295.png\" class=\"attachment-medium_large size-medium_large wp-image-53774\" alt=\"La importancia del trabajo de la articulacio\u0301n en el entrenamiento de feminizacio\u0301n de la voz\" srcset=\"https:\/\/femivoz.es\/wp-content\/uploads\/La-importancia-del-trabajo-de-la-articulacion-en-el-entrenamiento-de-feminizacion-de-la-voz-768x295.png 768w, https:\/\/femivoz.es\/wp-content\/uploads\/La-importancia-del-trabajo-de-la-articulacion-en-el-entrenamiento-de-feminizacion-de-la-voz-300x115.png 300w, https:\/\/femivoz.es\/wp-content\/uploads\/La-importancia-del-trabajo-de-la-articulacion-en-el-entrenamiento-de-feminizacion-de-la-voz-150x58.png 150w, https:\/\/femivoz.es\/wp-content\/uploads\/La-importancia-del-trabajo-de-la-articulacion-en-el-entrenamiento-de-feminizacion-de-la-voz-510x196.png 510w, https:\/\/femivoz.es\/wp-content\/uploads\/La-importancia-del-trabajo-de-la-articulacion-en-el-entrenamiento-de-feminizacion-de-la-voz.png 820w\" sizes=\"(max-width: 768px) 100vw, 768px\" \/><\/div><\/a>\n\t\t\t\t<div class=\"elementor-post__badge\">#ARTICULATION<\/div>\n\t\t\t\t<div class=\"elementor-post__avatar\">\n\t\t\t<img alt='MARIELA ASTUDILLO RAM\u00cdREZ' src='https:\/\/secure.gravatar.com\/avatar\/928f9828915696e14c2a38413871ed84aee84ab3d58353f47c32d0ca8c11a9d6?s=128&#038;d=mm&#038;r=g' srcset='https:\/\/secure.gravatar.com\/avatar\/928f9828915696e14c2a38413871ed84aee84ab3d58353f47c32d0ca8c11a9d6?s=256&#038;d=mm&#038;r=g 2x' class='avatar avatar-128 photo' height='128' width='128' \/>\t\t<\/div>\n\t\t\t\t<div class=\"elementor-post__text\">\n\t\t\t\t<h3 class=\"elementor-post__title\">\n\t\t\t<a href=\"https:\/\/femivoz.es\/fr\/articulation-feminisation-voix\/\" >\n\t\t\t\tL\u2019importance du travail de l\u2019articulation dans l\u2019entra\u00eenement de f\u00e9minisation de la voix\t\t\t<\/a>\n\t\t<\/h3>\n\t\t\t\t<div class=\"elementor-post__excerpt\">\n\t\t\t<p>Depuis le d\u00e9but de ma carri\u00e8re, j\u2019ai toujours c\u00e9d\u00e9 une place importante au travail de l\u2019articulation lors de mes s\u00e9ances de f\u00e9minisation et d\u2019harmonisation de la voix. En effet, j\u2019ai toujours \u00e9t\u00e9 tr\u00e8s sensible acoustiquement parlant \u00e0 la qualit\u00e9 du<\/p>\n\t\t<\/div>\n\t\t\n\t\t<a class=\"elementor-post__read-more\" href=\"https:\/\/femivoz.es\/fr\/articulation-feminisation-voix\/\" aria-label=\"En savoir plus sur L\u2019importance du travail de l\u2019articulation dans l\u2019entra\u00eenement de f\u00e9minisation de la voix\" tabindex=\"-1\" >\n\t\t\tLire l'article &gt;&gt;\t\t<\/a>\n\n\t\t\t\t<\/div>\n\t\t\t\t\t<\/div>\n\t\t<\/article>\n\t\t\t\t<article class=\"elementor-post elementor-grid-item post-14089 post type-post status-publish format-standard has-post-thumbnail hentry category-chirurgie category-logopedie category-masculinisation-de-la-voix category-masculinizacion-de-la-voz category-sante-vocale category-voix tag-masculinisationdelavoix tag-thyroplastie\" role=\"listitem\">\n\t\t\t<div class=\"elementor-post__card\">\n\t\t\t\t<a class=\"elementor-post__thumbnail__link\" href=\"https:\/\/femivoz.es\/fr\/thyroplastie-de-type-iii\/\" tabindex=\"-1\" ><div class=\"elementor-post__thumbnail\"><img loading=\"lazy\" decoding=\"async\" width=\"768\" height=\"295\" src=\"https:\/\/femivoz.es\/wp-content\/uploads\/Cirugia-de-Masculinizacion-de-la-voz-Tiroplastia-tipo-III-o-Laringoplastia-de-Relajacion-768x295.png\" class=\"attachment-medium_large size-medium_large wp-image-54028\" alt=\"Cirugi\u0301a de Masculinizacio\u0301n de la voz Tiroplastia tipo III o Laringoplastia de Relajacio\u0301n\" srcset=\"https:\/\/femivoz.es\/wp-content\/uploads\/Cirugia-de-Masculinizacion-de-la-voz-Tiroplastia-tipo-III-o-Laringoplastia-de-Relajacion-768x295.png 768w, https:\/\/femivoz.es\/wp-content\/uploads\/Cirugia-de-Masculinizacion-de-la-voz-Tiroplastia-tipo-III-o-Laringoplastia-de-Relajacion-300x115.png 300w, https:\/\/femivoz.es\/wp-content\/uploads\/Cirugia-de-Masculinizacion-de-la-voz-Tiroplastia-tipo-III-o-Laringoplastia-de-Relajacion-150x58.png 150w, https:\/\/femivoz.es\/wp-content\/uploads\/Cirugia-de-Masculinizacion-de-la-voz-Tiroplastia-tipo-III-o-Laringoplastia-de-Relajacion-510x196.png 510w, https:\/\/femivoz.es\/wp-content\/uploads\/Cirugia-de-Masculinizacion-de-la-voz-Tiroplastia-tipo-III-o-Laringoplastia-de-Relajacion.png 820w\" sizes=\"(max-width: 768px) 100vw, 768px\" \/><\/div><\/a>\n\t\t\t\t<div class=\"elementor-post__badge\">#MASCULINISATIONDELAVOIX<\/div>\n\t\t\t\t<div class=\"elementor-post__avatar\">\n\t\t\t<img alt='FEMIVOZ' src='https:\/\/secure.gravatar.com\/avatar\/9bb57af3a3b0b0c7b54a4ccc4aff34bf27533559ead028e1fe79c3e8dd78504d?s=128&#038;d=mm&#038;r=g' srcset='https:\/\/secure.gravatar.com\/avatar\/9bb57af3a3b0b0c7b54a4ccc4aff34bf27533559ead028e1fe79c3e8dd78504d?s=256&#038;d=mm&#038;r=g 2x' class='avatar avatar-128 photo' height='128' width='128' \/>\t\t<\/div>\n\t\t\t\t<div class=\"elementor-post__text\">\n\t\t\t\t<h3 class=\"elementor-post__title\">\n\t\t\t<a href=\"https:\/\/femivoz.es\/fr\/thyroplastie-de-type-iii\/\" >\n\t\t\t\tChirurgie de masculinisation de la voix :  Thyroplastie de Type III ou laryngoplastie de relaxation\t\t\t<\/a>\n\t\t<\/h3>\n\t\t\t\t<div class=\"elementor-post__excerpt\">\n\t\t\t<p>\u00ab\u00a0Nous estimons que la Thyroplastie de Type III a des indications tr\u00e8s sp\u00e9cifiques et ne doit \u00eatre utilis\u00e9e qu\u2019en dernier recours pour un patient qui n\u2019a pas senti d\u2019am\u00e9lioration lors d\u2019un traitement dirig\u00e9 par un phonoth\u00e9rapeute sp\u00e9cialis\u00e9\u00a0\u00bb.\u00a0 Jim\u00e9nez, L. H.<\/p>\n\t\t<\/div>\n\t\t\n\t\t<a class=\"elementor-post__read-more\" href=\"https:\/\/femivoz.es\/fr\/thyroplastie-de-type-iii\/\" aria-label=\"En savoir plus sur Chirurgie de masculinisation de la voix :  Thyroplastie de Type III ou laryngoplastie de relaxation\" tabindex=\"-1\" >\n\t\t\tLire l'article &gt;&gt;\t\t<\/a>\n\n\t\t\t\t<\/div>\n\t\t\t\t\t<\/div>\n\t\t<\/article>\n\t\t\t\t<article class=\"elementor-post elementor-grid-item post-11853 post type-post status-publish format-standard has-post-thumbnail hentry category-logopedie category-methode-astudillo category-voix tag-methode-astudillo tag-voix-non-binaire\" role=\"listitem\">\n\t\t\t<div class=\"elementor-post__card\">\n\t\t\t\t<a class=\"elementor-post__thumbnail__link\" href=\"https:\/\/femivoz.es\/fr\/neutralisation-de-la-voix-des-personnes-non-binaires\/\" tabindex=\"-1\" ><div class=\"elementor-post__thumbnail\"><img loading=\"lazy\" decoding=\"async\" width=\"768\" height=\"461\" src=\"https:\/\/femivoz.es\/wp-content\/uploads\/2020\/11\/IMG_6553-768x461.png\" class=\"attachment-medium_large size-medium_large wp-image-11845\" alt=\"Armonizaci\u00f3n de la voz de las personas no binarias\" srcset=\"https:\/\/femivoz.es\/wp-content\/uploads\/2020\/11\/IMG_6553-768x461.png 768w, https:\/\/femivoz.es\/wp-content\/uploads\/2020\/11\/IMG_6553-510x306.png 510w, https:\/\/femivoz.es\/wp-content\/uploads\/2020\/11\/IMG_6553-300x180.png 300w, https:\/\/femivoz.es\/wp-content\/uploads\/2020\/11\/IMG_6553-1024x614.png 1024w, https:\/\/femivoz.es\/wp-content\/uploads\/2020\/11\/IMG_6553-1080x648.png 1080w, https:\/\/femivoz.es\/wp-content\/uploads\/2020\/11\/IMG_6553-980x588.png 980w, https:\/\/femivoz.es\/wp-content\/uploads\/2020\/11\/IMG_6553-480x288.png 480w, https:\/\/femivoz.es\/wp-content\/uploads\/2020\/11\/IMG_6553.png 1280w\" sizes=\"(max-width: 768px) 100vw, 768px\" \/><\/div><\/a>\n\t\t\t\t<div class=\"elementor-post__badge\">#M\u00c9THODEASTUDILLO<\/div>\n\t\t\t\t<div class=\"elementor-post__avatar\">\n\t\t\t<img alt='MARIELA ASTUDILLO RAM\u00cdREZ' src='https:\/\/secure.gravatar.com\/avatar\/928f9828915696e14c2a38413871ed84aee84ab3d58353f47c32d0ca8c11a9d6?s=128&#038;d=mm&#038;r=g' srcset='https:\/\/secure.gravatar.com\/avatar\/928f9828915696e14c2a38413871ed84aee84ab3d58353f47c32d0ca8c11a9d6?s=256&#038;d=mm&#038;r=g 2x' class='avatar avatar-128 photo' height='128' width='128' \/>\t\t<\/div>\n\t\t\t\t<div class=\"elementor-post__text\">\n\t\t\t\t<h3 class=\"elementor-post__title\">\n\t\t\t<a href=\"https:\/\/femivoz.es\/fr\/neutralisation-de-la-voix-des-personnes-non-binaires\/\" >\n\t\t\t\tLa neutralisation de la voix de la voix des personnes non binaires\t\t\t<\/a>\n\t\t<\/h3>\n\t\t\t\t<div class=\"elementor-post__excerpt\">\n\t\t\t<p>\u00c0 la recherche de l\u2019harmonie vocale Lorsque j\u2019ai commenc\u00e9 \u00e0 travailler avec des femmes transgenres il y a 15 ans, je me suis centr\u00e9e exclusivement sur la f\u00e9minisation de la voix. \u00c0 cette \u00e9poque, f\u00e9miniser leurs voix \u00e9tait un challenge,<\/p>\n\t\t<\/div>\n\t\t\n\t\t<a class=\"elementor-post__read-more\" href=\"https:\/\/femivoz.es\/fr\/neutralisation-de-la-voix-des-personnes-non-binaires\/\" aria-label=\"En savoir plus sur La neutralisation de la voix de la voix des personnes non binaires\" tabindex=\"-1\" >\n\t\t\tLire l'article &gt;&gt;\t\t<\/a>\n\n\t\t\t\t<\/div>\n\t\t\t\t\t<\/div>\n\t\t<\/article>\n\t\t\t\t<article class=\"elementor-post elementor-grid-item post-11158 post type-post status-publish format-standard has-post-thumbnail hentry category-logopedie category-voix tag-covid-fr tag-masque tag-voix-fr\" role=\"listitem\">\n\t\t\t<div class=\"elementor-post__card\">\n\t\t\t\t<a class=\"elementor-post__thumbnail__link\" href=\"https:\/\/femivoz.es\/fr\/bon-usage-du-masque\/\" tabindex=\"-1\" ><div class=\"elementor-post__thumbnail\"><img loading=\"lazy\" decoding=\"async\" width=\"768\" height=\"295\" src=\"https:\/\/femivoz.es\/wp-content\/uploads\/El-buen-uso-de-la-mascarilla-durante-la-actividad-vocal-768x295.png\" class=\"attachment-medium_large size-medium_large wp-image-54034\" alt=\"El buen uso de la mascarilla durante la actividad vocal\" srcset=\"https:\/\/femivoz.es\/wp-content\/uploads\/El-buen-uso-de-la-mascarilla-durante-la-actividad-vocal-768x295.png 768w, https:\/\/femivoz.es\/wp-content\/uploads\/El-buen-uso-de-la-mascarilla-durante-la-actividad-vocal-300x115.png 300w, https:\/\/femivoz.es\/wp-content\/uploads\/El-buen-uso-de-la-mascarilla-durante-la-actividad-vocal-150x58.png 150w, https:\/\/femivoz.es\/wp-content\/uploads\/El-buen-uso-de-la-mascarilla-durante-la-actividad-vocal-510x196.png 510w, https:\/\/femivoz.es\/wp-content\/uploads\/El-buen-uso-de-la-mascarilla-durante-la-actividad-vocal.png 820w\" sizes=\"(max-width: 768px) 100vw, 768px\" \/><\/div><\/a>\n\t\t\t\t<div class=\"elementor-post__badge\">#COVID19<\/div>\n\t\t\t\t<div class=\"elementor-post__avatar\">\n\t\t\t<img alt='FEMIVOZ' src='https:\/\/secure.gravatar.com\/avatar\/9bb57af3a3b0b0c7b54a4ccc4aff34bf27533559ead028e1fe79c3e8dd78504d?s=128&#038;d=mm&#038;r=g' srcset='https:\/\/secure.gravatar.com\/avatar\/9bb57af3a3b0b0c7b54a4ccc4aff34bf27533559ead028e1fe79c3e8dd78504d?s=256&#038;d=mm&#038;r=g 2x' class='avatar avatar-128 photo' height='128' width='128' \/>\t\t<\/div>\n\t\t\t\t<div class=\"elementor-post__text\">\n\t\t\t\t<h3 class=\"elementor-post__title\">\n\t\t\t<a href=\"https:\/\/femivoz.es\/fr\/bon-usage-du-masque\/\" >\n\t\t\t\tLe bon usage du masque pendant l\u2019activit\u00e9 vocale\t\t\t<\/a>\n\t\t<\/h3>\n\t\t\t\t<div class=\"elementor-post__excerpt\">\n\t\t\t<p>\u00a0 INFORMATIONS ET CONSIGNES D\u2019HYGI\u00c8NE VOCALE CONCERNANT LE BON USAGE DU MASQUE PENDANT L\u2019ACTIVIT\u00c9 VOCALE La triste actualit\u00e9 que nous vivons \u00e0 l\u2019\u00e9chelle mondiale nous a alli\u00e9 ind\u00e9finiment et de force avec un outil de protection appel\u00e9 \u201cle masque\u201d. Depuis<\/p>\n\t\t<\/div>\n\t\t\n\t\t<a class=\"elementor-post__read-more\" href=\"https:\/\/femivoz.es\/fr\/bon-usage-du-masque\/\" aria-label=\"En savoir plus sur Le bon usage du masque pendant l\u2019activit\u00e9 vocale\" tabindex=\"-1\" >\n\t\t\tLire l'article &gt;&gt;\t\t<\/a>\n\n\t\t\t\t<\/div>\n\t\t\t\t\t<\/div>\n\t\t<\/article>\n\t\t\t\t<article class=\"elementor-post elementor-grid-item post-10888 post type-post status-publish format-standard has-post-thumbnail hentry category-feminisation-de-la-voix category-logopedie category-methode-astudillo category-voix tag-expressionsfaciales tag-feminisation-de-la-voix tag-methode-astudillo\" role=\"listitem\">\n\t\t\t<div class=\"elementor-post__card\">\n\t\t\t\t<a class=\"elementor-post__thumbnail__link\" href=\"https:\/\/femivoz.es\/fr\/expressions-faciales-et-feminisation-de-la-voix\/\" tabindex=\"-1\" ><div class=\"elementor-post__thumbnail\"><img loading=\"lazy\" decoding=\"async\" width=\"768\" height=\"295\" src=\"https:\/\/femivoz.es\/wp-content\/uploads\/Expresiones-faciales-y-feminizacion-de-la-voz-768x295.png\" class=\"attachment-medium_large size-medium_large wp-image-53731\" alt=\"Expresiones faciales y feminizacio\u0301n de la voz\" srcset=\"https:\/\/femivoz.es\/wp-content\/uploads\/Expresiones-faciales-y-feminizacion-de-la-voz-768x295.png 768w, https:\/\/femivoz.es\/wp-content\/uploads\/Expresiones-faciales-y-feminizacion-de-la-voz-300x115.png 300w, https:\/\/femivoz.es\/wp-content\/uploads\/Expresiones-faciales-y-feminizacion-de-la-voz-150x58.png 150w, https:\/\/femivoz.es\/wp-content\/uploads\/Expresiones-faciales-y-feminizacion-de-la-voz-510x196.png 510w, https:\/\/femivoz.es\/wp-content\/uploads\/Expresiones-faciales-y-feminizacion-de-la-voz.png 820w\" sizes=\"(max-width: 768px) 100vw, 768px\" \/><\/div><\/a>\n\t\t\t\t<div class=\"elementor-post__badge\">#EXPRESSIONSFACIALES<\/div>\n\t\t\t\t<div class=\"elementor-post__avatar\">\n\t\t\t<img alt='MARIELA ASTUDILLO RAM\u00cdREZ' src='https:\/\/secure.gravatar.com\/avatar\/928f9828915696e14c2a38413871ed84aee84ab3d58353f47c32d0ca8c11a9d6?s=128&#038;d=mm&#038;r=g' srcset='https:\/\/secure.gravatar.com\/avatar\/928f9828915696e14c2a38413871ed84aee84ab3d58353f47c32d0ca8c11a9d6?s=256&#038;d=mm&#038;r=g 2x' class='avatar avatar-128 photo' height='128' width='128' \/>\t\t<\/div>\n\t\t\t\t<div class=\"elementor-post__text\">\n\t\t\t\t<h3 class=\"elementor-post__title\">\n\t\t\t<a href=\"https:\/\/femivoz.es\/fr\/expressions-faciales-et-feminisation-de-la-voix\/\" >\n\t\t\t\tExpressions faciales et f\u00e9minisation de la voix\t\t\t<\/a>\n\t\t<\/h3>\n\t\t\t\t<div class=\"elementor-post__excerpt\">\n\t\t\t<p>LES EXPRESSIONS FACIALES : Pourquoi est-il important de les travailler ? Tel que je l&rsquo;ai d\u00e9j\u00e0 mentionn\u00e9 dans la plupart de mes vid\u00e9os ainsi que dans mes nombreux articles et mon livre, je ne con\u00e7ois aucunement le travail de la<\/p>\n\t\t<\/div>\n\t\t\n\t\t<a class=\"elementor-post__read-more\" href=\"https:\/\/femivoz.es\/fr\/expressions-faciales-et-feminisation-de-la-voix\/\" aria-label=\"En savoir plus sur Expressions faciales et f\u00e9minisation de la voix\" tabindex=\"-1\" >\n\t\t\tLire l'article &gt;&gt;\t\t<\/a>\n\n\t\t\t\t<\/div>\n\t\t\t\t\t<\/div>\n\t\t<\/article>\n\t\t\t\t<article class=\"elementor-post elementor-grid-item post-10539 post type-post status-publish format-standard has-post-thumbnail hentry category-acoustique-de-la-voix category-applications-mobiles category-feminisation-de-la-voix category-logopedie category-methode-astudillo category-voix tag-applications-mobiles tag-feminisation-de-la-voix tag-frequence-fondamentale tag-methode-astudillo\" role=\"listitem\">\n\t\t\t<div class=\"elementor-post__card\">\n\t\t\t\t<a class=\"elementor-post__thumbnail__link\" href=\"https:\/\/femivoz.es\/fr\/applications-mobiles-et-feminisation-de-la-voix\/\" tabindex=\"-1\" ><div class=\"elementor-post__thumbnail\"><img loading=\"lazy\" decoding=\"async\" width=\"768\" height=\"295\" src=\"https:\/\/femivoz.es\/wp-content\/uploads\/Aplicaciones-moviles-y-frecuencia-fundamental-y-feminizacion-de-la-voz-768x295.png\" class=\"attachment-medium_large size-medium_large wp-image-53743\" alt=\"Aplicaciones mo\u0301viles y frecuencia fundamental y feminizacio\u0301n de la voz\" srcset=\"https:\/\/femivoz.es\/wp-content\/uploads\/Aplicaciones-moviles-y-frecuencia-fundamental-y-feminizacion-de-la-voz-768x295.png 768w, https:\/\/femivoz.es\/wp-content\/uploads\/Aplicaciones-moviles-y-frecuencia-fundamental-y-feminizacion-de-la-voz-300x115.png 300w, https:\/\/femivoz.es\/wp-content\/uploads\/Aplicaciones-moviles-y-frecuencia-fundamental-y-feminizacion-de-la-voz-150x58.png 150w, https:\/\/femivoz.es\/wp-content\/uploads\/Aplicaciones-moviles-y-frecuencia-fundamental-y-feminizacion-de-la-voz-510x196.png 510w, https:\/\/femivoz.es\/wp-content\/uploads\/Aplicaciones-moviles-y-frecuencia-fundamental-y-feminizacion-de-la-voz.png 820w\" sizes=\"(max-width: 768px) 100vw, 768px\" \/><\/div><\/a>\n\t\t\t\t<div class=\"elementor-post__badge\">#APPLICATIONSMOBILES<\/div>\n\t\t\t\t<div class=\"elementor-post__avatar\">\n\t\t\t<img alt='MARIELA ASTUDILLO RAM\u00cdREZ' src='https:\/\/secure.gravatar.com\/avatar\/928f9828915696e14c2a38413871ed84aee84ab3d58353f47c32d0ca8c11a9d6?s=128&#038;d=mm&#038;r=g' srcset='https:\/\/secure.gravatar.com\/avatar\/928f9828915696e14c2a38413871ed84aee84ab3d58353f47c32d0ca8c11a9d6?s=256&#038;d=mm&#038;r=g 2x' class='avatar avatar-128 photo' height='128' width='128' \/>\t\t<\/div>\n\t\t\t\t<div class=\"elementor-post__text\">\n\t\t\t\t<h3 class=\"elementor-post__title\">\n\t\t\t<a href=\"https:\/\/femivoz.es\/fr\/applications-mobiles-et-feminisation-de-la-voix\/\" >\n\t\t\t\tLes applications mobiles et f\u00e9minisation de la voix\t\t\t<\/a>\n\t\t<\/h3>\n\t\t\t\t<div class=\"elementor-post__excerpt\">\n\t\t\t<p>Nous vivons dans un monde o\u00f9 la technologie prend de plus en plus le dessus sur les anciennes techniques de communication, d&rsquo;apprentissage, d&rsquo;information&#8230; c&rsquo;est pour cela que nous devons parler sur applications mobiles et f\u00e9minisation de la voix. Actuellement, dans<\/p>\n\t\t<\/div>\n\t\t\n\t\t<a class=\"elementor-post__read-more\" href=\"https:\/\/femivoz.es\/fr\/applications-mobiles-et-feminisation-de-la-voix\/\" aria-label=\"En savoir plus sur Les applications mobiles et f\u00e9minisation de la voix\" tabindex=\"-1\" >\n\t\t\tLire l'article &gt;&gt;\t\t<\/a>\n\n\t\t\t\t<\/div>\n\t\t\t\t\t<\/div>\n\t\t<\/article>\n\t\t\t\t<article class=\"elementor-post elementor-grid-item post-9920 post type-post status-publish format-standard has-post-thumbnail hentry category-feminisation-de-la-voix category-logopedie category-methode-astudillo category-transidentite category-voix tag-feminisation-de-la-voix tag-methode-astudillo tag-transition\" role=\"listitem\">\n\t\t\t<div class=\"elementor-post__card\">\n\t\t\t\t<a class=\"elementor-post__thumbnail__link\" href=\"https:\/\/femivoz.es\/fr\/transition-et-feminisation-de-la-voix\/\" tabindex=\"-1\" ><div class=\"elementor-post__thumbnail\"><img loading=\"lazy\" decoding=\"async\" width=\"768\" height=\"432\" src=\"https:\/\/femivoz.es\/wp-content\/uploads\/Design-sans-titre-2-768x432.png\" class=\"attachment-medium_large size-medium_large wp-image-50498\" alt=\"\" srcset=\"https:\/\/femivoz.es\/wp-content\/uploads\/Design-sans-titre-2-768x432.png 768w, https:\/\/femivoz.es\/wp-content\/uploads\/Design-sans-titre-2-300x169.png 300w, https:\/\/femivoz.es\/wp-content\/uploads\/Design-sans-titre-2-1024x576.png 1024w, https:\/\/femivoz.es\/wp-content\/uploads\/Design-sans-titre-2-150x84.png 150w, https:\/\/femivoz.es\/wp-content\/uploads\/Design-sans-titre-2-510x287.png 510w, https:\/\/femivoz.es\/wp-content\/uploads\/Design-sans-titre-2.png 1280w\" sizes=\"(max-width: 768px) 100vw, 768px\" \/><\/div><\/a>\n\t\t\t\t<div class=\"elementor-post__badge\">#F\u00c9MINISATIONDELAVOIX<\/div>\n\t\t\t\t<div class=\"elementor-post__avatar\">\n\t\t\t<img alt='MARIELA ASTUDILLO RAM\u00cdREZ' src='https:\/\/secure.gravatar.com\/avatar\/928f9828915696e14c2a38413871ed84aee84ab3d58353f47c32d0ca8c11a9d6?s=128&#038;d=mm&#038;r=g' srcset='https:\/\/secure.gravatar.com\/avatar\/928f9828915696e14c2a38413871ed84aee84ab3d58353f47c32d0ca8c11a9d6?s=256&#038;d=mm&#038;r=g 2x' class='avatar avatar-128 photo' height='128' width='128' \/>\t\t<\/div>\n\t\t\t\t<div class=\"elementor-post__text\">\n\t\t\t\t<h3 class=\"elementor-post__title\">\n\t\t\t<a href=\"https:\/\/femivoz.es\/fr\/transition-et-feminisation-de-la-voix\/\" >\n\t\t\t\tTransition et f\u00e9minisation de la voix\t\t\t<\/a>\n\t\t<\/h3>\n\t\t\t\t<div class=\"elementor-post__excerpt\">\n\t\t\t<p>Je re\u00e7ois de plus en plus de questions li\u00e9es au changement vocal et \u00e0 la transition et f\u00e9minisation de la voix, d\u00e9crite comme la p\u00e9riode de temps pendant laquelle une femme r\u00e9alise des changements au niveau physique, \u00e9motionnel, vestimentaire, vocal&#8230;<\/p>\n\t\t<\/div>\n\t\t\n\t\t<a class=\"elementor-post__read-more\" href=\"https:\/\/femivoz.es\/fr\/transition-et-feminisation-de-la-voix\/\" aria-label=\"En savoir plus sur Transition et f\u00e9minisation de la voix\" tabindex=\"-1\" >\n\t\t\tLire l'article &gt;&gt;\t\t<\/a>\n\n\t\t\t\t<\/div>\n\t\t\t\t\t<\/div>\n\t\t<\/article>\n\t\t\t\t<article class=\"elementor-post elementor-grid-item post-9757 post type-post status-publish format-standard has-post-thumbnail hentry category-feminisation-de-la-voix category-lgbtqia category-logopedie category-methode-astudillo category-transidentite category-voix tag-feminisation-de-la-voix tag-methode-astudillo tag-mue-vocale\" role=\"listitem\">\n\t\t\t<div class=\"elementor-post__card\">\n\t\t\t\t<a class=\"elementor-post__thumbnail__link\" href=\"https:\/\/femivoz.es\/fr\/mue-vocale-transgenre-feminisation-de-la-voix\/\" tabindex=\"-1\" ><div class=\"elementor-post__thumbnail\"><img loading=\"lazy\" decoding=\"async\" width=\"768\" height=\"295\" src=\"https:\/\/femivoz.es\/wp-content\/uploads\/muda-vocal-y-feminizacion-de-la-voz-768x295.png\" class=\"attachment-medium_large size-medium_large wp-image-53582\" alt=\"Muda vocal y feminizacio\u0301n de la voz\" srcset=\"https:\/\/femivoz.es\/wp-content\/uploads\/muda-vocal-y-feminizacion-de-la-voz-768x295.png 768w, https:\/\/femivoz.es\/wp-content\/uploads\/muda-vocal-y-feminizacion-de-la-voz-300x115.png 300w, https:\/\/femivoz.es\/wp-content\/uploads\/muda-vocal-y-feminizacion-de-la-voz-150x58.png 150w, https:\/\/femivoz.es\/wp-content\/uploads\/muda-vocal-y-feminizacion-de-la-voz-510x196.png 510w, https:\/\/femivoz.es\/wp-content\/uploads\/muda-vocal-y-feminizacion-de-la-voz.png 820w\" sizes=\"(max-width: 768px) 100vw, 768px\" \/><\/div><\/a>\n\t\t\t\t<div class=\"elementor-post__badge\">#F\u00c9MINISATIONDELAVOIX<\/div>\n\t\t\t\t<div class=\"elementor-post__avatar\">\n\t\t\t<img alt='MARIELA ASTUDILLO RAM\u00cdREZ' src='https:\/\/secure.gravatar.com\/avatar\/928f9828915696e14c2a38413871ed84aee84ab3d58353f47c32d0ca8c11a9d6?s=128&#038;d=mm&#038;r=g' srcset='https:\/\/secure.gravatar.com\/avatar\/928f9828915696e14c2a38413871ed84aee84ab3d58353f47c32d0ca8c11a9d6?s=256&#038;d=mm&#038;r=g 2x' class='avatar avatar-128 photo' height='128' width='128' \/>\t\t<\/div>\n\t\t\t\t<div class=\"elementor-post__text\">\n\t\t\t\t<h3 class=\"elementor-post__title\">\n\t\t\t<a href=\"https:\/\/femivoz.es\/fr\/mue-vocale-transgenre-feminisation-de-la-voix\/\" >\n\t\t\t\tMue vocale et f\u00e9minisation de la voix\t\t\t<\/a>\n\t\t<\/h3>\n\t\t\t\t<div class=\"elementor-post__excerpt\">\n\t\t\t<p>\u00a0 La mue vocale : anatomie et physiologie \u00c0 la naissance, la longueur de nos cordes vocales et d\u2019approximativement 4,5 mm \u00e0 5 mm. Le larynx se trouve dans une position tr\u00e8s haute dans le cou. Lors de notre premi\u00e8re<\/p>\n\t\t<\/div>\n\t\t\n\t\t<a class=\"elementor-post__read-more\" href=\"https:\/\/femivoz.es\/fr\/mue-vocale-transgenre-feminisation-de-la-voix\/\" aria-label=\"En savoir plus sur Mue vocale et f\u00e9minisation de la voix\" tabindex=\"-1\" >\n\t\t\tLire l'article &gt;&gt;\t\t<\/a>\n\n\t\t\t\t<\/div>\n\t\t\t\t\t<\/div>\n\t\t<\/article>\n\t\t\t\t<article class=\"elementor-post elementor-grid-item post-9435 post type-post status-publish format-standard has-post-thumbnail hentry category-feminisation-de-la-voix category-feminite category-logopedie category-methode-astudillo category-sante-vocale category-voix tag-feminisation-de-la-voix tag-pathologie-vocale tag-reflux\" role=\"listitem\">\n\t\t\t<div class=\"elementor-post__card\">\n\t\t\t\t<a class=\"elementor-post__thumbnail__link\" href=\"https:\/\/femivoz.es\/fr\/reflux-feminisation-de-la-voix\/\" tabindex=\"-1\" ><div class=\"elementor-post__thumbnail\"><img loading=\"lazy\" decoding=\"async\" width=\"768\" height=\"295\" src=\"https:\/\/femivoz.es\/wp-content\/uploads\/Reflujo-y-feminizacion-de-la-voz-768x295.png\" class=\"attachment-medium_large size-medium_large wp-image-53778\" alt=\"Reflujo y feminizacio\u0301n de la voz\" srcset=\"https:\/\/femivoz.es\/wp-content\/uploads\/Reflujo-y-feminizacion-de-la-voz-768x295.png 768w, https:\/\/femivoz.es\/wp-content\/uploads\/Reflujo-y-feminizacion-de-la-voz-300x115.png 300w, https:\/\/femivoz.es\/wp-content\/uploads\/Reflujo-y-feminizacion-de-la-voz-150x58.png 150w, https:\/\/femivoz.es\/wp-content\/uploads\/Reflujo-y-feminizacion-de-la-voz-510x196.png 510w, https:\/\/femivoz.es\/wp-content\/uploads\/Reflujo-y-feminizacion-de-la-voz.png 820w\" sizes=\"(max-width: 768px) 100vw, 768px\" \/><\/div><\/a>\n\t\t\t\t<div class=\"elementor-post__badge\">#F\u00c9MINISATIONDELAVOIX<\/div>\n\t\t\t\t<div class=\"elementor-post__avatar\">\n\t\t\t<img alt='MARIELA ASTUDILLO RAM\u00cdREZ' src='https:\/\/secure.gravatar.com\/avatar\/928f9828915696e14c2a38413871ed84aee84ab3d58353f47c32d0ca8c11a9d6?s=128&#038;d=mm&#038;r=g' srcset='https:\/\/secure.gravatar.com\/avatar\/928f9828915696e14c2a38413871ed84aee84ab3d58353f47c32d0ca8c11a9d6?s=256&#038;d=mm&#038;r=g 2x' class='avatar avatar-128 photo' height='128' width='128' \/>\t\t<\/div>\n\t\t\t\t<div class=\"elementor-post__text\">\n\t\t\t\t<h3 class=\"elementor-post__title\">\n\t\t\t<a href=\"https:\/\/femivoz.es\/fr\/reflux-feminisation-de-la-voix\/\" >\n\t\t\t\tComment le reflux affecte-t-il la f\u00e9minisation de la voix ?\t\t\t<\/a>\n\t\t<\/h3>\n\t\t\t\t<div class=\"elementor-post__excerpt\">\n\t\t\t<p>\u00a0 Reflux gastro-oesophagien\u00a0: causes et sympt\u00f4mes\u00a0 Trois de chaque dix personnes souffrent de reflux gastro-laryng\u00e9, lequel se produit lorsque les sucs gastriques montent de l\u2019estomac vers le larynx et le pharynx.\u00a0 Les causes de ce reflux peuvent \u00eatre les suivantes<\/p>\n\t\t<\/div>\n\t\t\n\t\t<a class=\"elementor-post__read-more\" href=\"https:\/\/femivoz.es\/fr\/reflux-feminisation-de-la-voix\/\" aria-label=\"En savoir plus sur Comment le reflux affecte-t-il la f\u00e9minisation de la voix ?\" tabindex=\"-1\" >\n\t\t\tLire l'article &gt;&gt;\t\t<\/a>\n\n\t\t\t\t<\/div>\n\t\t\t\t\t<\/div>\n\t\t<\/article>\n\t\t\t\t<article class=\"elementor-post elementor-grid-item post-8856 post type-post status-publish format-standard has-post-thumbnail hentry category-feminisation-de-la-voix category-logopedie category-methode-astudillo category-sante-vocale category-voix tag-allergie tag-feminisation-de-la-voix tag-rhinosinusite\" role=\"listitem\">\n\t\t\t<div class=\"elementor-post__card\">\n\t\t\t\t<a class=\"elementor-post__thumbnail__link\" href=\"https:\/\/femivoz.es\/fr\/rhinosinusite-allergique-et-feminisation-de-la-voix\/\" tabindex=\"-1\" ><div class=\"elementor-post__thumbnail\"><img loading=\"lazy\" decoding=\"async\" width=\"768\" height=\"295\" src=\"https:\/\/femivoz.es\/wp-content\/uploads\/Rinosinusitis-alergica-y-feminizacion-de-la-voz-768x295.png\" class=\"attachment-medium_large size-medium_large wp-image-53791\" alt=\"Rinosinusitis ale\u0301rgica y feminizacio\u0301n de la voz\" srcset=\"https:\/\/femivoz.es\/wp-content\/uploads\/Rinosinusitis-alergica-y-feminizacion-de-la-voz-768x295.png 768w, https:\/\/femivoz.es\/wp-content\/uploads\/Rinosinusitis-alergica-y-feminizacion-de-la-voz-300x115.png 300w, https:\/\/femivoz.es\/wp-content\/uploads\/Rinosinusitis-alergica-y-feminizacion-de-la-voz-150x58.png 150w, https:\/\/femivoz.es\/wp-content\/uploads\/Rinosinusitis-alergica-y-feminizacion-de-la-voz-510x196.png 510w, https:\/\/femivoz.es\/wp-content\/uploads\/Rinosinusitis-alergica-y-feminizacion-de-la-voz.png 820w\" sizes=\"(max-width: 768px) 100vw, 768px\" \/><\/div><\/a>\n\t\t\t\t<div class=\"elementor-post__badge\">#ALLERGIE<\/div>\n\t\t\t\t<div class=\"elementor-post__avatar\">\n\t\t\t<img alt='MARIELA ASTUDILLO RAM\u00cdREZ' src='https:\/\/secure.gravatar.com\/avatar\/928f9828915696e14c2a38413871ed84aee84ab3d58353f47c32d0ca8c11a9d6?s=128&#038;d=mm&#038;r=g' srcset='https:\/\/secure.gravatar.com\/avatar\/928f9828915696e14c2a38413871ed84aee84ab3d58353f47c32d0ca8c11a9d6?s=256&#038;d=mm&#038;r=g 2x' class='avatar avatar-128 photo' height='128' width='128' \/>\t\t<\/div>\n\t\t\t\t<div class=\"elementor-post__text\">\n\t\t\t\t<h3 class=\"elementor-post__title\">\n\t\t\t<a href=\"https:\/\/femivoz.es\/fr\/rhinosinusite-allergique-et-feminisation-de-la-voix\/\" >\n\t\t\t\tRhinosinusite allergique et f\u00e9minisation de la voix\t\t\t<\/a>\n\t\t<\/h3>\n\t\t\t\t<div class=\"elementor-post__excerpt\">\n\t\t\t<p>\u00a0 Qu\u2019est-ce qu\u2019une allergie ? L\u2019allergie est une surr\u00e9action du syst\u00e8me immunitaire caus\u00e9e par des substances susceptibles d\u2019\u00eatre allerg\u00e8nes. De telles substances, pourtant inoffensives, vont \u00eatre per\u00e7ues par l\u2019organisme comme des corps \u00e9trangers nocifs qui vont avoir une r\u00e9action de<\/p>\n\t\t<\/div>\n\t\t\n\t\t<a class=\"elementor-post__read-more\" href=\"https:\/\/femivoz.es\/fr\/rhinosinusite-allergique-et-feminisation-de-la-voix\/\" aria-label=\"En savoir plus sur Rhinosinusite allergique et f\u00e9minisation de la voix\" tabindex=\"-1\" >\n\t\t\tLire l'article &gt;&gt;\t\t<\/a>\n\n\t\t\t\t<\/div>\n\t\t\t\t\t<\/div>\n\t\t<\/article>\n\t\t\t\t<article class=\"elementor-post elementor-grid-item post-8689 post type-post status-publish format-standard has-post-thumbnail hentry category-feminisation-de-la-voix category-feminite category-logopedie category-methode-astudillo category-voix tag-aigus tag-methode-astudillo tag-voix-feminine\" role=\"listitem\">\n\t\t\t<div class=\"elementor-post__card\">\n\t\t\t\t<a class=\"elementor-post__thumbnail__link\" href=\"https:\/\/femivoz.es\/fr\/parler-aigu-nest-pas-feminin\/\" tabindex=\"-1\" ><div class=\"elementor-post__thumbnail\"><img loading=\"lazy\" decoding=\"async\" width=\"768\" height=\"295\" src=\"https:\/\/femivoz.es\/wp-content\/uploads\/Hablar-en-agudo-no-es-femenino-768x295.png\" class=\"attachment-medium_large size-medium_large wp-image-53694\" alt=\"Hablar en agudo no es femenino\" srcset=\"https:\/\/femivoz.es\/wp-content\/uploads\/Hablar-en-agudo-no-es-femenino-768x295.png 768w, https:\/\/femivoz.es\/wp-content\/uploads\/Hablar-en-agudo-no-es-femenino-300x115.png 300w, https:\/\/femivoz.es\/wp-content\/uploads\/Hablar-en-agudo-no-es-femenino-150x58.png 150w, https:\/\/femivoz.es\/wp-content\/uploads\/Hablar-en-agudo-no-es-femenino-510x196.png 510w, https:\/\/femivoz.es\/wp-content\/uploads\/Hablar-en-agudo-no-es-femenino.png 820w\" sizes=\"(max-width: 768px) 100vw, 768px\" \/><\/div><\/a>\n\t\t\t\t<div class=\"elementor-post__badge\">#AIGUS<\/div>\n\t\t\t\t<div class=\"elementor-post__avatar\">\n\t\t\t<img alt='MARIELA ASTUDILLO RAM\u00cdREZ' src='https:\/\/secure.gravatar.com\/avatar\/928f9828915696e14c2a38413871ed84aee84ab3d58353f47c32d0ca8c11a9d6?s=128&#038;d=mm&#038;r=g' srcset='https:\/\/secure.gravatar.com\/avatar\/928f9828915696e14c2a38413871ed84aee84ab3d58353f47c32d0ca8c11a9d6?s=256&#038;d=mm&#038;r=g 2x' class='avatar avatar-128 photo' height='128' width='128' \/>\t\t<\/div>\n\t\t\t\t<div class=\"elementor-post__text\">\n\t\t\t\t<h3 class=\"elementor-post__title\">\n\t\t\t<a href=\"https:\/\/femivoz.es\/fr\/parler-aigu-nest-pas-feminin\/\" >\n\t\t\t\tParler aigu n&rsquo;est pas f\u00e9minin\t\t\t<\/a>\n\t\t<\/h3>\n\t\t\t\t<div class=\"elementor-post__excerpt\">\n\t\t\t<p>\u00a0 Une personne qui parle toujours aigu n\u2019aura pas une voix f\u00e9minine ou naturelle Quand nous pensons \u00e0 la f\u00e9minisation de la voix, la premi\u00e8re chose qui nous vient \u00e0 l\u2019esprit sont les AIGUS : rendre une voix plus aigu\u00eb,<\/p>\n\t\t<\/div>\n\t\t\n\t\t<a class=\"elementor-post__read-more\" href=\"https:\/\/femivoz.es\/fr\/parler-aigu-nest-pas-feminin\/\" aria-label=\"En savoir plus sur Parler aigu n&rsquo;est pas f\u00e9minin\" tabindex=\"-1\" >\n\t\t\tLire l'article &gt;&gt;\t\t<\/a>\n\n\t\t\t\t<\/div>\n\t\t\t\t\t<\/div>\n\t\t<\/article>\n\t\t\t\t<article class=\"elementor-post elementor-grid-item post-8631 post type-post status-publish format-standard has-post-thumbnail hentry category-feminisation-de-la-voix category-logopedie category-methode-astudillo category-sante-vocale category-voix tag-alcool tag-feminisation-de-la-voix tag-methode-astudillo\" role=\"listitem\">\n\t\t\t<div class=\"elementor-post__card\">\n\t\t\t\t<a class=\"elementor-post__thumbnail__link\" href=\"https:\/\/femivoz.es\/fr\/alcool-feminisation-de-la-voix\/\" tabindex=\"-1\" ><div class=\"elementor-post__thumbnail\"><img loading=\"lazy\" decoding=\"async\" width=\"768\" height=\"295\" src=\"https:\/\/femivoz.es\/wp-content\/uploads\/Alcohol-y-feminizacion-de-la-voz-768x295.png\" class=\"attachment-medium_large size-medium_large wp-image-53794\" alt=\"Alcohol y feminizacio\u0301n de la voz\" srcset=\"https:\/\/femivoz.es\/wp-content\/uploads\/Alcohol-y-feminizacion-de-la-voz-768x295.png 768w, https:\/\/femivoz.es\/wp-content\/uploads\/Alcohol-y-feminizacion-de-la-voz-300x115.png 300w, https:\/\/femivoz.es\/wp-content\/uploads\/Alcohol-y-feminizacion-de-la-voz-150x58.png 150w, https:\/\/femivoz.es\/wp-content\/uploads\/Alcohol-y-feminizacion-de-la-voz-510x196.png 510w, https:\/\/femivoz.es\/wp-content\/uploads\/Alcohol-y-feminizacion-de-la-voz.png 820w\" sizes=\"(max-width: 768px) 100vw, 768px\" \/><\/div><\/a>\n\t\t\t\t<div class=\"elementor-post__badge\">#ALCOOL<\/div>\n\t\t\t\t<div class=\"elementor-post__avatar\">\n\t\t\t<img alt='MARIELA ASTUDILLO RAM\u00cdREZ' src='https:\/\/secure.gravatar.com\/avatar\/928f9828915696e14c2a38413871ed84aee84ab3d58353f47c32d0ca8c11a9d6?s=128&#038;d=mm&#038;r=g' srcset='https:\/\/secure.gravatar.com\/avatar\/928f9828915696e14c2a38413871ed84aee84ab3d58353f47c32d0ca8c11a9d6?s=256&#038;d=mm&#038;r=g 2x' class='avatar avatar-128 photo' height='128' width='128' \/>\t\t<\/div>\n\t\t\t\t<div class=\"elementor-post__text\">\n\t\t\t\t<h3 class=\"elementor-post__title\">\n\t\t\t<a href=\"https:\/\/femivoz.es\/fr\/alcool-feminisation-de-la-voix\/\" >\n\t\t\t\tAlcool et f\u00e9minisation de la voix\t\t\t<\/a>\n\t\t<\/h3>\n\t\t\t\t<div class=\"elementor-post__excerpt\">\n\t\t\t<p>\u00c9tymologie et histoire Le mot alcool vient du mot arabe \u00ab\u00a0al-kohl\u00a0\u00bb qui signifie \u00ab\u00a0antimoine pulv\u00e9ris\u00e9\u00a0\u00bb. L\u2019antimoine est un \u00e9l\u00e9ment chimique m\u00e9tallo\u00efde \u00e0 propri\u00e9t\u00e9s interm\u00e9diaires entre les m\u00e9taux et les non-m\u00e9taux. Le sulfure d\u2019antimoine \u00e9tait employ\u00e9 dans l\u2019Antiquit\u00e9 comme mascara et<\/p>\n\t\t<\/div>\n\t\t\n\t\t<a class=\"elementor-post__read-more\" href=\"https:\/\/femivoz.es\/fr\/alcool-feminisation-de-la-voix\/\" aria-label=\"En savoir plus sur Alcool et f\u00e9minisation de la voix\" tabindex=\"-1\" >\n\t\t\tLire l'article &gt;&gt;\t\t<\/a>\n\n\t\t\t\t<\/div>\n\t\t\t\t\t<\/div>\n\t\t<\/article>\n\t\t\t\t<article class=\"elementor-post elementor-grid-item post-8544 post type-post status-publish format-standard has-post-thumbnail hentry category-feminisation-de-la-voix category-logopedie category-methode-astudillo category-sante-vocale category-voix tag-feminisation-de-la-voix tag-methode-astudillo tag-tabac\" role=\"listitem\">\n\t\t\t<div class=\"elementor-post__card\">\n\t\t\t\t<a class=\"elementor-post__thumbnail__link\" href=\"https:\/\/femivoz.es\/fr\/tabac-feminisation-de-la-voix\/\" tabindex=\"-1\" ><div class=\"elementor-post__thumbnail\"><img loading=\"lazy\" decoding=\"async\" width=\"768\" height=\"295\" src=\"https:\/\/femivoz.es\/wp-content\/uploads\/tabaco-y-feminizacion-de-la-voz-768x295.png\" class=\"attachment-medium_large size-medium_large wp-image-53798\" alt=\"tabaco y feminizacio\u0301n de la voz\" srcset=\"https:\/\/femivoz.es\/wp-content\/uploads\/tabaco-y-feminizacion-de-la-voz-768x295.png 768w, https:\/\/femivoz.es\/wp-content\/uploads\/tabaco-y-feminizacion-de-la-voz-300x115.png 300w, https:\/\/femivoz.es\/wp-content\/uploads\/tabaco-y-feminizacion-de-la-voz-150x58.png 150w, https:\/\/femivoz.es\/wp-content\/uploads\/tabaco-y-feminizacion-de-la-voz-510x196.png 510w, https:\/\/femivoz.es\/wp-content\/uploads\/tabaco-y-feminizacion-de-la-voz.png 820w\" sizes=\"(max-width: 768px) 100vw, 768px\" \/><\/div><\/a>\n\t\t\t\t<div class=\"elementor-post__badge\">#F\u00c9MINISATIONDELAVOIX<\/div>\n\t\t\t\t<div class=\"elementor-post__avatar\">\n\t\t\t<img alt='MARIELA ASTUDILLO RAM\u00cdREZ' src='https:\/\/secure.gravatar.com\/avatar\/928f9828915696e14c2a38413871ed84aee84ab3d58353f47c32d0ca8c11a9d6?s=128&#038;d=mm&#038;r=g' srcset='https:\/\/secure.gravatar.com\/avatar\/928f9828915696e14c2a38413871ed84aee84ab3d58353f47c32d0ca8c11a9d6?s=256&#038;d=mm&#038;r=g 2x' class='avatar avatar-128 photo' height='128' width='128' \/>\t\t<\/div>\n\t\t\t\t<div class=\"elementor-post__text\">\n\t\t\t\t<h3 class=\"elementor-post__title\">\n\t\t\t<a href=\"https:\/\/femivoz.es\/fr\/tabac-feminisation-de-la-voix\/\" >\n\t\t\t\tComment le tabac affecte-t-il le travail de f\u00e9minisation de la voix ?\t\t\t<\/a>\n\t\t<\/h3>\n\t\t\t\t<div class=\"elementor-post__excerpt\">\n\t\t\t<p>\u00a0 Quand une personne fume, il ne faut pas penser uniquement aux effets nocifs du tabac sur les poumons, il est \u00e9galement important de penser que la fum\u00e9e qui est aspir\u00e9e va \u00eatre \u00e9galement nocive pour les tissus, les muqueuses<\/p>\n\t\t<\/div>\n\t\t\n\t\t<a class=\"elementor-post__read-more\" href=\"https:\/\/femivoz.es\/fr\/tabac-feminisation-de-la-voix\/\" aria-label=\"En savoir plus sur Comment le tabac affecte-t-il le travail de f\u00e9minisation de la voix ?\" tabindex=\"-1\" >\n\t\t\tLire l'article &gt;&gt;\t\t<\/a>\n\n\t\t\t\t<\/div>\n\t\t\t\t\t<\/div>\n\t\t<\/article>\n\t\t\t\t<article class=\"elementor-post elementor-grid-item post-8473 post type-post status-publish format-standard hentry category-feminisation-de-la-voix category-logopedie category-methode-astudillo category-voix tag-fausset tag-voix-de-tete tag-voix-feminine\" role=\"listitem\">\n\t\t\t<div class=\"elementor-post__card\">\n\t\t\t\t<div class=\"elementor-post__text\">\n\t\t\t\t<h3 class=\"elementor-post__title\">\n\t\t\t<a href=\"https:\/\/femivoz.es\/fr\/voix-de-tete-feminisation-femme-transgenre\/\" >\n\t\t\t\tQu&rsquo;est-ce que la voix de t\u00eate ou voix de fausset ?\t\t\t<\/a>\n\t\t<\/h3>\n\t\t\t\t<div class=\"elementor-post__excerpt\">\n\t\t\t<p>\u00a0 Pourquoi travaillons-nous la voix de t\u00eate ou voix de fausset dans l&rsquo;entra\u00eenement vocal de f\u00e9minisation et harmonisation de la voix ? \u00a0 La premi\u00e8re chose \u00e0 faire est de d\u00e9finir ce qu\u2019est la voix de t\u00eate\u00a0 Anciennement, \u00e0 l&rsquo;\u00e9poque<\/p>\n\t\t<\/div>\n\t\t\n\t\t<a class=\"elementor-post__read-more\" href=\"https:\/\/femivoz.es\/fr\/voix-de-tete-feminisation-femme-transgenre\/\" aria-label=\"En savoir plus sur Qu&rsquo;est-ce que la voix de t\u00eate ou voix de fausset ?\" tabindex=\"-1\" >\n\t\t\tLire l'article &gt;&gt;\t\t<\/a>\n\n\t\t\t\t<\/div>\n\t\t\t\t\t<\/div>\n\t\t<\/article>\n\t\t\t\t<article class=\"elementor-post elementor-grid-item post-7868 post type-post status-publish format-standard has-post-thumbnail hentry category-feminisation-de-la-voix category-feminite category-logopedie category-methode-astudillo category-voix tag-feminisation-de-la-voix tag-feminite tag-voix-feminine\" role=\"listitem\">\n\t\t\t<div class=\"elementor-post__card\">\n\t\t\t\t<a class=\"elementor-post__thumbnail__link\" href=\"https:\/\/femivoz.es\/fr\/la-feminite-ne-peut-senseigner-elle-est-innee\/\" tabindex=\"-1\" ><div class=\"elementor-post__thumbnail\"><img loading=\"lazy\" decoding=\"async\" width=\"768\" height=\"295\" src=\"https:\/\/femivoz.es\/wp-content\/uploads\/La-feminidad-no-puede-ensenarse-es-innata-768x295.png\" class=\"attachment-medium_large size-medium_large wp-image-53807\" alt=\"La feminidad no puede ensen\u0303arse, es innata\" srcset=\"https:\/\/femivoz.es\/wp-content\/uploads\/La-feminidad-no-puede-ensenarse-es-innata-768x295.png 768w, https:\/\/femivoz.es\/wp-content\/uploads\/La-feminidad-no-puede-ensenarse-es-innata-300x115.png 300w, https:\/\/femivoz.es\/wp-content\/uploads\/La-feminidad-no-puede-ensenarse-es-innata-150x58.png 150w, https:\/\/femivoz.es\/wp-content\/uploads\/La-feminidad-no-puede-ensenarse-es-innata-510x196.png 510w, https:\/\/femivoz.es\/wp-content\/uploads\/La-feminidad-no-puede-ensenarse-es-innata.png 820w\" sizes=\"(max-width: 768px) 100vw, 768px\" \/><\/div><\/a>\n\t\t\t\t<div class=\"elementor-post__badge\">#F\u00c9MINISATIONDELAVOIX<\/div>\n\t\t\t\t<div class=\"elementor-post__avatar\">\n\t\t\t<img alt='MARIELA ASTUDILLO RAM\u00cdREZ' src='https:\/\/secure.gravatar.com\/avatar\/928f9828915696e14c2a38413871ed84aee84ab3d58353f47c32d0ca8c11a9d6?s=128&#038;d=mm&#038;r=g' srcset='https:\/\/secure.gravatar.com\/avatar\/928f9828915696e14c2a38413871ed84aee84ab3d58353f47c32d0ca8c11a9d6?s=256&#038;d=mm&#038;r=g 2x' class='avatar avatar-128 photo' height='128' width='128' \/>\t\t<\/div>\n\t\t\t\t<div class=\"elementor-post__text\">\n\t\t\t\t<h3 class=\"elementor-post__title\">\n\t\t\t<a href=\"https:\/\/femivoz.es\/fr\/la-feminite-ne-peut-senseigner-elle-est-innee\/\" >\n\t\t\t\tLa f\u00e9minit\u00e9 ne peut s&rsquo;enseigner, elle est inn\u00e9e\t\t\t<\/a>\n\t\t<\/h3>\n\t\t\t\t<div class=\"elementor-post__excerpt\">\n\t\t\t<p>La f\u00e9minit\u00e9 est un concept qui existe depuis le d\u00e9but des temps et depuis lors, elle n\u2019a cess\u00e9 d\u2019\u00e9voluer. Il s\u2019agit d\u2019un concept qui \u00e9mane de la figure de la femme et de tout ce qu\u2019elle repr\u00e9sente : ses qualit\u00e9s<\/p>\n\t\t<\/div>\n\t\t\n\t\t<a class=\"elementor-post__read-more\" href=\"https:\/\/femivoz.es\/fr\/la-feminite-ne-peut-senseigner-elle-est-innee\/\" aria-label=\"En savoir plus sur La f\u00e9minit\u00e9 ne peut s&rsquo;enseigner, elle est inn\u00e9e\" tabindex=\"-1\" >\n\t\t\tLire l'article &gt;&gt;\t\t<\/a>\n\n\t\t\t\t<\/div>\n\t\t\t\t\t<\/div>\n\t\t<\/article>\n\t\t\t\t<article class=\"elementor-post elementor-grid-item post-7770 post type-post status-publish format-standard has-post-thumbnail hentry category-feminisation-de-la-voix category-logopedie category-methode-astudillo category-voix tag-automatisation tag-automatisation-fr tag-feminisation-de-la-voix tag-voix-feminine\" role=\"listitem\">\n\t\t\t<div class=\"elementor-post__card\">\n\t\t\t\t<a class=\"elementor-post__thumbnail__link\" href=\"https:\/\/femivoz.es\/fr\/automatisation-comment-obtenir-une-voix-feminine-et-naturelle\/\" tabindex=\"-1\" ><div class=\"elementor-post__thumbnail\"><img loading=\"lazy\" decoding=\"async\" width=\"768\" height=\"295\" src=\"https:\/\/femivoz.es\/wp-content\/uploads\/Feminizacion-de-la-voz-y-automatizacion-Como-conseguir-una-voz-femenina-y-natural-768x295.png\" class=\"attachment-medium_large size-medium_large wp-image-53858\" alt=\"Feminizacio\u0301n de la voz y automatizacio\u0301n Co\u0301mo conseguir una voz femenina y natural\" srcset=\"https:\/\/femivoz.es\/wp-content\/uploads\/Feminizacion-de-la-voz-y-automatizacion-Como-conseguir-una-voz-femenina-y-natural-768x295.png 768w, https:\/\/femivoz.es\/wp-content\/uploads\/Feminizacion-de-la-voz-y-automatizacion-Como-conseguir-una-voz-femenina-y-natural-300x115.png 300w, https:\/\/femivoz.es\/wp-content\/uploads\/Feminizacion-de-la-voz-y-automatizacion-Como-conseguir-una-voz-femenina-y-natural-150x58.png 150w, https:\/\/femivoz.es\/wp-content\/uploads\/Feminizacion-de-la-voz-y-automatizacion-Como-conseguir-una-voz-femenina-y-natural-510x196.png 510w, https:\/\/femivoz.es\/wp-content\/uploads\/Feminizacion-de-la-voz-y-automatizacion-Como-conseguir-una-voz-femenina-y-natural.png 820w\" sizes=\"(max-width: 768px) 100vw, 768px\" \/><\/div><\/a>\n\t\t\t\t<div class=\"elementor-post__badge\">#AUTOMATISATION<\/div>\n\t\t\t\t<div class=\"elementor-post__avatar\">\n\t\t\t<img alt='MARIELA ASTUDILLO RAM\u00cdREZ' src='https:\/\/secure.gravatar.com\/avatar\/928f9828915696e14c2a38413871ed84aee84ab3d58353f47c32d0ca8c11a9d6?s=128&#038;d=mm&#038;r=g' srcset='https:\/\/secure.gravatar.com\/avatar\/928f9828915696e14c2a38413871ed84aee84ab3d58353f47c32d0ca8c11a9d6?s=256&#038;d=mm&#038;r=g 2x' class='avatar avatar-128 photo' height='128' width='128' \/>\t\t<\/div>\n\t\t\t\t<div class=\"elementor-post__text\">\n\t\t\t\t<h3 class=\"elementor-post__title\">\n\t\t\t<a href=\"https:\/\/femivoz.es\/fr\/automatisation-comment-obtenir-une-voix-feminine-et-naturelle\/\" >\n\t\t\t\tAutomatisation et f\u00e9minisation de la voix : comment obtenir une voix f\u00e9minine et naturelle.\t\t\t<\/a>\n\t\t<\/h3>\n\t\t\t\t<div class=\"elementor-post__excerpt\">\n\t\t\t<p>\u00a0 Depuis plus de 15 ans, ma plus grande pr\u00e9occupation a \u00e9t\u00e9 d&rsquo;aider les personnes \u00e0 atteindre une voix naturelle. En effet, cela n&rsquo;aurait pas de sens de travailler la voix si ce n&rsquo;est pour obtenir un r\u00e9sultat naturel, fiable,<\/p>\n\t\t<\/div>\n\t\t\n\t\t<a class=\"elementor-post__read-more\" href=\"https:\/\/femivoz.es\/fr\/automatisation-comment-obtenir-une-voix-feminine-et-naturelle\/\" aria-label=\"En savoir plus sur Automatisation et f\u00e9minisation de la voix : comment obtenir une voix f\u00e9minine et naturelle.\" tabindex=\"-1\" >\n\t\t\tLire l'article &gt;&gt;\t\t<\/a>\n\n\t\t\t\t<\/div>\n\t\t\t\t\t<\/div>\n\t\t<\/article>\n\t\t\t\t<article class=\"elementor-post elementor-grid-item post-7713 post type-post status-publish format-standard has-post-thumbnail hentry category-feminisation-de-la-voix category-logopedie category-methode-astudillo category-voix tag-feminisation-de-la-voix tag-methode-astudillo tag-voix-feminine\" role=\"listitem\">\n\t\t\t<div class=\"elementor-post__card\">\n\t\t\t\t<a class=\"elementor-post__thumbnail__link\" href=\"https:\/\/femivoz.es\/fr\/la-feminisation-de-la-voix-entrainement\/\" tabindex=\"-1\" ><div class=\"elementor-post__thumbnail\"><img loading=\"lazy\" decoding=\"async\" width=\"768\" height=\"295\" src=\"https:\/\/femivoz.es\/wp-content\/uploads\/La-feminizacion-de-la-voz-no-es-un-tratamiento-es-un-entrenamiento-768x295.png\" class=\"attachment-medium_large size-medium_large wp-image-53853\" alt=\"La feminizacio\u0301n de la voz no es un tratamiento, es un entrenamiento\" srcset=\"https:\/\/femivoz.es\/wp-content\/uploads\/La-feminizacion-de-la-voz-no-es-un-tratamiento-es-un-entrenamiento-768x295.png 768w, https:\/\/femivoz.es\/wp-content\/uploads\/La-feminizacion-de-la-voz-no-es-un-tratamiento-es-un-entrenamiento-300x115.png 300w, https:\/\/femivoz.es\/wp-content\/uploads\/La-feminizacion-de-la-voz-no-es-un-tratamiento-es-un-entrenamiento-150x58.png 150w, https:\/\/femivoz.es\/wp-content\/uploads\/La-feminizacion-de-la-voz-no-es-un-tratamiento-es-un-entrenamiento-510x196.png 510w, https:\/\/femivoz.es\/wp-content\/uploads\/La-feminizacion-de-la-voz-no-es-un-tratamiento-es-un-entrenamiento.png 820w\" sizes=\"(max-width: 768px) 100vw, 768px\" \/><\/div><\/a>\n\t\t\t\t<div class=\"elementor-post__badge\">#F\u00c9MINISATIONDELAVOIX<\/div>\n\t\t\t\t<div class=\"elementor-post__avatar\">\n\t\t\t<img alt='MARIELA ASTUDILLO RAM\u00cdREZ' src='https:\/\/secure.gravatar.com\/avatar\/928f9828915696e14c2a38413871ed84aee84ab3d58353f47c32d0ca8c11a9d6?s=128&#038;d=mm&#038;r=g' srcset='https:\/\/secure.gravatar.com\/avatar\/928f9828915696e14c2a38413871ed84aee84ab3d58353f47c32d0ca8c11a9d6?s=256&#038;d=mm&#038;r=g 2x' class='avatar avatar-128 photo' height='128' width='128' \/>\t\t<\/div>\n\t\t\t\t<div class=\"elementor-post__text\">\n\t\t\t\t<h3 class=\"elementor-post__title\">\n\t\t\t<a href=\"https:\/\/femivoz.es\/fr\/la-feminisation-de-la-voix-entrainement\/\" >\n\t\t\t\tLa f\u00e9minisation de la voix et de la parole n\u2019est pas un traitement, c\u2019est un ENTRA\u00ceNEMENT\t\t\t<\/a>\n\t\t<\/h3>\n\t\t\t\t<div class=\"elementor-post__excerpt\">\n\t\t\t<p>\u00a0 Le mot traitement implique qu\u2019il y a quelque chose \u00e0 \u00ab\u00a0traiter\u00a0\u00bb, c\u2019est-\u00e0-dire qu\u2019il faut gu\u00e9rir, soigner, ou trouver un rem\u00e8de \u00e0 une situation d\u00e9termin\u00e9e par un m\u00e9dicament ou une intervention th\u00e9rapeutique permettant de r\u00e9tablir un \u00e9quilibre alt\u00e9r\u00e9 ou perdu.<\/p>\n\t\t<\/div>\n\t\t\n\t\t<a class=\"elementor-post__read-more\" href=\"https:\/\/femivoz.es\/fr\/la-feminisation-de-la-voix-entrainement\/\" aria-label=\"En savoir plus sur La f\u00e9minisation de la voix et de la parole n\u2019est pas un traitement, c\u2019est un ENTRA\u00ceNEMENT\" tabindex=\"-1\" >\n\t\t\tLire l'article &gt;&gt;\t\t<\/a>\n\n\t\t\t\t<\/div>\n\t\t\t\t\t<\/div>\n\t\t<\/article>\n\t\t\t\t<article class=\"elementor-post elementor-grid-item post-4981 post type-post status-publish format-standard has-post-thumbnail hentry category-entrenamiento-vocal category-feminisation-de-la-voix category-lgbtqia category-logopedie category-methode-astudillo category-metodo-astudillo category-transidentite category-voix tag-feminisation-de-la-voix tag-genre tag-voix-feminine\" role=\"listitem\">\n\t\t\t<div class=\"elementor-post__card\">\n\t\t\t\t<a class=\"elementor-post__thumbnail__link\" href=\"https:\/\/femivoz.es\/fr\/feminisation-la-voix-genre\/\" tabindex=\"-1\" ><div class=\"elementor-post__thumbnail\"><img loading=\"lazy\" decoding=\"async\" width=\"768\" height=\"295\" src=\"https:\/\/femivoz.es\/wp-content\/uploads\/La-feminizacion-de-la-voz-no-tiene-genero-768x295.png\" class=\"attachment-medium_large size-medium_large wp-image-53588\" alt=\"La feminizacio\u0301n de la voz no tiene ge\u0301nero\" srcset=\"https:\/\/femivoz.es\/wp-content\/uploads\/La-feminizacion-de-la-voz-no-tiene-genero-768x295.png 768w, https:\/\/femivoz.es\/wp-content\/uploads\/La-feminizacion-de-la-voz-no-tiene-genero-300x115.png 300w, https:\/\/femivoz.es\/wp-content\/uploads\/La-feminizacion-de-la-voz-no-tiene-genero-150x58.png 150w, https:\/\/femivoz.es\/wp-content\/uploads\/La-feminizacion-de-la-voz-no-tiene-genero-510x196.png 510w, https:\/\/femivoz.es\/wp-content\/uploads\/La-feminizacion-de-la-voz-no-tiene-genero.png 820w\" sizes=\"(max-width: 768px) 100vw, 768px\" \/><\/div><\/a>\n\t\t\t\t<div class=\"elementor-post__badge\">#F\u00c9MINISATIONDELAVOIX<\/div>\n\t\t\t\t<div class=\"elementor-post__avatar\">\n\t\t\t<img alt='MARIELA ASTUDILLO RAM\u00cdREZ' src='https:\/\/secure.gravatar.com\/avatar\/928f9828915696e14c2a38413871ed84aee84ab3d58353f47c32d0ca8c11a9d6?s=128&#038;d=mm&#038;r=g' srcset='https:\/\/secure.gravatar.com\/avatar\/928f9828915696e14c2a38413871ed84aee84ab3d58353f47c32d0ca8c11a9d6?s=256&#038;d=mm&#038;r=g 2x' class='avatar avatar-128 photo' height='128' width='128' \/>\t\t<\/div>\n\t\t\t\t<div class=\"elementor-post__text\">\n\t\t\t\t<h3 class=\"elementor-post__title\">\n\t\t\t<a href=\"https:\/\/femivoz.es\/fr\/feminisation-la-voix-genre\/\" >\n\t\t\t\tF\u00e9minisation de la voix : la voix n&rsquo;a pas de genre\t\t\t<\/a>\n\t\t<\/h3>\n\t\t\t\t<div class=\"elementor-post__excerpt\">\n\t\t\t<p>La f\u00e9minisation de la voix prend de plus en plus de place dans la vie des femmes transgenres. En effet, de plus en plus de solutions logop\u00e9dies ou orthophoniques ainsi que chirurgicales sont propos\u00e9es chaque jour pour f\u00e9miniser une voix.<\/p>\n\t\t<\/div>\n\t\t\n\t\t<a class=\"elementor-post__read-more\" href=\"https:\/\/femivoz.es\/fr\/feminisation-la-voix-genre\/\" aria-label=\"En savoir plus sur F\u00e9minisation de la voix : la voix n&rsquo;a pas de genre\" tabindex=\"-1\" >\n\t\t\tLire l'article &gt;&gt;\t\t<\/a>\n\n\t\t\t\t<\/div>\n\t\t\t\t\t<\/div>\n\t\t<\/article>\n\t\t\t\t<article class=\"elementor-post elementor-grid-item post-4233 post type-post status-publish format-standard hentry category-chirurgie category-feminisation-de-la-voix category-logopedie category-methode-astudillo category-voix tag-chirurgie tag-glottoplastie-de-wendler tag-logopedie tag-voix-feminine\" role=\"listitem\">\n\t\t\t<div class=\"elementor-post__card\">\n\t\t\t\t<div class=\"elementor-post__text\">\n\t\t\t\t<h3 class=\"elementor-post__title\">\n\t\t\t<a href=\"https:\/\/femivoz.es\/fr\/feminiser-une-voix-chirurgie-logopedie\/\" >\n\t\t\t\tF\u00e9miniser une voix : chirurgie ou logop\u00e9die &#8211; orthophonie ?\t\t\t<\/a>\n\t\t<\/h3>\n\t\t\t\t<div class=\"elementor-post__excerpt\">\n\t\t\t<p>Comment f\u00e9miniser une voix ? Depuis quelques ann\u00e9es, nous entendons parler de plus en plus de la f\u00e9minisation de la voix. Non seulement de la voix des\u00a0femmes transgenres, mais \u00e9galement de celle des femmes cisgenres ayant une voix grave ou<\/p>\n\t\t<\/div>\n\t\t\n\t\t<a class=\"elementor-post__read-more\" href=\"https:\/\/femivoz.es\/fr\/feminiser-une-voix-chirurgie-logopedie\/\" aria-label=\"En savoir plus sur F\u00e9miniser une voix : chirurgie ou logop\u00e9die &#8211; orthophonie ?\" tabindex=\"-1\" >\n\t\t\tLire l'article &gt;&gt;\t\t<\/a>\n\n\t\t\t\t<\/div>\n\t\t\t\t\t<\/div>\n\t\t<\/article>\n\t\t\t\t<article class=\"elementor-post elementor-grid-item post-4137 post type-post status-publish format-standard has-post-thumbnail hentry category-logopedie tag-methode-astudillo tag-presse tag-voix-feminine\" role=\"listitem\">\n\t\t\t<div class=\"elementor-post__card\">\n\t\t\t\t<a class=\"elementor-post__thumbnail__link\" href=\"https:\/\/femivoz.es\/fr\/feminisation-de-la-voix-ile-de-la-reunion\/\" tabindex=\"-1\" ><div class=\"elementor-post__thumbnail\"><img loading=\"lazy\" decoding=\"async\" width=\"768\" height=\"588\" src=\"https:\/\/femivoz.es\/wp-content\/uploads\/Capture-decran-2024-03-08-a-11.15.37-768x588.png\" class=\"attachment-medium_large size-medium_large wp-image-52241\" alt=\"L&#039;orthophoniste Mariela Astudillo sp\u00e9cialis\u00e9e en f\u00e9minisation de la voix \u00e0 la R\u00e9union 974\" srcset=\"https:\/\/femivoz.es\/wp-content\/uploads\/Capture-decran-2024-03-08-a-11.15.37-768x588.png 768w, https:\/\/femivoz.es\/wp-content\/uploads\/Capture-decran-2024-03-08-a-11.15.37-300x230.png 300w, https:\/\/femivoz.es\/wp-content\/uploads\/Capture-decran-2024-03-08-a-11.15.37-1024x785.png 1024w, https:\/\/femivoz.es\/wp-content\/uploads\/Capture-decran-2024-03-08-a-11.15.37-150x115.png 150w, https:\/\/femivoz.es\/wp-content\/uploads\/Capture-decran-2024-03-08-a-11.15.37-510x391.png 510w, https:\/\/femivoz.es\/wp-content\/uploads\/Capture-decran-2024-03-08-a-11.15.37.png 1266w\" sizes=\"(max-width: 768px) 100vw, 768px\" \/><\/div><\/a>\n\t\t\t\t<div class=\"elementor-post__badge\">#M\u00c9THODEASTUDILLO<\/div>\n\t\t\t\t<div class=\"elementor-post__avatar\">\n\t\t\t<img alt='MARIELA ASTUDILLO RAM\u00cdREZ' src='https:\/\/secure.gravatar.com\/avatar\/928f9828915696e14c2a38413871ed84aee84ab3d58353f47c32d0ca8c11a9d6?s=128&#038;d=mm&#038;r=g' srcset='https:\/\/secure.gravatar.com\/avatar\/928f9828915696e14c2a38413871ed84aee84ab3d58353f47c32d0ca8c11a9d6?s=256&#038;d=mm&#038;r=g 2x' class='avatar avatar-128 photo' height='128' width='128' \/>\t\t<\/div>\n\t\t\t\t<div class=\"elementor-post__text\">\n\t\t\t\t<h3 class=\"elementor-post__title\">\n\t\t\t<a href=\"https:\/\/femivoz.es\/fr\/feminisation-de-la-voix-ile-de-la-reunion\/\" >\n\t\t\t\tLa f\u00e9minisation de la voix \u00e0 l&rsquo;\u00eele de la R\u00e9union\t\t\t<\/a>\n\t\t<\/h3>\n\t\t\t\t<div class=\"elementor-post__excerpt\">\n\t\t\t<p>Trouver sa \u00ab\u00a0voix\u00a0\u00bb L&rsquo;orthophoniste Mariela Astudillo Ram\u00edrez a pass\u00e9 plusieurs mois \u00e0 l&rsquo;\u00eele de la R\u00e9union en 2018 dans le but d&rsquo;apporter son savoir en terme de f\u00e9minisation de la voix et de pr\u00e9senter sa m\u00e9thode afin d&rsquo;aider les femmes<\/p>\n\t\t<\/div>\n\t\t\n\t\t<a class=\"elementor-post__read-more\" href=\"https:\/\/femivoz.es\/fr\/feminisation-de-la-voix-ile-de-la-reunion\/\" aria-label=\"En savoir plus sur La f\u00e9minisation de la voix \u00e0 l&rsquo;\u00eele de la R\u00e9union\" tabindex=\"-1\" >\n\t\t\tLire l'article &gt;&gt;\t\t<\/a>\n\n\t\t\t\t<\/div>\n\t\t\t\t\t<\/div>\n\t\t<\/article>\n\t\t\t\t<article class=\"elementor-post elementor-grid-item post-4135 post type-post status-publish format-standard hentry category-feminisation-de-la-voix category-logopedie category-methode-astudillo category-voix tag-feminisation-de-la-voix tag-methode-astudillo tag-voix-feminine\" role=\"listitem\">\n\t\t\t<div class=\"elementor-post__card\">\n\t\t\t\t<div class=\"elementor-post__text\">\n\t\t\t\t<h3 class=\"elementor-post__title\">\n\t\t\t<a href=\"https:\/\/femivoz.es\/fr\/feminiser-une-voix-sans-chirurgie\/\" >\n\t\t\t\tF\u00e9miniser une voix sans chirurgie en 3 mois\t\t\t<\/a>\n\t\t<\/h3>\n\t\t\t\t<div class=\"elementor-post__excerpt\">\n\t\t\t<p>Lors de son passage \u00e0 l&rsquo;\u00eele de la R\u00e9union, Mariela Astudillo Ramirez, logop\u00e8de \/ orthophoniste sp\u00e9cialis\u00e9e dans la f\u00e9minisation de la voix pour les femmes transgenres, a travaill\u00e9 pendant 3 mois avec Lou\u00efze, jeune femme de 30 ans. Dans ce<\/p>\n\t\t<\/div>\n\t\t\n\t\t<a class=\"elementor-post__read-more\" href=\"https:\/\/femivoz.es\/fr\/feminiser-une-voix-sans-chirurgie\/\" aria-label=\"En savoir plus sur F\u00e9miniser une voix sans chirurgie en 3 mois\" tabindex=\"-1\" >\n\t\t\tLire l'article &gt;&gt;\t\t<\/a>\n\n\t\t\t\t<\/div>\n\t\t\t\t\t<\/div>\n\t\t<\/article>\n\t\t\t\t<\/div>\n\t\t\n\t\t\t\t\t\t<\/div>\n\t\t\t\t<\/div>\n\t\t\t\t\t<\/div>\n\t\t<\/div>\n\t\t\t\t\t<\/div>\n\t\t<\/section>\n\t\t\t\t<section class=\"elementor-section elementor-top-section elementor-element elementor-element-9b535ff elementor-section-boxed elementor-section-height-default elementor-section-height-default\" data-id=\"9b535ff\" data-element_type=\"section\" data-settings=\"{&quot;jet_parallax_layout_list&quot;:[],&quot;_ha_eqh_enable&quot;:false}\">\n\t\t\t\t\t\t<div class=\"elementor-container elementor-column-gap-default\">\n\t\t\t\t\t<div class=\"elementor-column elementor-col-100 elementor-top-column elementor-element elementor-element-1c1b8bd\" data-id=\"1c1b8bd\" data-element_type=\"column\">\n\t\t\t<div class=\"elementor-widget-wrap elementor-element-populated\">\n\t\t\t\t\t\t<section class=\"elementor-section elementor-inner-section elementor-element elementor-element-1f4db33 elementor-section-full_width elementor-section-height-default elementor-section-height-default elementor-invisible\" data-id=\"1f4db33\" data-element_type=\"section\" data-settings=\"{&quot;jet_parallax_layout_list&quot;:[{&quot;jet_parallax_layout_image&quot;:{&quot;url&quot;:&quot;&quot;,&quot;id&quot;:&quot;&quot;,&quot;size&quot;:&quot;&quot;},&quot;_id&quot;:&quot;2a7fdc2&quot;,&quot;jet_parallax_layout_image_tablet&quot;:{&quot;url&quot;:&quot;&quot;,&quot;id&quot;:&quot;&quot;,&quot;size&quot;:&quot;&quot;},&quot;jet_parallax_layout_image_mobile&quot;:{&quot;url&quot;:&quot;&quot;,&quot;id&quot;:&quot;&quot;,&quot;size&quot;:&quot;&quot;},&quot;jet_parallax_layout_speed&quot;:{&quot;unit&quot;:&quot;%&quot;,&quot;size&quot;:50,&quot;sizes&quot;:[]},&quot;jet_parallax_layout_type&quot;:&quot;scroll&quot;,&quot;jet_parallax_layout_direction&quot;:&quot;1&quot;,&quot;jet_parallax_layout_fx_direction&quot;:null,&quot;jet_parallax_layout_z_index&quot;:&quot;&quot;,&quot;jet_parallax_layout_bg_x&quot;:50,&quot;jet_parallax_layout_bg_x_tablet&quot;:&quot;&quot;,&quot;jet_parallax_layout_bg_x_mobile&quot;:&quot;&quot;,&quot;jet_parallax_layout_bg_y&quot;:50,&quot;jet_parallax_layout_bg_y_tablet&quot;:&quot;&quot;,&quot;jet_parallax_layout_bg_y_mobile&quot;:&quot;&quot;,&quot;jet_parallax_layout_bg_size&quot;:&quot;auto&quot;,&quot;jet_parallax_layout_bg_size_tablet&quot;:&quot;&quot;,&quot;jet_parallax_layout_bg_size_mobile&quot;:&quot;&quot;,&quot;jet_parallax_layout_animation_prop&quot;:&quot;transform&quot;,&quot;jet_parallax_layout_on&quot;:[&quot;desktop&quot;,&quot;tablet&quot;]}],&quot;background_background&quot;:&quot;classic&quot;,&quot;animation&quot;:&quot;slideInLeft&quot;,&quot;_ha_eqh_enable&quot;:false}\">\n\t\t\t\t\t\t<div class=\"elementor-container elementor-column-gap-default\">\n\t\t\t\t\t<div class=\"elementor-column elementor-col-100 elementor-inner-column elementor-element elementor-element-dbdc6db\" data-id=\"dbdc6db\" data-element_type=\"column\">\n\t\t\t<div class=\"elementor-widget-wrap elementor-element-populated\">\n\t\t\t\t\t\t<div class=\"elementor-element elementor-element-a1acbec elementor-widget elementor-widget-heading\" data-id=\"a1acbec\" data-element_type=\"widget\" data-widget_type=\"heading.default\">\n\t\t\t\t\t<h2 class=\"elementor-heading-title elementor-size-default\"><a href=\"https:\/\/femivoz.es\/fr\/blog\/\">Revenir en arri\u00e8re<\/a><\/h2>\t\t\t\t<\/div>\n\t\t\t\t\t<\/div>\n\t\t<\/div>\n\t\t\t\t\t<\/div>\n\t\t<\/section>\n\t\t\t\t\t<\/div>\n\t\t<\/div>\n\t\t\t\t\t<\/div>\n\t\t<\/section>\n\t\t\t\t<\/div>\n\t\t","protected":false},"excerpt":{"rendered":"<p>ACTUALIT\u00c9S 2024 \u00c0 ne pas manquer chaque mois de nouveaux articles et th\u00e9matiques. 19 ANS AVEC VOUS Nous militons chaque jour pour la lib\u00e9ration de la voix et de l\u2019identit\u00e9. Ainsi est n\u00e9 FEMIVOZ VOCOLOGIE LGTBTQIA+ &#x1f3f3;&#xfe0f;&#x200d;&#x1f308; Connaissez-vous la Vocologie \u00c9motionnelle\u00ae et Identitaire ? LGBTQIA+ LOGOP\u00c9DIE F\u00c9MINISATION DE LA VOIX MASCULINISATION DE LA VOIX TRANSIDENTIT\u00c9 [&hellip;]<\/p>\n","protected":false},"author":3,"featured_media":0,"parent":0,"menu_order":0,"comment_status":"closed","ping_status":"closed","template":"","meta":{"_acf_changed":false,"footnotes":""},"class_list":["post-4248","page","type-page","status-publish","hentry"],"acf":[],"yoast_head":"<!-- This site is optimized with the Yoast SEO Premium plugin v19.6 (Yoast SEO v26.7) - https:\/\/yoast.com\/wordpress\/plugins\/seo\/ -->\n<title>BLOG | Femivoz<\/title>\n<meta name=\"description\" content=\"D\u00e9couvrez toute l\u2019actualit\u00e9 concernant la f\u00e9minisation de la voix, la m\u00e9thode Astudillo et d\u2019autre sujets d\u2019int\u00e9r\u00eat dans le blog de Femivoz.\" \/>\n<meta name=\"robots\" content=\"index, follow, max-snippet:-1, max-image-preview:large, max-video-preview:-1\" \/>\n<link rel=\"canonical\" href=\"https:\/\/femivoz.es\/blog\/\" \/>\n<meta property=\"og:locale\" content=\"fr_FR\" \/>\n<meta property=\"og:type\" content=\"article\" \/>\n<meta property=\"og:title\" content=\"BLOG\" \/>\n<meta property=\"og:description\" content=\"D\u00e9couvrez toute l\u2019actualit\u00e9 concernant la f\u00e9minisation de la voix, la m\u00e9thode Astudillo et d\u2019autre sujets d\u2019int\u00e9r\u00eat dans le blog de Femivoz.\" \/>\n<meta property=\"og:url\" content=\"https:\/\/femivoz.es\/blog\/\" \/>\n<meta property=\"og:site_name\" content=\"Femivoz\" \/>\n<meta property=\"article:publisher\" content=\"https:\/\/www.facebook.com\/femivoz\" \/>\n<meta property=\"article:modified_time\" content=\"2025-03-21T18:26:59+00:00\" \/>\n<meta property=\"og:image\" content=\"https:\/\/femivoz.es\/wp-content\/uploads\/2021\/12\/EMOTUS.png\" \/>\n\t<meta property=\"og:image:width\" content=\"1640\" \/>\n\t<meta property=\"og:image:height\" content=\"424\" \/>\n\t<meta property=\"og:image:type\" content=\"image\/png\" \/>\n<meta name=\"twitter:card\" content=\"summary_large_image\" \/>\n<meta name=\"twitter:site\" content=\"@femivoz\" \/>\n<meta name=\"twitter:label1\" content=\"Dur\u00e9e de lecture estim\u00e9e\" \/>\n\t<meta name=\"twitter:data1\" content=\"53 minutes\" \/>\n<script type=\"application\/ld+json\" class=\"yoast-schema-graph\">{\"@context\":\"https:\/\/schema.org\",\"@graph\":[{\"@type\":\"WebPage\",\"@id\":\"https:\/\/femivoz.es\/blog\/\",\"url\":\"https:\/\/femivoz.es\/blog\/\",\"name\":\"BLOG | Femivoz\",\"isPartOf\":{\"@id\":\"https:\/\/femivoz.es\/fr\/#website\"},\"primaryImageOfPage\":{\"@id\":\"https:\/\/femivoz.es\/blog\/#primaryimage\"},\"image\":{\"@id\":\"https:\/\/femivoz.es\/blog\/#primaryimage\"},\"thumbnailUrl\":\"https:\/\/femivoz.es\/wp-content\/uploads\/2021\/12\/EMOTUS-1024x265.png\",\"datePublished\":\"2018-12-02T17:05:10+00:00\",\"dateModified\":\"2025-03-21T18:26:59+00:00\",\"description\":\"D\u00e9couvrez toute l\u2019actualit\u00e9 concernant la f\u00e9minisation de la voix, la m\u00e9thode Astudillo et d\u2019autre sujets d\u2019int\u00e9r\u00eat dans le blog de Femivoz.\",\"breadcrumb\":{\"@id\":\"https:\/\/femivoz.es\/blog\/#breadcrumb\"},\"inLanguage\":\"fr-FR\",\"potentialAction\":[{\"@type\":\"ReadAction\",\"target\":[\"https:\/\/femivoz.es\/blog\/\"]}]},{\"@type\":\"ImageObject\",\"inLanguage\":\"fr-FR\",\"@id\":\"https:\/\/femivoz.es\/blog\/#primaryimage\",\"url\":\"https:\/\/femivoz.es\/wp-content\/uploads\/2021\/12\/EMOTUS-1024x265.png\",\"contentUrl\":\"https:\/\/femivoz.es\/wp-content\/uploads\/2021\/12\/EMOTUS-1024x265.png\"},{\"@type\":\"BreadcrumbList\",\"@id\":\"https:\/\/femivoz.es\/blog\/#breadcrumb\",\"itemListElement\":[{\"@type\":\"ListItem\",\"position\":1,\"name\":\"Portada\",\"item\":\"https:\/\/femivoz.es\/\"},{\"@type\":\"ListItem\",\"position\":2,\"name\":\"BLOG\"}]},{\"@type\":\"WebSite\",\"@id\":\"https:\/\/femivoz.es\/fr\/#website\",\"url\":\"https:\/\/femivoz.es\/fr\/\",\"name\":\"Femivoz\",\"description\":\"F\u00e9minisation de la voix en ligne avec la logop\u00e8de Mariela Astudillo. S\u00e9ances en ligne. 1\u00ba RDV Gratuit.\",\"publisher\":{\"@id\":\"https:\/\/femivoz.es\/fr\/#organization\"},\"potentialAction\":[{\"@type\":\"SearchAction\",\"target\":{\"@type\":\"EntryPoint\",\"urlTemplate\":\"https:\/\/femivoz.es\/fr\/?s={search_term_string}\"},\"query-input\":{\"@type\":\"PropertyValueSpecification\",\"valueRequired\":true,\"valueName\":\"search_term_string\"}}],\"inLanguage\":\"fr-FR\"},{\"@type\":\"Organization\",\"@id\":\"https:\/\/femivoz.es\/fr\/#organization\",\"name\":\"FEMIVOZ\",\"url\":\"https:\/\/femivoz.es\/fr\/\",\"logo\":{\"@type\":\"ImageObject\",\"inLanguage\":\"fr-FR\",\"@id\":\"https:\/\/femivoz.es\/fr\/#\/schema\/logo\/image\/\",\"url\":\"https:\/\/femivoz.es\/wp-content\/uploads\/2018\/05\/Logo-femivoz-2018-HD-B.png\",\"contentUrl\":\"https:\/\/femivoz.es\/wp-content\/uploads\/2018\/05\/Logo-femivoz-2018-HD-B.png\",\"width\":2210,\"height\":658,\"caption\":\"FEMIVOZ\"},\"image\":{\"@id\":\"https:\/\/femivoz.es\/fr\/#\/schema\/logo\/image\/\"},\"sameAs\":[\"https:\/\/www.facebook.com\/femivoz\",\"https:\/\/x.com\/femivoz\",\"https:\/\/www.instagram.com\/femivoz\/\",\"https:\/\/www.linkedin.com\/in\/femivoz-mariela-astudillo-1401ab21a\/\",\"https:\/\/www.youtube.com\/channel\/UC33Zf-WKvD_Gd_tosA47SFw\"]}]}<\/script>\n<!-- \/ Yoast SEO Premium plugin. -->","yoast_head_json":{"title":"BLOG | Femivoz","description":"D\u00e9couvrez toute l\u2019actualit\u00e9 concernant la f\u00e9minisation de la voix, la m\u00e9thode Astudillo et d\u2019autre sujets d\u2019int\u00e9r\u00eat dans le blog de Femivoz.","robots":{"index":"index","follow":"follow","max-snippet":"max-snippet:-1","max-image-preview":"max-image-preview:large","max-video-preview":"max-video-preview:-1"},"canonical":"https:\/\/femivoz.es\/blog\/","og_locale":"fr_FR","og_type":"article","og_title":"BLOG","og_description":"D\u00e9couvrez toute l\u2019actualit\u00e9 concernant la f\u00e9minisation de la voix, la m\u00e9thode Astudillo et d\u2019autre sujets d\u2019int\u00e9r\u00eat dans le blog de Femivoz.","og_url":"https:\/\/femivoz.es\/blog\/","og_site_name":"Femivoz","article_publisher":"https:\/\/www.facebook.com\/femivoz","article_modified_time":"2025-03-21T18:26:59+00:00","og_image":[{"width":1640,"height":424,"url":"https:\/\/femivoz.es\/wp-content\/uploads\/2021\/12\/EMOTUS.png","type":"image\/png"}],"twitter_card":"summary_large_image","twitter_site":"@femivoz","twitter_misc":{"Dur\u00e9e de lecture estim\u00e9e":"53 minutes"},"schema":{"@context":"https:\/\/schema.org","@graph":[{"@type":"WebPage","@id":"https:\/\/femivoz.es\/blog\/","url":"https:\/\/femivoz.es\/blog\/","name":"BLOG | Femivoz","isPartOf":{"@id":"https:\/\/femivoz.es\/fr\/#website"},"primaryImageOfPage":{"@id":"https:\/\/femivoz.es\/blog\/#primaryimage"},"image":{"@id":"https:\/\/femivoz.es\/blog\/#primaryimage"},"thumbnailUrl":"https:\/\/femivoz.es\/wp-content\/uploads\/2021\/12\/EMOTUS-1024x265.png","datePublished":"2018-12-02T17:05:10+00:00","dateModified":"2025-03-21T18:26:59+00:00","description":"D\u00e9couvrez toute l\u2019actualit\u00e9 concernant la f\u00e9minisation de la voix, la m\u00e9thode Astudillo et d\u2019autre sujets d\u2019int\u00e9r\u00eat dans le blog de Femivoz.","breadcrumb":{"@id":"https:\/\/femivoz.es\/blog\/#breadcrumb"},"inLanguage":"fr-FR","potentialAction":[{"@type":"ReadAction","target":["https:\/\/femivoz.es\/blog\/"]}]},{"@type":"ImageObject","inLanguage":"fr-FR","@id":"https:\/\/femivoz.es\/blog\/#primaryimage","url":"https:\/\/femivoz.es\/wp-content\/uploads\/2021\/12\/EMOTUS-1024x265.png","contentUrl":"https:\/\/femivoz.es\/wp-content\/uploads\/2021\/12\/EMOTUS-1024x265.png"},{"@type":"BreadcrumbList","@id":"https:\/\/femivoz.es\/blog\/#breadcrumb","itemListElement":[{"@type":"ListItem","position":1,"name":"Portada","item":"https:\/\/femivoz.es\/"},{"@type":"ListItem","position":2,"name":"BLOG"}]},{"@type":"WebSite","@id":"https:\/\/femivoz.es\/fr\/#website","url":"https:\/\/femivoz.es\/fr\/","name":"Femivoz","description":"F\u00e9minisation de la voix en ligne avec la logop\u00e8de Mariela Astudillo. S\u00e9ances en ligne. 1\u00ba RDV Gratuit.","publisher":{"@id":"https:\/\/femivoz.es\/fr\/#organization"},"potentialAction":[{"@type":"SearchAction","target":{"@type":"EntryPoint","urlTemplate":"https:\/\/femivoz.es\/fr\/?s={search_term_string}"},"query-input":{"@type":"PropertyValueSpecification","valueRequired":true,"valueName":"search_term_string"}}],"inLanguage":"fr-FR"},{"@type":"Organization","@id":"https:\/\/femivoz.es\/fr\/#organization","name":"FEMIVOZ","url":"https:\/\/femivoz.es\/fr\/","logo":{"@type":"ImageObject","inLanguage":"fr-FR","@id":"https:\/\/femivoz.es\/fr\/#\/schema\/logo\/image\/","url":"https:\/\/femivoz.es\/wp-content\/uploads\/2018\/05\/Logo-femivoz-2018-HD-B.png","contentUrl":"https:\/\/femivoz.es\/wp-content\/uploads\/2018\/05\/Logo-femivoz-2018-HD-B.png","width":2210,"height":658,"caption":"FEMIVOZ"},"image":{"@id":"https:\/\/femivoz.es\/fr\/#\/schema\/logo\/image\/"},"sameAs":["https:\/\/www.facebook.com\/femivoz","https:\/\/x.com\/femivoz","https:\/\/www.instagram.com\/femivoz\/","https:\/\/www.linkedin.com\/in\/femivoz-mariela-astudillo-1401ab21a\/","https:\/\/www.youtube.com\/channel\/UC33Zf-WKvD_Gd_tosA47SFw"]}]}},"_links":{"self":[{"href":"https:\/\/femivoz.es\/fr\/wp-json\/wp\/v2\/pages\/4248","targetHints":{"allow":["GET"]}}],"collection":[{"href":"https:\/\/femivoz.es\/fr\/wp-json\/wp\/v2\/pages"}],"about":[{"href":"https:\/\/femivoz.es\/fr\/wp-json\/wp\/v2\/types\/page"}],"author":[{"embeddable":true,"href":"https:\/\/femivoz.es\/fr\/wp-json\/wp\/v2\/users\/3"}],"replies":[{"embeddable":true,"href":"https:\/\/femivoz.es\/fr\/wp-json\/wp\/v2\/comments?post=4248"}],"version-history":[{"count":22,"href":"https:\/\/femivoz.es\/fr\/wp-json\/wp\/v2\/pages\/4248\/revisions"}],"predecessor-version":[{"id":55407,"href":"https:\/\/femivoz.es\/fr\/wp-json\/wp\/v2\/pages\/4248\/revisions\/55407"}],"wp:attachment":[{"href":"https:\/\/femivoz.es\/fr\/wp-json\/wp\/v2\/media?parent=4248"}],"curies":[{"name":"wp","href":"https:\/\/api.w.org\/{rel}","templated":true}]}}