{"id":39161,"date":"2022-04-03T14:18:31","date_gmt":"2022-04-03T14:18:31","guid":{"rendered":"https:\/\/femivoz.es\/producto\/master-class-la-feminisation-de-la-voix\/"},"modified":"2025-09-01T08:54:53","modified_gmt":"2025-09-01T08:54:53","slug":"master-class-la-feminisation-de-la-voix","status":"publish","type":"product","link":"https:\/\/femivoz.es\/fr\/producto\/master-class-la-feminisation-de-la-voix\/","title":{"rendered":"MASTER CLASS : LA F\u00c9MINISATION DE LA VOIX"},"content":{"rendered":"<p><strong>CONTENU DE LA FORMATION<\/strong><\/p>\n<ol>\n<li aria-level=\"1\">Introduction \u00e0 la transidentit\u00e9 : concepts pr\u00e9liminaires et terminologie.<\/li>\n<li aria-level=\"1\">Concepts de f\u00e9minit\u00e9 et de voix f\u00e9minine.<\/li>\n<li style=\"font-weight: 400;\" aria-level=\"1\">Histoire et fondements de la m\u00e9thode Astudillo.<\/li>\n<li style=\"font-weight: 400;\" aria-level=\"1\">Piliers de la m\u00e9thode.<\/li>\n<li style=\"font-weight: 400;\" aria-level=\"1\">Les 3 phases : exploration et exag\u00e9ration, personnalisation et automatisation.<\/li>\n<li style=\"font-weight: 400;\" aria-level=\"1\">La voix \u00e9motionnelle : expressivit\u00e9 et expressions faciales.<\/li>\n<li style=\"font-weight: 400;\" aria-level=\"1\">M\u00e9thodologie : anamn\u00e8se, s\u00e9ances et objectifs.<\/li>\n<li aria-level=\"1\">La voix \u00e9motionnelle : f\u00e9minisation des expressions faciales et d\u00e9veloppement de l&rsquo;expressivit\u00e9.<\/li>\n<li aria-level=\"1\">Intervention logop\u00e9dique pour les enfants transgenres, les enfants pr\u00e9pub\u00e8res et les adolescents.<\/li>\n<li aria-level=\"1\">Interventions chirurgicales pour l&rsquo;augmentation tonale.<\/li>\n<li style=\"font-weight: 400;\" aria-level=\"1\">\u00c9tude de cas et r\u00e9sultats.<\/li>\n<\/ol>\n<p>&nbsp;<\/p>\n<p><em>Une heure de consultation sur des \u00e9tudes de cas incluse.<\/em><\/p>\n<p><strong>PROFESSEURE :<\/strong> Mariela Astudillo<a href=\"https:\/\/femivoz.es\/wp-content\/uploads\/2022\/04\/AVATAR-MARIELA-1-169x300.png\"><img decoding=\"async\" class=\"alignnone wp-image-38356 \" src=\"https:\/\/femivoz.es\/wp-content\/uploads\/2022\/04\/AVATAR-MARIELA-1-169x300.png\" alt=\"Mariela Astudillo Logopeda\" width=\"90\" height=\"160\" srcset=\"https:\/\/femivoz.es\/wp-content\/uploads\/2022\/04\/AVATAR-MARIELA-1-169x300.png 169w, https:\/\/femivoz.es\/wp-content\/uploads\/2022\/04\/AVATAR-MARIELA-1-510x907.png 510w, https:\/\/femivoz.es\/wp-content\/uploads\/2022\/04\/AVATAR-MARIELA-1-576x1024.png 576w, https:\/\/femivoz.es\/wp-content\/uploads\/2022\/04\/AVATAR-MARIELA-1-768x1365.png 768w, https:\/\/femivoz.es\/wp-content\/uploads\/2022\/04\/AVATAR-MARIELA-1-864x1536.png 864w, https:\/\/femivoz.es\/wp-content\/uploads\/2022\/04\/AVATAR-MARIELA-1.png 1080w\" sizes=\"(max-width: 90px) 100vw, 90px\" \/><\/a><\/p>\n<p><strong>DUR\u00c9E : <\/strong>5 heures r\u00e9parties en fonction des disponibilit\u00e9s du\/de la logop\u00e8de et de l&rsquo;int\u00e9ress\u00e9(e).<\/p>\n<p><strong>MODALIT\u00c9 : <\/strong>par vid\u00e9oconf\u00e9rence (Zoom, Meet, Whereby&#8230;)<\/p>\n<p>&nbsp;<\/p>\n","protected":false},"excerpt":{"rendered":"<p><strong>5 heures par vid\u00e9oconf\u00e9rence<\/strong><\/p>\n<p>L&rsquo;objectif de cette formation est de former des <strong>logop\u00e8des<\/strong>, des <strong>orthophonistes<\/strong>, <strong>vocologistes<\/strong>, des <strong>coachs vocaux<\/strong> et des <strong>\u00e9tudiant.e.x.s<\/strong> \u00e0 la pratique de l&rsquo;entra\u00eenement vocal pour la f\u00e9minisation et l&rsquo;harmonisation de la voix et de la parole. La m\u00e9thode Astudillo est une m\u00e9thode logop\u00e9dique de f\u00e9minisation et d&rsquo;harmonisation de la voix et de la parole qui s&rsquo;adapte \u00e0 toutes les identit\u00e9s : <strong>transgenres<\/strong>, <strong>cisgenres<\/strong>, <strong>transformistes<\/strong>, <strong>personnes non binaires<\/strong>, <strong>personnes de genre fluide<\/strong>, etc&#8230; La demande \u00e9tant croissante, cette formation permettra aux professionnel.le.x.s de la voix d&rsquo;appliquer une m\u00e9thodologie efficace et d&rsquo;obtenir des r\u00e9sultats en quelques mois seulement.<\/p>\n","protected":false},"featured_media":38479,"template":"","meta":{"_acf_changed":false},"product_brand":[],"product_cat":[517,523],"product_tag":[521],"class_list":{"0":"post-39161","1":"product","2":"type-product","3":"status-publish","4":"has-post-thumbnail","6":"product_cat-femivoz-academy-fr","7":"product_cat-master-class-fr","8":"product_tag-professeure-mariela-astudillo-fr","10":"first","11":"instock","12":"virtual","13":"purchasable","14":"product-type-simple"},"acf":[],"yoast_head":"<!-- This site is optimized with the Yoast SEO Premium plugin v19.6 (Yoast SEO v26.7) - https:\/\/yoast.com\/wordpress\/plugins\/seo\/ -->\n<title>Master Class F\u00e9minisation de la voix | 5h de formation en ligne<\/title>\n<meta name=\"description\" content=\"Masterclass F\u00e9minisation de la voix individuelle de 5h en ligne avec Mariela Astudillo pour logop\u00e8des, orthophonistes, vocologistes et \u00e9tudiant.e.x.s.\" \/>\n<meta name=\"robots\" content=\"index, follow, max-snippet:-1, max-image-preview:large, max-video-preview:-1\" \/>\n<link rel=\"canonical\" href=\"https:\/\/femivoz.es\/fr\/producto\/master-class-la-feminisation-de-la-voix\/\" \/>\n<meta property=\"og:locale\" content=\"fr_FR\" \/>\n<meta property=\"og:type\" content=\"article\" \/>\n<meta property=\"og:title\" content=\"MASTER CLASS : LA F\u00c9MINISATION DE LA VOIX\" \/>\n<meta property=\"og:description\" content=\"Masterclass F\u00e9minisation de la voix individuelle de 5h en ligne avec Mariela Astudillo pour logop\u00e8des, orthophonistes, vocologistes et \u00e9tudiant.e.x.s.\" \/>\n<meta property=\"og:url\" content=\"https:\/\/femivoz.es\/fr\/producto\/master-class-la-feminisation-de-la-voix\/\" \/>\n<meta property=\"og:site_name\" content=\"Femivoz\" \/>\n<meta property=\"article:publisher\" content=\"https:\/\/www.facebook.com\/femivoz\" \/>\n<meta property=\"article:modified_time\" content=\"2025-09-01T08:54:53+00:00\" \/>\n<meta property=\"og:image\" content=\"https:\/\/femivoz.es\/wp-content\/uploads\/2022\/04\/46.png\" \/>\n\t<meta property=\"og:image:width\" content=\"500\" \/>\n\t<meta property=\"og:image:height\" content=\"500\" \/>\n\t<meta property=\"og:image:type\" content=\"image\/png\" \/>\n<meta name=\"twitter:card\" content=\"summary_large_image\" \/>\n<meta name=\"twitter:site\" content=\"@femivoz\" \/>\n<meta name=\"twitter:label1\" content=\"Dur\u00e9e de lecture estim\u00e9e\" \/>\n\t<meta name=\"twitter:data1\" content=\"1 minute\" \/>\n<script type=\"application\/ld+json\" class=\"yoast-schema-graph\">{\"@context\":\"https:\/\/schema.org\",\"@graph\":[{\"@type\":\"WebPage\",\"@id\":\"https:\/\/femivoz.es\/fr\/producto\/master-class-la-feminisation-de-la-voix\/\",\"url\":\"https:\/\/femivoz.es\/fr\/producto\/master-class-la-feminisation-de-la-voix\/\",\"name\":\"Master Class F\u00e9minisation de la voix | 5h de formation en ligne\",\"isPartOf\":{\"@id\":\"https:\/\/femivoz.es\/fr\/#website\"},\"primaryImageOfPage\":{\"@id\":\"https:\/\/femivoz.es\/fr\/producto\/master-class-la-feminisation-de-la-voix\/#primaryimage\"},\"image\":{\"@id\":\"https:\/\/femivoz.es\/fr\/producto\/master-class-la-feminisation-de-la-voix\/#primaryimage\"},\"thumbnailUrl\":\"https:\/\/femivoz.es\/wp-content\/uploads\/2022\/04\/46.png\",\"datePublished\":\"2022-04-03T14:18:31+00:00\",\"dateModified\":\"2025-09-01T08:54:53+00:00\",\"description\":\"Masterclass F\u00e9minisation de la voix individuelle de 5h en ligne avec Mariela Astudillo pour logop\u00e8des, orthophonistes, vocologistes et \u00e9tudiant.e.x.s.\",\"breadcrumb\":{\"@id\":\"https:\/\/femivoz.es\/fr\/producto\/master-class-la-feminisation-de-la-voix\/#breadcrumb\"},\"inLanguage\":\"fr-FR\",\"potentialAction\":[{\"@type\":\"ReadAction\",\"target\":[\"https:\/\/femivoz.es\/fr\/producto\/master-class-la-feminisation-de-la-voix\/\"]}]},{\"@type\":\"ImageObject\",\"inLanguage\":\"fr-FR\",\"@id\":\"https:\/\/femivoz.es\/fr\/producto\/master-class-la-feminisation-de-la-voix\/#primaryimage\",\"url\":\"https:\/\/femivoz.es\/wp-content\/uploads\/2022\/04\/46.png\",\"contentUrl\":\"https:\/\/femivoz.es\/wp-content\/uploads\/2022\/04\/46.png\",\"width\":500,\"height\":500,\"caption\":\"Master Class f\u00e9minisation de la voix avec Mariela Astudillo\"},{\"@type\":\"BreadcrumbList\",\"@id\":\"https:\/\/femivoz.es\/fr\/producto\/master-class-la-feminisation-de-la-voix\/#breadcrumb\",\"itemListElement\":[{\"@type\":\"ListItem\",\"position\":1,\"name\":\"Portada\",\"item\":\"https:\/\/femivoz.es\/\"},{\"@type\":\"ListItem\",\"position\":2,\"name\":\"Boutique\",\"item\":\"https:\/\/femivoz.es\/fr\/boutique\/\"},{\"@type\":\"ListItem\",\"position\":3,\"name\":\"MASTER CLASS : LA F\u00c9MINISATION DE LA VOIX\"}]},{\"@type\":\"WebSite\",\"@id\":\"https:\/\/femivoz.es\/fr\/#website\",\"url\":\"https:\/\/femivoz.es\/fr\/\",\"name\":\"Femivoz\",\"description\":\"F\u00e9minisation de la voix en ligne avec la logop\u00e8de Mariela Astudillo. S\u00e9ances en ligne. 1\u00ba RDV Gratuit.\",\"publisher\":{\"@id\":\"https:\/\/femivoz.es\/fr\/#organization\"},\"potentialAction\":[{\"@type\":\"SearchAction\",\"target\":{\"@type\":\"EntryPoint\",\"urlTemplate\":\"https:\/\/femivoz.es\/fr\/?s={search_term_string}\"},\"query-input\":{\"@type\":\"PropertyValueSpecification\",\"valueRequired\":true,\"valueName\":\"search_term_string\"}}],\"inLanguage\":\"fr-FR\"},{\"@type\":\"Organization\",\"@id\":\"https:\/\/femivoz.es\/fr\/#organization\",\"name\":\"FEMIVOZ\",\"url\":\"https:\/\/femivoz.es\/fr\/\",\"logo\":{\"@type\":\"ImageObject\",\"inLanguage\":\"fr-FR\",\"@id\":\"https:\/\/femivoz.es\/fr\/#\/schema\/logo\/image\/\",\"url\":\"https:\/\/femivoz.es\/wp-content\/uploads\/2018\/05\/Logo-femivoz-2018-HD-B.png\",\"contentUrl\":\"https:\/\/femivoz.es\/wp-content\/uploads\/2018\/05\/Logo-femivoz-2018-HD-B.png\",\"width\":2210,\"height\":658,\"caption\":\"FEMIVOZ\"},\"image\":{\"@id\":\"https:\/\/femivoz.es\/fr\/#\/schema\/logo\/image\/\"},\"sameAs\":[\"https:\/\/www.facebook.com\/femivoz\",\"https:\/\/x.com\/femivoz\",\"https:\/\/www.instagram.com\/femivoz\/\",\"https:\/\/www.linkedin.com\/in\/femivoz-mariela-astudillo-1401ab21a\/\",\"https:\/\/www.youtube.com\/channel\/UC33Zf-WKvD_Gd_tosA47SFw\"]}]}<\/script>\n<!-- \/ Yoast SEO Premium plugin. -->","yoast_head_json":{"title":"Master Class F\u00e9minisation de la voix | 5h de formation en ligne","description":"Masterclass F\u00e9minisation de la voix individuelle de 5h en ligne avec Mariela Astudillo pour logop\u00e8des, orthophonistes, vocologistes et \u00e9tudiant.e.x.s.","robots":{"index":"index","follow":"follow","max-snippet":"max-snippet:-1","max-image-preview":"max-image-preview:large","max-video-preview":"max-video-preview:-1"},"canonical":"https:\/\/femivoz.es\/fr\/producto\/master-class-la-feminisation-de-la-voix\/","og_locale":"fr_FR","og_type":"article","og_title":"MASTER CLASS : LA F\u00c9MINISATION DE LA VOIX","og_description":"Masterclass F\u00e9minisation de la voix individuelle de 5h en ligne avec Mariela Astudillo pour logop\u00e8des, orthophonistes, vocologistes et \u00e9tudiant.e.x.s.","og_url":"https:\/\/femivoz.es\/fr\/producto\/master-class-la-feminisation-de-la-voix\/","og_site_name":"Femivoz","article_publisher":"https:\/\/www.facebook.com\/femivoz","article_modified_time":"2025-09-01T08:54:53+00:00","og_image":[{"width":500,"height":500,"url":"https:\/\/femivoz.es\/wp-content\/uploads\/2022\/04\/46.png","type":"image\/png"}],"twitter_card":"summary_large_image","twitter_site":"@femivoz","twitter_misc":{"Dur\u00e9e de lecture estim\u00e9e":"1 minute"},"schema":{"@context":"https:\/\/schema.org","@graph":[{"@type":"WebPage","@id":"https:\/\/femivoz.es\/fr\/producto\/master-class-la-feminisation-de-la-voix\/","url":"https:\/\/femivoz.es\/fr\/producto\/master-class-la-feminisation-de-la-voix\/","name":"Master Class F\u00e9minisation de la voix | 5h de formation en ligne","isPartOf":{"@id":"https:\/\/femivoz.es\/fr\/#website"},"primaryImageOfPage":{"@id":"https:\/\/femivoz.es\/fr\/producto\/master-class-la-feminisation-de-la-voix\/#primaryimage"},"image":{"@id":"https:\/\/femivoz.es\/fr\/producto\/master-class-la-feminisation-de-la-voix\/#primaryimage"},"thumbnailUrl":"https:\/\/femivoz.es\/wp-content\/uploads\/2022\/04\/46.png","datePublished":"2022-04-03T14:18:31+00:00","dateModified":"2025-09-01T08:54:53+00:00","description":"Masterclass F\u00e9minisation de la voix individuelle de 5h en ligne avec Mariela Astudillo pour logop\u00e8des, orthophonistes, vocologistes et \u00e9tudiant.e.x.s.","breadcrumb":{"@id":"https:\/\/femivoz.es\/fr\/producto\/master-class-la-feminisation-de-la-voix\/#breadcrumb"},"inLanguage":"fr-FR","potentialAction":[{"@type":"ReadAction","target":["https:\/\/femivoz.es\/fr\/producto\/master-class-la-feminisation-de-la-voix\/"]}]},{"@type":"ImageObject","inLanguage":"fr-FR","@id":"https:\/\/femivoz.es\/fr\/producto\/master-class-la-feminisation-de-la-voix\/#primaryimage","url":"https:\/\/femivoz.es\/wp-content\/uploads\/2022\/04\/46.png","contentUrl":"https:\/\/femivoz.es\/wp-content\/uploads\/2022\/04\/46.png","width":500,"height":500,"caption":"Master Class f\u00e9minisation de la voix avec Mariela Astudillo"},{"@type":"BreadcrumbList","@id":"https:\/\/femivoz.es\/fr\/producto\/master-class-la-feminisation-de-la-voix\/#breadcrumb","itemListElement":[{"@type":"ListItem","position":1,"name":"Portada","item":"https:\/\/femivoz.es\/"},{"@type":"ListItem","position":2,"name":"Boutique","item":"https:\/\/femivoz.es\/fr\/boutique\/"},{"@type":"ListItem","position":3,"name":"MASTER CLASS : LA F\u00c9MINISATION DE LA VOIX"}]},{"@type":"WebSite","@id":"https:\/\/femivoz.es\/fr\/#website","url":"https:\/\/femivoz.es\/fr\/","name":"Femivoz","description":"F\u00e9minisation de la voix en ligne avec la logop\u00e8de Mariela Astudillo. S\u00e9ances en ligne. 1\u00ba RDV Gratuit.","publisher":{"@id":"https:\/\/femivoz.es\/fr\/#organization"},"potentialAction":[{"@type":"SearchAction","target":{"@type":"EntryPoint","urlTemplate":"https:\/\/femivoz.es\/fr\/?s={search_term_string}"},"query-input":{"@type":"PropertyValueSpecification","valueRequired":true,"valueName":"search_term_string"}}],"inLanguage":"fr-FR"},{"@type":"Organization","@id":"https:\/\/femivoz.es\/fr\/#organization","name":"FEMIVOZ","url":"https:\/\/femivoz.es\/fr\/","logo":{"@type":"ImageObject","inLanguage":"fr-FR","@id":"https:\/\/femivoz.es\/fr\/#\/schema\/logo\/image\/","url":"https:\/\/femivoz.es\/wp-content\/uploads\/2018\/05\/Logo-femivoz-2018-HD-B.png","contentUrl":"https:\/\/femivoz.es\/wp-content\/uploads\/2018\/05\/Logo-femivoz-2018-HD-B.png","width":2210,"height":658,"caption":"FEMIVOZ"},"image":{"@id":"https:\/\/femivoz.es\/fr\/#\/schema\/logo\/image\/"},"sameAs":["https:\/\/www.facebook.com\/femivoz","https:\/\/x.com\/femivoz","https:\/\/www.instagram.com\/femivoz\/","https:\/\/www.linkedin.com\/in\/femivoz-mariela-astudillo-1401ab21a\/","https:\/\/www.youtube.com\/channel\/UC33Zf-WKvD_Gd_tosA47SFw"]}]}},"_links":{"self":[{"href":"https:\/\/femivoz.es\/fr\/wp-json\/wp\/v2\/product\/39161","targetHints":{"allow":["GET"]}}],"collection":[{"href":"https:\/\/femivoz.es\/fr\/wp-json\/wp\/v2\/product"}],"about":[{"href":"https:\/\/femivoz.es\/fr\/wp-json\/wp\/v2\/types\/product"}],"wp:featuredmedia":[{"embeddable":true,"href":"https:\/\/femivoz.es\/fr\/wp-json\/wp\/v2\/media\/38479"}],"wp:attachment":[{"href":"https:\/\/femivoz.es\/fr\/wp-json\/wp\/v2\/media?parent=39161"}],"wp:term":[{"taxonomy":"product_brand","embeddable":true,"href":"https:\/\/femivoz.es\/fr\/wp-json\/wp\/v2\/product_brand?post=39161"},{"taxonomy":"product_cat","embeddable":true,"href":"https:\/\/femivoz.es\/fr\/wp-json\/wp\/v2\/product_cat?post=39161"},{"taxonomy":"product_tag","embeddable":true,"href":"https:\/\/femivoz.es\/fr\/wp-json\/wp\/v2\/product_tag?post=39161"}],"curies":[{"name":"wp","href":"https:\/\/api.w.org\/{rel}","templated":true}]}}