{"id":56890,"date":"2025-09-18T11:15:27","date_gmt":"2025-09-18T11:15:27","guid":{"rendered":"https:\/\/femivoz.es\/?post_type=product&#038;p=56890"},"modified":"2026-01-11T09:50:28","modified_gmt":"2026-01-11T09:50:28","slug":"formation-2025","status":"publish","type":"product","link":"https:\/\/femivoz.es\/fr\/producto\/formation-2025\/","title":{"rendered":"FORMATION 2025"},"content":{"rendered":"<h2><strong>Samedi 11 octobre 2025 | <span style=\"color: #808080;\">9h-17h30<\/span><\/strong><\/h2>\n<p>Formatrice: <strong>MARIELA ASTUDILLO<\/strong><\/p>\n<hr \/>\n<h3 class=\"cvGsUA direction-ltr align-start para-style-body\"><strong><span class=\"a_GcMg font-feature-liga-off font-feature-clig-off font-feature-calt-off text-decoration-none text-strikethrough-none\" style=\"color: #fc0064;\"><span style=\"color: #333333;\">9h-10h<\/span> INTRODUCTION &#8211; CONCEPTS PR\u00c9LIMINAIRES<\/span><\/strong><\/h3>\n<ul>\n<li data-start=\"43\" data-end=\"89\">Concepts de <strong data-start=\"43\" data-end=\"87\">sexe, de genre et d\u2019identit\u00e9<\/strong><\/li>\n<li data-start=\"92\" data-end=\"139\">La <strong data-start=\"92\" data-end=\"137\">logop\u00e9die \u00e9motionnelle<\/strong> et<strong data-start=\"92\" data-end=\"137\"> identitaire<\/strong><\/li>\n<li data-start=\"142\" data-end=\"170\">La <strong data-start=\"142\" data-end=\"168\">logop\u00e9die LGBTQIA+<\/strong> : le besoin de sp\u00e9cialisation<\/li>\n<\/ul>\n<h3><\/h3>\n<h3 class=\"cvGsUA direction-ltr align-start para-style-body\"><strong><span style=\"color: #fc0064;\"><span style=\"color: #333333;\">10h-11h<\/span> PROFILS &amp; DEMANDES<\/span><\/strong><\/h3>\n<ul>\n<li data-start=\"43\" data-end=\"151\">La <strong data-start=\"43\" data-end=\"149\">diversit\u00e9 identitaire : <\/strong>f\u00e9minisation, neutralisation, androgynisation, caract\u00e9risation de la voix&#8230;<\/li>\n<li data-start=\"43\" data-end=\"151\"><strong>Profils :<\/strong> personnes trans, non-binaires, intersexu\u00e9es, transformistes, androgynes&#8230;<\/li>\n<li data-start=\"154\" data-end=\"191\">Le<strong data-start=\"154\" data-end=\"189\"> r\u00e9ajustement voco-\u00e9motionnel<\/strong> (personn cisgenre)<\/li>\n<li data-start=\"194\" data-end=\"252\">eLes voix virilis\u00e9es par la consommation de<strong data-start=\"194\" data-end=\"250\"> st\u00e9ro\u00efdes<\/strong><\/li>\n<li data-start=\"255\" data-end=\"291\"><strong data-start=\"255\" data-end=\"289\">\u00c2ge <\/strong>et <strong data-start=\"255\" data-end=\"289\">f\u00e9minisation de la voix<\/strong> : voix adolescente, adulte et senior<\/li>\n<\/ul>\n<h3><\/h3>\n<h3 class=\"cvGsUA direction-ltr align-start para-style-body\"><strong><span class=\"a_GcMg font-feature-liga-off font-feature-clig-off font-feature-calt-off text-decoration-none text-strikethrough-none\" style=\"color: #fc0064;\"><span style=\"color: #333333;\">11h-12h<\/span> M\u00c9THODOLOGIE<\/span><\/strong><\/h3>\n<ul>\n<li data-start=\"43\" data-end=\"114\">La <strong data-start=\"43\" data-end=\"112\">M\u00e9thode Astudillo : <\/strong>qu\u2019est-ce que la f\u00e9minisation de la voix ?<\/li>\n<li data-start=\"117\" data-end=\"158\">Les <strong data-start=\"117\" data-end=\"156\">piliers <\/strong>de l\u2019entra\u00eenement vocal<\/li>\n<li data-start=\"161\" data-end=\"201\">Les <strong data-start=\"161\" data-end=\"199\">phases <\/strong>de l\u2019entra\u00eenement vocal<\/li>\n<li data-start=\"204\" data-end=\"230\">Les <strong data-start=\"204\" data-end=\"228\">voies <\/strong>de travail<\/li>\n<li data-start=\"233\" data-end=\"259\">La <strong data-start=\"233\" data-end=\"257\">voix \u00e9motionnelle<\/strong><\/li>\n<li data-start=\"262\" data-end=\"299\"><strong data-start=\"262\" data-end=\"297\">Identit\u00e9 <\/strong>et <strong data-start=\"262\" data-end=\"297\">personnalit\u00e9<\/strong> vocale<\/li>\n<\/ul>\n<h3 class=\"cvGsUA direction-ltr align-start para-style-body\"><strong><span class=\"a_GcMg font-feature-liga-off font-feature-clig-off font-feature-calt-off text-decoration-none text-strikethrough-none\" style=\"color: #fc0064;\"><span style=\"color: #333333;\">12h-13h<\/span> VOIX LGBTQIA+ &amp; SANT\u00c9 VOCALE<\/span><\/strong><\/h3>\n<ul>\n<li class=\"cvGsUA direction-ltr align-start para-style-body\"><b>Optimisation <\/b>et<b> r\u00e9\u00e9ducation <\/b>li\u00e9es aux voix LGBTQIA+<\/li>\n<li><b>Hygi\u00e8ne vocale <\/b>sp\u00e9cifique<\/li>\n<li><strong>Chirurgies<\/strong> d&rsquo;augmentation tonale<\/li>\n<\/ul>\n<hr \/>\n<h3 class=\"cvGsUA direction-ltr align-start para-style-body\"><strong><span style=\"color: #fc0064;\"><span class=\"a_GcMg font-feature-liga-off font-feature-clig-off font-feature-calt-off text-decoration-none text-strikethrough-none\">13h-14h30 <span style=\"color: #000000;\">PAUSE MIDI<\/span><\/span><\/span><\/strong><\/h3>\n<hr \/>\n<h3 class=\"cvGsUA direction-ltr align-start para-style-body\"><span style=\"color: #fc0064;\"><strong><span class=\"a_GcMg font-feature-liga-off font-feature-clig-off font-feature-calt-off text-decoration-none text-strikethrough-none\"><span style=\"color: #333333;\">14H30-15H30<\/span> I<\/span><\/strong><\/span><strong><span class=\"a_GcMg font-feature-liga-off font-feature-clig-off font-feature-calt-off text-decoration-none text-strikethrough-none\" style=\"color: #fc0064;\">NTERVENTION &amp; MAT\u00c9RIEL<\/span><\/strong><\/h3>\n<ul>\n<li data-start=\"47\" data-end=\"73\"><strong data-start=\"47\" data-end=\"71\">Exercices<\/strong><\/li>\n<li data-start=\"76\" data-end=\"107\"><strong data-start=\"76\" data-end=\"105\">Mat\u00e9riel <\/strong>pour les s\u00e9ances<\/li>\n<li data-start=\"110\" data-end=\"136\"><strong data-start=\"110\" data-end=\"134\">Applications mobiles<\/strong><\/li>\n<li data-start=\"139\" data-end=\"182\"><strong data-start=\"139\" data-end=\"180\">Organisation et modalit\u00e9s<\/strong> des s\u00e9ances<\/li>\n<li data-start=\"139\" data-end=\"182\"><strong data-start=\"185\" data-end=\"197\">Anamn\u00e8se<\/strong><\/li>\n<\/ul>\n<h3 class=\"cvGsUA direction-ltr align-start para-style-body\"><span style=\"color: #fc0064;\"><strong><span class=\"a_GcMg font-feature-liga-off font-feature-clig-off font-feature-calt-off text-decoration-none text-strikethrough-none\"><span style=\"color: #333333;\">15H30-16H30<\/span> ANALYSE DES R\u00c9SULTATS<\/span><\/strong><\/span><\/h3>\n<ul>\n<li><strong>\u00c9tude de cas<\/strong><\/li>\n<li class=\"cvGsUA direction-ltr align-start para-style-body\"><span class=\"a_GcMg font-feature-liga-off font-feature-clig-off font-feature-calt-off text-decoration-none text-strikethrough-none\">Avant-apr\u00e8s<\/span><\/li>\n<\/ul>\n<h3 class=\"cvGsUA direction-ltr align-start para-style-body\"><strong><span style=\"color: #fc0064;\"><span class=\"a_GcMg font-feature-liga-off font-feature-clig-off font-feature-calt-off text-decoration-none text-strikethrough-none\" style=\"color: #333333;\">16H30-17H30 <\/span><\/span><\/strong><span style=\"color: #fc0064;\"><strong><span class=\"a_GcMg font-feature-liga-off font-feature-clig-off font-feature-calt-off text-decoration-none text-strikethrough-none\">ATELIER<\/span><\/strong><\/span><\/h3>\n<ul>\n<li><strong>Atelier pratique<\/strong><\/li>\n<li><strong>Questions<\/strong><\/li>\n<li><strong>Aide<\/strong> \u00e0 la pratique<\/li>\n<\/ul>\n<hr \/>\n<h3><\/h3>\n<h3 class=\"cvGsUA direction-ltr align-start para-style-body\"><span style=\"color: #fc0064;\"><strong><span class=\"a_GcMg font-feature-liga-off font-feature-clig-off font-feature-calt-off text-decoration-none text-strikethrough-none\">SUGGESTION<\/span><\/strong><\/span><\/h3>\n<ul>\n<li><span data-start=\"54\" data-end=\"231\">Vous pouvez <\/span><em data-start=\"54\" data-end=\"231\">acqu\u00e9rir le livre \u00ab <a href=\"https:\/\/femivoz.es\/fr\/producto\/manuel-de-feminisation-de-la-voix-ebook\/\">Manuel de f\u00e9minisation de la voix<\/a> \u00bb (en version ebook) pour accompagner cette formation car il constitue un compl\u00e9ment th\u00e9orique important. <\/em> <strong><em data-start=\"237\" data-end=\"278\">\u2013 10 % de r\u00e9duction avec le code promo <a href=\"https:\/\/femivoz.es\/fr\/producto\/manuel-de-feminisation-de-la-voix-ebook\/\">MAN25<\/a><\/em><\/strong><\/li>\n<\/ul>\n","protected":false},"excerpt":{"rendered":"<p data-start=\"46\" data-end=\"96\"><strong data-start=\"46\" data-end=\"94\">Disponible dans toutes les r\u00e9gions du monde.<\/strong><\/p>\n<h2 data-start=\"98\" data-end=\"291\"><strong data-start=\"98\" data-end=\"139\">FORMATION DE 10 HEURES en visioconf\u00e9rence<\/strong> avec la logop\u00e8de <strong data-start=\"159\" data-end=\"180\">Mariela Astudillo.<\/strong><\/h2>\n<p data-start=\"98\" data-end=\"291\"><em>La formation peut \u00eatre r\u00e9gl\u00e9e par carte bancaire, PayPal ou virement bancaire.<\/em><\/p>\n<p data-start=\"293\" data-end=\"369\"><em><span style=\"color: #fc0064;\">En commandant cette formation, vous acceptez les <strong data-start=\"333\" data-end=\"366\">Conditions G\u00e9n\u00e9rales de Vente<\/strong>.<\/span><\/em><\/p>\n","protected":false},"featured_media":56892,"template":"","meta":{"_acf_changed":false},"product_brand":[],"product_cat":[726],"product_tag":[],"class_list":{"0":"post-56890","1":"product","2":"type-product","3":"status-publish","4":"has-post-thumbnail","6":"product_cat-formation-en-ligne","8":"first","9":"outofstock","10":"virtual","11":"taxable","12":"purchasable","13":"product-type-simple"},"acf":[],"yoast_head":"<!-- This site is optimized with the Yoast SEO Premium plugin v19.6 (Yoast SEO v26.7) - https:\/\/yoast.com\/wordpress\/plugins\/seo\/ -->\n<title>FORMATION 2025 - Femivoz<\/title>\n<meta name=\"robots\" content=\"index, follow, max-snippet:-1, max-image-preview:large, max-video-preview:-1\" \/>\n<link rel=\"canonical\" href=\"https:\/\/femivoz.es\/fr\/producto\/formation-2025\/\" \/>\n<meta property=\"og:locale\" content=\"fr_FR\" \/>\n<meta property=\"og:type\" content=\"article\" \/>\n<meta property=\"og:title\" content=\"FORMATION 2025\" \/>\n<meta property=\"og:description\" content=\"Disponible dans toutes les r\u00e9gions du monde.  FORMATION DE 10 HEURES en visioconf\u00e9rence avec la logop\u00e8de Mariela Astudillo. La formation peut \u00eatre r\u00e9gl\u00e9e par carte bancaire, PayPal ou virement bancaire. En commandant cette formation, vous acceptez les Conditions G\u00e9n\u00e9rales de Vente.\" \/>\n<meta property=\"og:url\" content=\"https:\/\/femivoz.es\/fr\/producto\/formation-2025\/\" \/>\n<meta property=\"og:site_name\" content=\"Femivoz\" \/>\n<meta property=\"article:publisher\" content=\"https:\/\/www.facebook.com\/femivoz\" \/>\n<meta property=\"article:modified_time\" content=\"2026-01-11T09:50:28+00:00\" \/>\n<meta property=\"og:image\" content=\"https:\/\/femivoz.es\/wp-content\/uploads\/BONOSFORFAITS-7.png\" \/>\n\t<meta property=\"og:image:width\" content=\"563\" \/>\n\t<meta property=\"og:image:height\" content=\"563\" \/>\n\t<meta property=\"og:image:type\" content=\"image\/png\" \/>\n<meta name=\"twitter:card\" content=\"summary_large_image\" \/>\n<meta name=\"twitter:site\" content=\"@femivoz\" \/>\n<meta name=\"twitter:label1\" content=\"Dur\u00e9e de lecture estim\u00e9e\" \/>\n\t<meta name=\"twitter:data1\" content=\"1 minute\" \/>\n<script type=\"application\/ld+json\" class=\"yoast-schema-graph\">{\"@context\":\"https:\/\/schema.org\",\"@graph\":[{\"@type\":\"WebPage\",\"@id\":\"https:\/\/femivoz.es\/fr\/producto\/formation-2025\/\",\"url\":\"https:\/\/femivoz.es\/fr\/producto\/formation-2025\/\",\"name\":\"FORMATION 2025 - Femivoz\",\"isPartOf\":{\"@id\":\"https:\/\/femivoz.es\/fr\/#website\"},\"primaryImageOfPage\":{\"@id\":\"https:\/\/femivoz.es\/fr\/producto\/formation-2025\/#primaryimage\"},\"image\":{\"@id\":\"https:\/\/femivoz.es\/fr\/producto\/formation-2025\/#primaryimage\"},\"thumbnailUrl\":\"https:\/\/femivoz.es\/wp-content\/uploads\/BONOSFORFAITS-7.png\",\"datePublished\":\"2025-09-18T11:15:27+00:00\",\"dateModified\":\"2026-01-11T09:50:28+00:00\",\"breadcrumb\":{\"@id\":\"https:\/\/femivoz.es\/fr\/producto\/formation-2025\/#breadcrumb\"},\"inLanguage\":\"fr-FR\",\"potentialAction\":[{\"@type\":\"ReadAction\",\"target\":[\"https:\/\/femivoz.es\/fr\/producto\/formation-2025\/\"]}]},{\"@type\":\"ImageObject\",\"inLanguage\":\"fr-FR\",\"@id\":\"https:\/\/femivoz.es\/fr\/producto\/formation-2025\/#primaryimage\",\"url\":\"https:\/\/femivoz.es\/wp-content\/uploads\/BONOSFORFAITS-7.png\",\"contentUrl\":\"https:\/\/femivoz.es\/wp-content\/uploads\/BONOSFORFAITS-7.png\",\"width\":563,\"height\":563,\"caption\":\"formation_f\u00e9minisation_de_la_voix_2025\"},{\"@type\":\"BreadcrumbList\",\"@id\":\"https:\/\/femivoz.es\/fr\/producto\/formation-2025\/#breadcrumb\",\"itemListElement\":[{\"@type\":\"ListItem\",\"position\":1,\"name\":\"Portada\",\"item\":\"https:\/\/femivoz.es\/\"},{\"@type\":\"ListItem\",\"position\":2,\"name\":\"Boutique\",\"item\":\"https:\/\/femivoz.es\/fr\/boutique\/\"},{\"@type\":\"ListItem\",\"position\":3,\"name\":\"FORMATION 2025\"}]},{\"@type\":\"WebSite\",\"@id\":\"https:\/\/femivoz.es\/fr\/#website\",\"url\":\"https:\/\/femivoz.es\/fr\/\",\"name\":\"Femivoz\",\"description\":\"F\u00e9minisation de la voix en ligne avec la logop\u00e8de Mariela Astudillo. S\u00e9ances en ligne. 1\u00ba RDV Gratuit.\",\"publisher\":{\"@id\":\"https:\/\/femivoz.es\/fr\/#organization\"},\"potentialAction\":[{\"@type\":\"SearchAction\",\"target\":{\"@type\":\"EntryPoint\",\"urlTemplate\":\"https:\/\/femivoz.es\/fr\/?s={search_term_string}\"},\"query-input\":{\"@type\":\"PropertyValueSpecification\",\"valueRequired\":true,\"valueName\":\"search_term_string\"}}],\"inLanguage\":\"fr-FR\"},{\"@type\":\"Organization\",\"@id\":\"https:\/\/femivoz.es\/fr\/#organization\",\"name\":\"FEMIVOZ\",\"url\":\"https:\/\/femivoz.es\/fr\/\",\"logo\":{\"@type\":\"ImageObject\",\"inLanguage\":\"fr-FR\",\"@id\":\"https:\/\/femivoz.es\/fr\/#\/schema\/logo\/image\/\",\"url\":\"https:\/\/femivoz.es\/wp-content\/uploads\/2018\/05\/Logo-femivoz-2018-HD-B.png\",\"contentUrl\":\"https:\/\/femivoz.es\/wp-content\/uploads\/2018\/05\/Logo-femivoz-2018-HD-B.png\",\"width\":2210,\"height\":658,\"caption\":\"FEMIVOZ\"},\"image\":{\"@id\":\"https:\/\/femivoz.es\/fr\/#\/schema\/logo\/image\/\"},\"sameAs\":[\"https:\/\/www.facebook.com\/femivoz\",\"https:\/\/x.com\/femivoz\",\"https:\/\/www.instagram.com\/femivoz\/\",\"https:\/\/www.linkedin.com\/in\/femivoz-mariela-astudillo-1401ab21a\/\",\"https:\/\/www.youtube.com\/channel\/UC33Zf-WKvD_Gd_tosA47SFw\"]}]}<\/script>\n<!-- \/ Yoast SEO Premium plugin. -->","yoast_head_json":{"title":"FORMATION 2025 - Femivoz","robots":{"index":"index","follow":"follow","max-snippet":"max-snippet:-1","max-image-preview":"max-image-preview:large","max-video-preview":"max-video-preview:-1"},"canonical":"https:\/\/femivoz.es\/fr\/producto\/formation-2025\/","og_locale":"fr_FR","og_type":"article","og_title":"FORMATION 2025","og_description":"Disponible dans toutes les r\u00e9gions du monde.  FORMATION DE 10 HEURES en visioconf\u00e9rence avec la logop\u00e8de Mariela Astudillo. La formation peut \u00eatre r\u00e9gl\u00e9e par carte bancaire, PayPal ou virement bancaire. En commandant cette formation, vous acceptez les Conditions G\u00e9n\u00e9rales de Vente.","og_url":"https:\/\/femivoz.es\/fr\/producto\/formation-2025\/","og_site_name":"Femivoz","article_publisher":"https:\/\/www.facebook.com\/femivoz","article_modified_time":"2026-01-11T09:50:28+00:00","og_image":[{"width":563,"height":563,"url":"https:\/\/femivoz.es\/wp-content\/uploads\/BONOSFORFAITS-7.png","type":"image\/png"}],"twitter_card":"summary_large_image","twitter_site":"@femivoz","twitter_misc":{"Dur\u00e9e de lecture estim\u00e9e":"1 minute"},"schema":{"@context":"https:\/\/schema.org","@graph":[{"@type":"WebPage","@id":"https:\/\/femivoz.es\/fr\/producto\/formation-2025\/","url":"https:\/\/femivoz.es\/fr\/producto\/formation-2025\/","name":"FORMATION 2025 - Femivoz","isPartOf":{"@id":"https:\/\/femivoz.es\/fr\/#website"},"primaryImageOfPage":{"@id":"https:\/\/femivoz.es\/fr\/producto\/formation-2025\/#primaryimage"},"image":{"@id":"https:\/\/femivoz.es\/fr\/producto\/formation-2025\/#primaryimage"},"thumbnailUrl":"https:\/\/femivoz.es\/wp-content\/uploads\/BONOSFORFAITS-7.png","datePublished":"2025-09-18T11:15:27+00:00","dateModified":"2026-01-11T09:50:28+00:00","breadcrumb":{"@id":"https:\/\/femivoz.es\/fr\/producto\/formation-2025\/#breadcrumb"},"inLanguage":"fr-FR","potentialAction":[{"@type":"ReadAction","target":["https:\/\/femivoz.es\/fr\/producto\/formation-2025\/"]}]},{"@type":"ImageObject","inLanguage":"fr-FR","@id":"https:\/\/femivoz.es\/fr\/producto\/formation-2025\/#primaryimage","url":"https:\/\/femivoz.es\/wp-content\/uploads\/BONOSFORFAITS-7.png","contentUrl":"https:\/\/femivoz.es\/wp-content\/uploads\/BONOSFORFAITS-7.png","width":563,"height":563,"caption":"formation_f\u00e9minisation_de_la_voix_2025"},{"@type":"BreadcrumbList","@id":"https:\/\/femivoz.es\/fr\/producto\/formation-2025\/#breadcrumb","itemListElement":[{"@type":"ListItem","position":1,"name":"Portada","item":"https:\/\/femivoz.es\/"},{"@type":"ListItem","position":2,"name":"Boutique","item":"https:\/\/femivoz.es\/fr\/boutique\/"},{"@type":"ListItem","position":3,"name":"FORMATION 2025"}]},{"@type":"WebSite","@id":"https:\/\/femivoz.es\/fr\/#website","url":"https:\/\/femivoz.es\/fr\/","name":"Femivoz","description":"F\u00e9minisation de la voix en ligne avec la logop\u00e8de Mariela Astudillo. S\u00e9ances en ligne. 1\u00ba RDV Gratuit.","publisher":{"@id":"https:\/\/femivoz.es\/fr\/#organization"},"potentialAction":[{"@type":"SearchAction","target":{"@type":"EntryPoint","urlTemplate":"https:\/\/femivoz.es\/fr\/?s={search_term_string}"},"query-input":{"@type":"PropertyValueSpecification","valueRequired":true,"valueName":"search_term_string"}}],"inLanguage":"fr-FR"},{"@type":"Organization","@id":"https:\/\/femivoz.es\/fr\/#organization","name":"FEMIVOZ","url":"https:\/\/femivoz.es\/fr\/","logo":{"@type":"ImageObject","inLanguage":"fr-FR","@id":"https:\/\/femivoz.es\/fr\/#\/schema\/logo\/image\/","url":"https:\/\/femivoz.es\/wp-content\/uploads\/2018\/05\/Logo-femivoz-2018-HD-B.png","contentUrl":"https:\/\/femivoz.es\/wp-content\/uploads\/2018\/05\/Logo-femivoz-2018-HD-B.png","width":2210,"height":658,"caption":"FEMIVOZ"},"image":{"@id":"https:\/\/femivoz.es\/fr\/#\/schema\/logo\/image\/"},"sameAs":["https:\/\/www.facebook.com\/femivoz","https:\/\/x.com\/femivoz","https:\/\/www.instagram.com\/femivoz\/","https:\/\/www.linkedin.com\/in\/femivoz-mariela-astudillo-1401ab21a\/","https:\/\/www.youtube.com\/channel\/UC33Zf-WKvD_Gd_tosA47SFw"]}]}},"_links":{"self":[{"href":"https:\/\/femivoz.es\/fr\/wp-json\/wp\/v2\/product\/56890","targetHints":{"allow":["GET"]}}],"collection":[{"href":"https:\/\/femivoz.es\/fr\/wp-json\/wp\/v2\/product"}],"about":[{"href":"https:\/\/femivoz.es\/fr\/wp-json\/wp\/v2\/types\/product"}],"wp:featuredmedia":[{"embeddable":true,"href":"https:\/\/femivoz.es\/fr\/wp-json\/wp\/v2\/media\/56892"}],"wp:attachment":[{"href":"https:\/\/femivoz.es\/fr\/wp-json\/wp\/v2\/media?parent=56890"}],"wp:term":[{"taxonomy":"product_brand","embeddable":true,"href":"https:\/\/femivoz.es\/fr\/wp-json\/wp\/v2\/product_brand?post=56890"},{"taxonomy":"product_cat","embeddable":true,"href":"https:\/\/femivoz.es\/fr\/wp-json\/wp\/v2\/product_cat?post=56890"},{"taxonomy":"product_tag","embeddable":true,"href":"https:\/\/femivoz.es\/fr\/wp-json\/wp\/v2\/product_tag?post=56890"}],"curies":[{"name":"wp","href":"https:\/\/api.w.org\/{rel}","templated":true}]}}